{"id":19161,"date":"2026-08-29T12:48:38","date_gmt":"2026-08-29T12:48:38","guid":{"rendered":"https:\/\/aeprilclinics.nl\/longevidade-saude-vitalidade-e-bem-estar-para-os-funcionarios\/"},"modified":"2026-08-30T16:22:10","modified_gmt":"2026-08-30T16:22:10","slug":"longevidade-saude-vitalidade-e-bem-estar-para-os-funcionarios","status":"publish","type":"page","link":"https:\/\/aeprilclinics.nl\/pt-br\/longevidade-saude-vitalidade-e-bem-estar-para-os-funcionarios\/","title":{"rendered":"Longevity: Programa de vitalidade para os funcion\u00e1rios"},"content":{"rendered":"\n<div class=\"wp-block-media-text has-media-on-the-right is-stacked-on-mobile is-image-fill-element\" style=\"margin-bottom:var(--wp--preset--spacing--60);grid-template-columns:auto 53%\"><div class=\"wp-block-media-text__content\">\n<h5 class=\"wp-block-heading\">Cl\u00ednicas April para empresas<\/h5>\n\n\n\n<h2 class=\"wp-block-heading\">Programa de longevidade, sa\u00fade e vitalidade para os funcion\u00e1rios<\/h2>\n\n\n\n<p class=\"wp-block-paragraph\">A Aepril Clinics ajuda empresas e organiza\u00e7\u00f5es que querem investir na sa\u00fade, vitalidade, bem-estar e empregabilidade sustent\u00e1vel de seus funcion\u00e1rios. Nossa abordagem vai al\u00e9m do fitness corporativo tradicional ou de um programa de vitalidade pontual. Combinamos <strong>conhecimento m\u00e9dico, orienta\u00e7\u00e3o de estilo de vida, <a href=\"https:\/\/aeprilclinics.nl\/pt-br\/soort-behandeling\/perda-de-peso-medica\/\" data-type=\"soort-behandeling\" data-id=\"113\">controle de peso com acompanhamento m\u00e9dico,<\/a> treinamento f\u00edsico e coaching de alto desempenho<\/strong> em programas personalizados de acordo com as necessidades dos funcion\u00e1rios, equipes e l\u00edderes.    <\/p>\n\n\n\n<p class=\"wp-block-paragraph\">Desde um plano de sa\u00fade personalizado para os funcion\u00e1rios at\u00e9 um acompanhamento intensivo da diretoria e da alta ger\u00eancia: junto com a sua organiza\u00e7\u00e3o, a gente desenvolve um programa que se adapta ao seu pessoal, \u00e0s suas metas e \u00e0s suas ambi\u00e7\u00f5es. Pessoas mais saud\u00e1veis. Equipes mais fortes. Desempenho sustent\u00e1vel.   <\/p>\n\n\n\n<p class=\"wp-block-paragraph\">Voc\u00ea est\u00e1 procurando um <a href=\"https:\/\/aeprilclinics.nl\/pt-br\/parceiro-medico-para-vitalidade-e-longevidade\/\" data-type=\"page\" data-id=\"19056\">parceiro na \u00e1rea m\u00e9dica ou <\/a>quer saber mais sobre <a href=\"https:\/\/aeprilclinics.nl\/locatie\/aepril-voor-bedrijven\/\" data-type=\"locatie\" data-id=\"281\">a Aepril Clincis para empresas?<\/a><\/p>\n\n\n\n<h2 class=\"wp-block-heading\">Funcion\u00e1rios saud\u00e1veis, organiza\u00e7\u00f5es saud\u00e1veis<\/h2>\n\n\n\n<p class=\"wp-block-paragraph\">As empresas est\u00e3o investindo cada vez mais na sa\u00fade e na vitalidade dos seus funcion\u00e1rios. Isso n\u00e3o \u00e9 nenhuma surpresa. Trabalho e sa\u00fade est\u00e3o intimamente ligados. Alimenta\u00e7\u00e3o, atividade f\u00edsica, peso, sono, estresse, recupera\u00e7\u00e3o e condicionamento f\u00edsico \u2014 tudo isso influencia como as pessoas se sentem e funcionam. Ao mesmo tempo, as necessidades dos funcion\u00e1rios variam bastante. Enquanto um funcion\u00e1rio quer manter um peso saud\u00e1vel, outro quer ficar mais em forma, se movimentar mais, ficar mais forte ou cuidar de forma mais consistente da alimenta\u00e7\u00e3o, do sono e da recupera\u00e7\u00e3o. Outros, por sua vez, querem se concentrar na efic\u00e1cia pessoal, no foco, na lideran\u00e7a, na colabora\u00e7\u00e3o ou em lidar com responsabilidades e press\u00e3o.      <\/p>\n\n\n\n<p class=\"wp-block-paragraph\">\u00c9 por isso que a Aepril Clinics oferece \u00e0s empresas acesso a <strong>programas personalizados de sa\u00fade e desempenho, com acompanhamento profissional<\/strong>. N\u00e3o nos limitamos a analisar o que a pessoa quer mudar hoje, mas, principalmente, como \u00e9 poss\u00edvel manter o desenvolvimento e as melhorias na sa\u00fade a longo prazo. <\/p>\n<\/div><figure class=\"wp-block-media-text__media\"><img loading=\"lazy\" decoding=\"async\" width=\"683\" height=\"1024\" src=\"https:\/\/aeprilclinics.nl\/wp-content\/uploads\/2026\/08\/ChatGPT-Image-29-aug-2026-15_40_53-683x1024.png\" alt=\"\" class=\"wp-image-18925 size-full\" style=\"object-position:50% 50%\" srcset=\"https:\/\/aeprilclinics.nl\/wp-content\/uploads\/2026\/08\/ChatGPT-Image-29-aug-2026-15_40_53-683x1024.png 683w, https:\/\/aeprilclinics.nl\/wp-content\/uploads\/2026\/08\/ChatGPT-Image-29-aug-2026-15_40_53-200x300.png 200w, https:\/\/aeprilclinics.nl\/wp-content\/uploads\/2026\/08\/ChatGPT-Image-29-aug-2026-15_40_53-768x1152.png 768w, https:\/\/aeprilclinics.nl\/wp-content\/uploads\/2026\/08\/ChatGPT-Image-29-aug-2026-15_40_53-180x270.png 180w, https:\/\/aeprilclinics.nl\/wp-content\/uploads\/2026\/08\/ChatGPT-Image-29-aug-2026-15_40_53.png 1024w\" sizes=\"auto, (max-width: 683px) 100vw, 683px\" \/><\/figure><\/div>\n\n<div class=\"wp-block-media-text is-stacked-on-mobile is-image-fill-element\" style=\"margin-bottom:var(--wp--preset--spacing--60)\"><figure class=\"wp-block-media-text__media\"><img loading=\"lazy\" decoding=\"async\" width=\"1024\" height=\"683\" src=\"https:\/\/aeprilclinics.nl\/wp-content\/uploads\/2026\/08\/ChatGPT-Image-29-aug-2026-14_56_17-1-1024x683.png\" alt=\"\" class=\"wp-image-18894 size-full\" style=\"object-position:50% 50%\" srcset=\"https:\/\/aeprilclinics.nl\/wp-content\/uploads\/2026\/08\/ChatGPT-Image-29-aug-2026-14_56_17-1-1024x683.png 1024w, https:\/\/aeprilclinics.nl\/wp-content\/uploads\/2026\/08\/ChatGPT-Image-29-aug-2026-14_56_17-1-300x200.png 300w, https:\/\/aeprilclinics.nl\/wp-content\/uploads\/2026\/08\/ChatGPT-Image-29-aug-2026-14_56_17-1-768x512.png 768w, https:\/\/aeprilclinics.nl\/wp-content\/uploads\/2026\/08\/ChatGPT-Image-29-aug-2026-14_56_17-1-405x270.png 405w, https:\/\/aeprilclinics.nl\/wp-content\/uploads\/2026\/08\/ChatGPT-Image-29-aug-2026-14_56_17-1.png 1536w\" sizes=\"auto, (max-width: 1024px) 100vw, 1024px\" \/><\/figure><div class=\"wp-block-media-text__content\">\n<h5 class=\"wp-block-heading\">o que a gente oferece<\/h5>\n\n\n\n<h2 class=\"wp-block-heading\">O que a Aepril Clinics oferece \u00e0s empresas?<\/h2>\n\n\n\n<p class=\"wp-block-paragraph\">Um programa de sa\u00fade e vitalidade com acompanhamento m\u00e9dico para funcion\u00e1rios que querem cuidar ativamente da pr\u00f3pria sa\u00fade. Dependendo do programa, os participantes podem receber orienta\u00e7\u00e3o nas seguintes \u00e1reas: <\/p>\n\n\n\n<ul class=\"wp-block-list\">\n<li>Sa\u00fade e preven\u00e7\u00e3o;<\/li>\n\n\n\n<li>Alimenta\u00e7\u00e3o e estilo de vida;<\/li>\n\n\n\n<li>Movimento;<\/li>\n\n\n\n<li>Peso;<\/li>\n\n\n\n<li>Composi\u00e7\u00e3o corporal;<\/li>\n\n\n\n<li>Condicionamento f\u00edsico e for\u00e7a;<\/li>\n\n\n\n<li>Sono e recupera\u00e7\u00e3o;<\/li>\n\n\n\n<li>Energia e vitalidade;<\/li>\n\n\n\n<li>H\u00e1bitos saud\u00e1veis e duradouros.<\/li>\n<\/ul>\n\n\n\n<p class=\"wp-block-paragraph\">O programa pode ser oferecido a funcion\u00e1rios individualmente, a equipes espec\u00edficas ou a um grupo mais amplo dentro da organiza\u00e7\u00e3o.<\/p>\n<\/div><\/div>\n\n<div class=\"wp-block-buttons is-content-justification-center is-layout-flex wp-container-core-buttons-is-layout-0aa01211 wp-block-buttons-is-layout-flex\">\n<div class=\"wp-block-button\"><a class=\"wp-block-button__link wp-element-button\" href=\"https:\/\/aeprilclinics.nl\/pt-br\/contato\/\">marque agora uma consulta de orienta\u00e7\u00e3o<\/a><\/div>\n<\/div>\n\n<div style=\"height:50px\" aria-hidden=\"true\" class=\"wp-block-spacer\"><\/div>\n\n<h2 class=\"wp-block-heading has-text-align-center\">Nossos especialistas em Sa\u00fade, Vitalidade e Bem-estar<\/h2>\n\n<p class=\"wp-block-paragraph\">    <div class=\"artsen-block locatie-Utrecht count-4\">\n\t\t            <article class=\"arts-item\" style=\"background: \">\n                <a href=\"https:\/\/aeprilclinics.nl\/pt-br\/arts\/doutor-murin\/\">\n                    <div class=\"article-thumbnail\" style=\"background-image: url(\n\t\t\t\t\thttps:\/\/aeprilclinics.nl\/wp-content\/uploads\/2025\/12\/WhatsApp-Image-2025-12-23-at-17.19.48-1-1024x826.jpeg                            );\"><\/div>\n\n\n                    <div class=\"content\">\n                         <h3>Doutor Murin<\/h3>\n                        <span><p>Utrecht<\/p>\n<\/span>\n                    <\/div>\n                <\/a>\n            <\/article>\n\t\t\t            <article class=\"arts-item\" style=\"background: \">\n                <a href=\"https:\/\/aeprilclinics.nl\/pt-br\/arts\/doutor-sameer\/\">\n                    <div class=\"article-thumbnail\" style=\"background-image: url(\n\t\t\t\t\thttps:\/\/aeprilclinics.nl\/wp-content\/uploads\/2026\/08\/Ontwerp-zonder-titel-1-706x1024.png                            );\"><\/div>\n\n\n                    <div class=\"content\">\n                         <h3>Doutor Sameer<\/h3>\n                        <span><p>Hengelo e Utrecht<\/p>\n<\/span>\n                    <\/div>\n                <\/a>\n            <\/article>\n\t\t\t            <article class=\"arts-item\" style=\"background: \">\n                <a href=\"https:\/\/aeprilclinics.nl\/pt-br\/arts\/dra-layla\/\">\n                    <div class=\"article-thumbnail\" style=\"background-image: url(\n\t\t\t\t\thttps:\/\/aeprilclinics.nl\/wp-content\/uploads\/2026\/07\/WhatsApp-Image-2026-07-14-at-17.23.36-1.jpeg                            );\"><\/div>\n\n\n                    <div class=\"content\">\n                         <h3>Dra. Layla<\/h3>\n                        <span><p>Hengelo e Utrecht<\/p>\n<\/span>\n                    <\/div>\n                <\/a>\n            <\/article>\n\t\t\t            <article class=\"arts-item\" style=\"background: \">\n                <a href=\"https:\/\/aeprilclinics.nl\/pt-br\/arts\/doutora-dorith\/\">\n                    <div class=\"article-thumbnail\" style=\"background-image: url(\n\t\t\t\t\thttps:\/\/aeprilclinics.nl\/wp-content\/uploads\/2025\/10\/PHOTO-2025-10-30-20-47-46-768x1024.jpg                            );\"><\/div>\n\n\n                    <div class=\"content\">\n                         <h3>Doutora Dorith<\/h3>\n                        <span><p>Hengelo e Utrecht<\/p>\n<\/span>\n                    <\/div>\n                <\/a>\n            <\/article>\n\t\t\t        <article class=\"arts-item\">\n            <a href=\"\/team\">\n                <div class=\"article-thumbnail\" style=\"background-image: url('https:\/\/aeprilclinics.nl\/wp-content\/uploads\/2026\/08\/IMG_6257-scaled.jpg');\"><\/div>\n\n\n            <div class=\"content\">\n\n                <h4>Nossa equipe<\/h4>\n\n                <span><\/p>\n\n<p class=\"wp-block-paragraph\">Saiba mais sobre nossa equipe incr\u00edvel de especialistas.<\/p>\n\n<p class=\"wp-block-paragraph\"><\/span>\n            <\/div>\n            <\/a>\n        <\/article>\n            <\/div>\n\t<\/p>\n\n<div class=\"wp-block-cover alignfull is-light\" style=\"margin-top:var(--wp--preset--spacing--60);margin-bottom:var(--wp--preset--spacing--60)\"><span aria-hidden=\"true\" class=\"wp-block-cover__background has-accent-2-background-color has-background-dim-100 has-background-dim\"><\/span><div class=\"wp-block-cover__inner-container has-global-padding is-layout-constrained wp-block-cover-is-layout-constrained\">\n<h5 class=\"wp-block-heading has-text-align-center\">Informa\u00e7\u00f5es<\/h5>\n\n\n\n<h2 class=\"wp-block-heading has-text-align-center\">Informa\u00e7\u00f5es sobre nosso programa de Sa\u00fade, Bem-estar e Vitalidade<\/h2>\n\n\n\n<div class=\"wp-block-columns is-layout-flex wp-container-core-columns-is-layout-6c0c7bf9 wp-block-columns-is-layout-flex\" style=\"margin-top:var(--wp--preset--spacing--40);margin-bottom:var(--wp--preset--spacing--40)\">\n<div class=\"wp-block-column is-layout-flow wp-block-column-is-layout-flow\">\n<div class=\"wp-block-columns is-not-stacked-on-mobile is-layout-flex wp-container-core-columns-is-layout-3a88641f wp-block-columns-is-layout-flex\">\n<div class=\"wp-block-column is-layout-flow wp-block-column-is-layout-flow\" style=\"flex-basis:50px\">\n<figure class=\"wp-block-image size-full\"><img loading=\"lazy\" decoding=\"async\" width=\"300\" height=\"315\" src=\"https:\/\/aeprilclinics.nl\/wp-content\/uploads\/2025\/01\/icon-merk.png\" alt=\"\" class=\"wp-image-1001\" srcset=\"https:\/\/aeprilclinics.nl\/wp-content\/uploads\/2025\/01\/icon-merk.png 300w, https:\/\/aeprilclinics.nl\/wp-content\/uploads\/2025\/01\/icon-merk-286x300.png 286w, https:\/\/aeprilclinics.nl\/wp-content\/uploads\/2025\/01\/icon-merk-257x270.png 257w\" sizes=\"auto, (max-width: 300px) 100vw, 300px\" \/><\/figure>\n<\/div>\n\n\n\n<div class=\"wp-block-column is-layout-flow wp-block-column-is-layout-flow\">\n<h3 class=\"wp-block-heading\">\u00cdndice:<\/h3>\n\n\n\n<ul class=\"wp-block-list\">\n<li>Gerenciamento m\u00e9dico do peso para funcion\u00e1rios<\/li>\n\n\n\n<li>Treino personalizado e exames de sa\u00fade f\u00edsica<\/li>\n\n\n\n<li>Coaching de alto desempenho para equipes<\/li>\n\n\n\n<li>Sa\u00fade e Desempenho para Executivos<\/li>\n<\/ul>\n<\/div>\n<\/div>\n<\/div>\n\n\n\n<div class=\"wp-block-column is-layout-flow wp-block-column-is-layout-flow\">\n<div class=\"wp-block-columns is-not-stacked-on-mobile is-layout-flex wp-container-core-columns-is-layout-3a88641f wp-block-columns-is-layout-flex\">\n<div class=\"wp-block-column is-layout-flow wp-block-column-is-layout-flow\" style=\"flex-basis:50px\">\n<figure class=\"wp-block-image size-full\"><img loading=\"lazy\" decoding=\"async\" width=\"300\" height=\"315\" src=\"https:\/\/aeprilclinics.nl\/wp-content\/uploads\/2025\/01\/icon-behandeltijd.png\" alt=\"\" class=\"wp-image-1002\" srcset=\"https:\/\/aeprilclinics.nl\/wp-content\/uploads\/2025\/01\/icon-behandeltijd.png 300w, https:\/\/aeprilclinics.nl\/wp-content\/uploads\/2025\/01\/icon-behandeltijd-286x300.png 286w, https:\/\/aeprilclinics.nl\/wp-content\/uploads\/2025\/01\/icon-behandeltijd-257x270.png 257w\" sizes=\"auto, (max-width: 300px) 100vw, 300px\" \/><\/figure>\n<\/div>\n\n\n\n<div class=\"wp-block-column is-layout-flow wp-block-column-is-layout-flow\">\n<h3 class=\"wp-block-heading\">Tempo de tratamento<\/h3>\n\n\n\n<p class=\"wp-block-paragraph\">A partir de 3 meses at\u00e9 programas ilimitados<\/p>\n<\/div>\n<\/div>\n<\/div>\n\n\n\n<div class=\"wp-block-column is-layout-flow wp-block-column-is-layout-flow\">\n<div class=\"wp-block-columns is-not-stacked-on-mobile is-layout-flex wp-container-core-columns-is-layout-3a88641f wp-block-columns-is-layout-flex\">\n<div class=\"wp-block-column is-layout-flow wp-block-column-is-layout-flow\" style=\"flex-basis:50px\">\n<figure class=\"wp-block-image size-full\"><img loading=\"lazy\" decoding=\"async\" width=\"61\" height=\"64\" src=\"https:\/\/aeprilclinics.nl\/wp-content\/uploads\/2025\/01\/icon-resultaat.png\" alt=\"\" class=\"wp-image-1003\"\/><\/figure>\n<\/div>\n\n\n\n<div class=\"wp-block-column is-layout-flow wp-block-column-is-layout-flow\">\n<h3 class=\"wp-block-heading\">Resultado<\/h3>\n\n\n\n<p class=\"wp-block-paragraph\">Em at\u00e9 3 meses, com resultados duradouros ap\u00f3s 9 a 12 meses<\/p>\n<\/div>\n<\/div>\n<\/div>\n\n\n\n<div class=\"wp-block-column is-layout-flow wp-block-column-is-layout-flow\">\n<div class=\"wp-block-columns is-not-stacked-on-mobile is-layout-flex wp-container-core-columns-is-layout-3a88641f wp-block-columns-is-layout-flex\">\n<div class=\"wp-block-column is-layout-flow wp-block-column-is-layout-flow\" style=\"flex-basis:50px\">\n<figure class=\"wp-block-image size-full\"><img loading=\"lazy\" decoding=\"async\" width=\"300\" height=\"315\" src=\"https:\/\/aeprilclinics.nl\/wp-content\/uploads\/2025\/01\/icon-prijs.png\" alt=\"\" class=\"wp-image-1004\" srcset=\"https:\/\/aeprilclinics.nl\/wp-content\/uploads\/2025\/01\/icon-prijs.png 300w, https:\/\/aeprilclinics.nl\/wp-content\/uploads\/2025\/01\/icon-prijs-286x300.png 286w, https:\/\/aeprilclinics.nl\/wp-content\/uploads\/2025\/01\/icon-prijs-257x270.png 257w\" sizes=\"auto, (max-width: 300px) 100vw, 300px\" \/><\/figure>\n<\/div>\n\n\n\n<div class=\"wp-block-column is-layout-flow wp-block-column-is-layout-flow\">\n<h3 class=\"wp-block-heading\">Custos<\/h3>\n\n\n\n<p class=\"wp-block-paragraph\">Dependem do percurso, do n\u00famero de funcion\u00e1rios e das prefer\u00eancias<\/p>\n<\/div>\n<\/div>\n<\/div>\n<\/div>\n<\/div><\/div>\n\n<div class=\"wp-block-columns is-layout-flex wp-container-core-columns-is-layout-3a88641f wp-block-columns-is-layout-flex\">\n<div class=\"wp-block-column is-layout-flow wp-block-column-is-layout-flow\">\n<h2 class=\"wp-block-heading\">Gerenciamento m\u00e9dico do peso para funcion\u00e1rios<\/h2>\n\n\n\n<p class=\"wp-block-paragraph\">Para funcion\u00e1rios com sobrepeso ou obesidade, oferecemos <a href=\"https:\/\/aeprilclinics.nl\/pt-br\/soort-behandeling\/perda-de-peso-medica\/\" data-type=\"soort-behandeling\" data-id=\"113\">acompanhamento profissional para <\/a>ajudar a atingir e manter um peso mais saud\u00e1vel. Nossa abordagem vai al\u00e9m de um simples plano alimentar. Um plano individual pode incluir acompanhamento m\u00e9dico, orienta\u00e7\u00e3o nutricional, exerc\u00edcios f\u00edsicos, mudan\u00e7as no estilo de vida, medi\u00e7\u00f5es corporais e avalia\u00e7\u00f5es peri\u00f3dicas. Quando houver indica\u00e7\u00e3o m\u00e9dica, um m\u00e9dico tamb\u00e9m pode avaliar se o uso de medicamentos \u00e9 adequado. As decis\u00f5es m\u00e9dicas s\u00e3o sempre tomadas de forma independente entre o m\u00e9dico respons\u00e1vel pelo tratamento e o participante. O empregador n\u00e3o tem influ\u00eancia sobre isso e n\u00e3o recebe informa\u00e7\u00f5es m\u00e9dicas individuais.     <\/p>\n<\/div>\n<\/div>\n\n<div style=\"height:63px\" aria-hidden=\"true\" class=\"wp-block-spacer\"><\/div>\n\n<h2 class=\"wp-block-heading\">Treino personalizado e exames de sa\u00fade f\u00edsica<\/h2>\n\n<p class=\"wp-block-paragraph\">Para as empresas que querem investir ainda mais na sa\u00fade f\u00edsica e no desempenho dos seus funcion\u00e1rios, nossos programas podem ser ampliados com treinamento personalizado. O treinamento \u00e9 adaptado ao n\u00edvel e \u00e0s metas pessoais de cada participante. <\/p>\n\n<p class=\"wp-block-paragraph\">Lembre-se de:<\/p>\n\n<ul class=\"wp-block-list\">\n<li>Melhorar a forma f\u00edsica;<\/li>\n\n\n\n<li>Ganhar for\u00e7a;<\/li>\n\n\n\n<li>Aumentar a capacidade de resist\u00eancia di\u00e1ria;<\/li>\n\n\n\n<li>Melhorar a composi\u00e7\u00e3o corporal;<\/li>\n\n\n\n<li>Ganhar massa muscular;<\/li>\n\n\n\n<li>Praticar mais atividades f\u00edsicas de forma regular;<\/li>\n\n\n\n<li>Exames m\u00e9dicos;<\/li>\n\n\n\n<li>Melhorar o desempenho f\u00edsico geral.<\/li>\n<\/ul>\n\n<p class=\"wp-block-paragraph\">Ao combinar acompanhamento m\u00e9dico, estilo de vida e treinamento f\u00edsico, surge uma abordagem integrada \u00e0 sa\u00fade.<\/p>\n\n<div style=\"height:59px\" aria-hidden=\"true\" class=\"wp-block-spacer\"><\/div>\n\n<h2 class=\"wp-block-heading\">Coaching de Alto Desempenho<\/h2>\n\n<p class=\"wp-block-paragraph\"><strong>Coaching para funcion\u00e1rios, equipes e l\u00edderes<\/strong><br\/><br\/>A sa\u00fade e o desempenho n\u00e3o s\u00e3o determinados apenas por fatores f\u00edsicos. O comportamento, o foco, a colabora\u00e7\u00e3o, a lideran\u00e7a e a maneira como as pessoas lidam com responsabilidades e press\u00e3o tamb\u00e9m t\u00eam um papel importante. Por isso, <strong>o coaching de alto desempenho<\/strong> pode fazer parte dos nossos programas para organiza\u00e7\u00f5es. O coaching individual pode ser usado para funcion\u00e1rios, seja individualmente ou em equipes, que queiram trabalhar no seu desenvolvimento pessoal e no seu desempenho.   <\/p>\n\n<p class=\"wp-block-paragraph\">Dependendo da pessoa e dos objetivos, pode-se dar aten\u00e7\u00e3o a:<\/p>\n\n<ul class=\"wp-block-list\">\n<li>Efic\u00e1cia pessoal;<\/li>\n\n\n\n<li>Foco e prioridades;<\/li>\n\n\n\n<li>Energia e desempenho;<\/li>\n\n\n\n<li>Lidar com a press\u00e3o e a responsabilidade;<\/li>\n\n\n\n<li>Comunica\u00e7\u00e3o;<\/li>\n\n\n\n<li>Autoconfian\u00e7a;<\/li>\n\n\n\n<li>Propriedade;<\/li>\n\n\n\n<li>Desenvolver h\u00e1bitos eficazes;<\/li>\n\n\n\n<li>Crescimento pessoal e profissional;<\/li>\n\n\n\n<li>Equil\u00edbrio entre desempenho e recupera\u00e7\u00e3o.<\/li>\n<\/ul>\n\n<p class=\"wp-block-paragraph\">O coaching pode ser oferecido como um programa independente ou combinado com orienta\u00e7\u00e3o sobre sa\u00fade, estilo de vida e condicionamento f\u00edsico.<\/p>\n\n<div style=\"height:76px\" aria-hidden=\"true\" class=\"wp-block-spacer\"><\/div>\n\n<div class=\"wp-block-media-text is-stacked-on-mobile is-image-fill-element\"><figure class=\"wp-block-media-text__media\"><img loading=\"lazy\" decoding=\"async\" width=\"1024\" height=\"544\" src=\"https:\/\/aeprilclinics.nl\/wp-content\/uploads\/2026\/08\/ChatGPT-Image-29-aug-2026-15_35_05-1-1024x544.png\" alt=\"\" class=\"wp-image-18919 size-full\" style=\"object-position:50% 50%\" srcset=\"https:\/\/aeprilclinics.nl\/wp-content\/uploads\/2026\/08\/ChatGPT-Image-29-aug-2026-15_35_05-1-1024x544.png 1024w, https:\/\/aeprilclinics.nl\/wp-content\/uploads\/2026\/08\/ChatGPT-Image-29-aug-2026-15_35_05-1-300x159.png 300w, https:\/\/aeprilclinics.nl\/wp-content\/uploads\/2026\/08\/ChatGPT-Image-29-aug-2026-15_35_05-1-768x408.png 768w, https:\/\/aeprilclinics.nl\/wp-content\/uploads\/2026\/08\/ChatGPT-Image-29-aug-2026-15_35_05-1-1536x816.png 1536w, https:\/\/aeprilclinics.nl\/wp-content\/uploads\/2026\/08\/ChatGPT-Image-29-aug-2026-15_35_05-1-508x270.png 508w, https:\/\/aeprilclinics.nl\/wp-content\/uploads\/2026\/08\/ChatGPT-Image-29-aug-2026-15_35_05-1.png 1720w\" sizes=\"auto, (max-width: 1024px) 100vw, 1024px\" \/><\/figure><div class=\"wp-block-media-text__content\">\n<h5 class=\"wp-block-heading\">Sa\u00fade na sua empresa<\/h5>\n\n\n\n<h2 class=\"wp-block-heading\">A sa\u00fade como um benef\u00edcio atraente no trabalho<\/h2>\n\n\n\n<p class=\"wp-block-paragraph\">Os empregadores est\u00e3o cada vez mais procurando maneiras de apoiar os funcion\u00e1rios n\u00e3o s\u00f3 financeiramente, mas tamb\u00e9m em termos de sa\u00fade, bem-estar e desenvolvimento.<\/p>\n\n\n\n<p class=\"wp-block-paragraph\">Um programa pessoal de sa\u00fade e desempenho pode fazer parte de uma pol\u00edtica mais ampla relacionada \u00e0 <strong>vitalidade, bem-estar, desenvolvimento de talentos e empregabilidade sustent\u00e1vel<\/strong>.<\/p>\n\n\n\n<p class=\"wp-block-paragraph\">As organiza\u00e7\u00f5es podem oferecer nossos programas, por exemplo, como:<\/p>\n\n\n\n<ul class=\"wp-block-list\">\n<li>Benef\u00edcios adicionais;<\/li>\n\n\n\n<li>Parte de um programa de vitalidade;<\/li>\n\n\n\n<li>Or\u00e7amento pessoal para sa\u00fade ou vitalidade;<\/li>\n\n\n\n<li>Programa volunt\u00e1rio de sa\u00fade;<\/li>\n\n\n\n<li>Programa de sa\u00fade preventiva;<\/li>\n\n\n\n<li>Benef\u00edcio premium para funcion\u00e1rios;<\/li>\n\n\n\n<li>Programa de coaching para funcion\u00e1rios;<\/li>\n\n\n\n<li>Desenvolvimento de equipes;<\/li>\n\n\n\n<li>Desenvolvimento de lideran\u00e7a;<\/li>\n\n\n\n<li>Programa voltado para funcion\u00e1rios ou equipes espec\u00edficas;<\/li>\n\n\n\n<li>Sa\u00fade e Desempenho Executivo para a diretoria e a ger\u00eancia.<\/li>\n<\/ul>\n\n\n\n<p class=\"wp-block-paragraph\">Juntos, vamos ver qual \u00e9 a melhor op\u00e7\u00e3o para a sua organiza\u00e7\u00e3o.<\/p>\n<\/div><\/div>\n\n<div style=\"height:64px\" aria-hidden=\"true\" class=\"wp-block-spacer\"><\/div>\n\n<h2 class=\"wp-block-heading\">De um \u00fanico funcion\u00e1rio a um programa em toda a organiza\u00e7\u00e3o<\/h2>\n\n<p class=\"wp-block-paragraph\">Voc\u00ea n\u00e3o precisa contratar logo um programa para toda a organiza\u00e7\u00e3o. A Aepril Clinics oferece v\u00e1rias formas de parceria. Um empregador pode, por exemplo, disponibilizar um or\u00e7amento para sa\u00fade ou desenvolvimento para que os funcion\u00e1rios possam usar nossos servi\u00e7os. Al\u00e9m disso, podemos desenvolver um programa para um grupo pr\u00e9-selecionado de funcion\u00e1rios ou montar um percurso completo para uma equipe, um departamento ou uma organiza\u00e7\u00e3o.   <\/p>\n\n<p class=\"wp-block-paragraph\">Tamb\u00e9m d\u00e1 pra come\u00e7ar com <strong>um projeto piloto.<\/strong> <\/p>\n\n<p class=\"wp-block-paragraph\">Quer ver primeiro como um programa de sa\u00fade e desempenho seria recebido na sua organiza\u00e7\u00e3o? Ent\u00e3o comece, por exemplo, com <strong>10 a 20 funcion\u00e1rios<\/strong>. Durante um per\u00edodo combinado, acompanhamos os participantes em suas metas individuais de sa\u00fade e desenvolvimento. Dependendo da estrutura escolhida, \u00e9 poss\u00edvel combinar acompanhamento m\u00e9dico, orienta\u00e7\u00e3o sobre estilo de vida, treinamento personalizado e coaching em um \u00fanico projeto-piloto. Com base nessas experi\u00eancias, d\u00e1 pra decidir se o programa vai ser oferecido de forma mais ampla na organiza\u00e7\u00e3o.    <\/p>\n\n<div style=\"height:67px\" aria-hidden=\"true\" class=\"wp-block-spacer\"><\/div>\n\n<h2 class=\"wp-block-heading\">Colabora\u00e7\u00e3o com o RH, People &amp; Culture e os servi\u00e7os de sa\u00fade e seguran\u00e7a no trabalho<\/h2>\n\n<p class=\"wp-block-paragraph\">A Aepril Clinics trabalha em parceria com organiza\u00e7\u00f5es e profissionais respons\u00e1veis pela sa\u00fade, desenvolvimento e capacita\u00e7\u00e3o dos funcion\u00e1rios.<\/p>\n\n<p class=\"wp-block-paragraph\">Gostamos de ajudar a pensar em:<\/p>\n\n<ul class=\"wp-block-list\">\n<li>Departamentos de RH;<\/li>\n\n\n\n<li>Pessoas e Cultura;<\/li>\n\n\n\n<li>Aprendizagem e Desenvolvimento;<\/li>\n\n\n\n<li>Diretoria e gest\u00e3o;<\/li>\n\n\n\n<li>Gerentes de vitalidade e bem-estar;<\/li>\n\n\n\n<li>M\u00e9dicos do trabalho;<\/li>\n\n\n\n<li>Servi\u00e7os de sa\u00fade e seguran\u00e7a no trabalho;<\/li>\n\n\n\n<li>Empregadores e empres\u00e1rios.<\/li>\n<\/ul>\n\n<p class=\"wp-block-paragraph\">Nossa oferta pode ser utilizada de forma independente ou como uma interven\u00e7\u00e3o complementar em programas j\u00e1 existentes de vitalidade, bem-estar, desenvolvimento de lideran\u00e7a e empregabilidade sustent\u00e1vel.<\/p>\n\n<div style=\"height:77px\" aria-hidden=\"true\" class=\"wp-block-spacer\"><\/div>\n\n<div class=\"wp-block-cover alignfull is-light\" style=\"margin-top:var(--wp--preset--spacing--60);margin-bottom:var(--wp--preset--spacing--60)\"><span aria-hidden=\"true\" class=\"wp-block-cover__background has-accent-2-background-color has-background-dim-100 has-background-dim\"><\/span><div class=\"wp-block-cover__inner-container has-global-padding is-layout-constrained wp-block-cover-is-layout-constrained\">\n<h5 class=\"wp-block-heading has-text-align-center\">Perguntas frequentes<\/h5>\n\n\n\n<h2 class=\"wp-block-heading has-text-align-center\" style=\"margin-bottom:var(--wp--preset--spacing--40)\">Perguntas frequentes<\/h2>\n\n\n<div  class=\"ewd-ufaq-faq-list ewd-ufaq-page-type-distinct ewd-ufaq-category-tabs-\" id='ewd-ufaq-faq-list'>\n\n\t<input type='hidden' name='show_on_load' value='' id='ewd-ufaq-show-on-load' \/>\n<input type='hidden' name='include_category' value='gezondheid-vitaliteit-welzijn-bedrijven' id='ewd-ufaq-include-category' \/>\n<input type='hidden' name='exclude_category' value='' id='ewd-ufaq-exclude-category' \/>\n<input type='hidden' name='orderby' value='date' id='ewd-ufaq-orderby' \/>\n<input type='hidden' name='order' value='asc' id='ewd-ufaq-order' \/>\n<input type='hidden' name='post_count' value='-1' id='ewd-ufaq-post-count' \/>\n<input type='hidden' name='current_url' value='\/pt-br\/wp-json\/wp\/v2\/pages\/19161' id='ewd-ufaq-current-url' \/>\n\t\n\t\n\t<div class='ewd-ufaq-faqs'>\n\n\t\t<div  class=\"ewd-ufaq-faq-div ewd-ufaq-faq-column-count-one ewd-ufaq-faq-responsive-columns- ewd-ufaq-faq-display-style-default ewd-ufaq-can-be-toggled\" id='ewd-ufaq-post-18935-BpNJjZKe6Y' data-post_id='18935'>\n\n\t\t\n\t<div class='ewd-ufaq-faq-title ewd-ufaq-faq-toggle'>\n\t\n\t<a class='ewd-ufaq-post-margin'  href='#' role=\"button\">\n\n\t\t<div class='ewd-ufaq-post-margin-symbol ewd-ufaq-'>\n\t\t\t<span >a<\/span>\n\t\t<\/div>\n\n\t\t<div class='ewd-ufaq-faq-title-text'>\n\n\t\t\t<h4>\n\t\t\t\tO que \u00e9 um programa de vitalidade para funcion\u00e1rios?\t\t\t<\/h4>\n\n\t\t<\/div>\n\n\t\t<div class='ewd-ufaq-clear'><\/div>\n\n\t<\/a>\n\t\n<\/div>\n\t\n\t<div class='ewd-ufaq-faq-body ewd-ufaq-hidden' >\n\n\t\t\n\t\t\t\n\t\t\n\t\t\t<div class='ewd-ufaq-post-margin ewd-ufaq-faq-post'>\n\t\n<p class=\"wp-block-paragraph\">Um programa de vitalidade para funcion\u00e1rios \u00e9 um programa pelo qual um empregador ajuda os funcion\u00e1rios a melhorar a sa\u00fade, o estilo de vida e a vitalidade. Na Aepril Clinics, combinamos conhecimento m\u00e9dico com orienta\u00e7\u00e3o personalizada nas \u00e1reas de alimenta\u00e7\u00e3o, atividade f\u00edsica, controle de peso, condicionamento f\u00edsico, sono, recupera\u00e7\u00e3o e desempenho. Dependendo do programa, o treinamento personalizado e o coaching tamb\u00e9m podem fazer parte do percurso.  <\/p>\n<\/div>\n\t\t\n\t\t\t\n\t\t\n\t\t\t\n\t\t\n\t\t\t\n\t\t\n\t\t\t\n\t\t\n\t\t\t\n\t\t\n\t\t\t\n\t\t\n\t\t\t\n\t\t\n\t\t\t\n\t\t\n\t<\/div>\n\n<\/div><div  class=\"ewd-ufaq-faq-div ewd-ufaq-faq-column-count-one ewd-ufaq-faq-responsive-columns- ewd-ufaq-faq-display-style-default ewd-ufaq-can-be-toggled\" id='ewd-ufaq-post-18947-00HPXv6VmY' data-post_id='18947'>\n\n\t\t\n\t<div class='ewd-ufaq-faq-title ewd-ufaq-faq-toggle'>\n\t\n\t<a class='ewd-ufaq-post-margin'  href='#' role=\"button\">\n\n\t\t<div class='ewd-ufaq-post-margin-symbol ewd-ufaq-'>\n\t\t\t<span >a<\/span>\n\t\t<\/div>\n\n\t\t<div class='ewd-ufaq-faq-title-text'>\n\n\t\t\t<h4>\n\t\t\t\tComo posso, como empregador, melhorar a sa\u00fade e a vitalidade dos funcion\u00e1rios?\t\t\t<\/h4>\n\n\t\t<\/div>\n\n\t\t<div class='ewd-ufaq-clear'><\/div>\n\n\t<\/a>\n\t\n<\/div>\n\t\n\t<div class='ewd-ufaq-faq-body ewd-ufaq-hidden' >\n\n\t\t\n\t\t\t\n\t\t\n\t\t\t<div class='ewd-ufaq-post-margin ewd-ufaq-faq-post'>\n\t\n<p class=\"wp-block-paragraph\">Os empregadores podem incentivar a sa\u00fade e a vitalidade oferecendo aos funcion\u00e1rios acesso a orienta\u00e7\u00e3o profissional que atenda \u00e0s necessidades individuais de cada um. Isso pode variar desde orienta\u00e7\u00e3o sobre estilo de vida e alimenta\u00e7\u00e3o at\u00e9 controle de peso com acompanhamento m\u00e9dico, treinamento pessoal e coaching. A Aepril Clinics pode desenvolver um programa de sa\u00fade e vitalidade personalizado para funcion\u00e1rios individuais, equipes ou toda a organiza\u00e7\u00e3o.  <\/p>\n<\/div>\n\t\t\n\t\t\t\n\t\t\n\t\t\t\n\t\t\n\t\t\t\n\t\t\n\t\t\t\n\t\t\n\t\t\t\n\t\t\n\t\t\t\n\t\t\n\t\t\t\n\t\t\n\t\t\t\n\t\t\n\t<\/div>\n\n<\/div><div  class=\"ewd-ufaq-faq-div ewd-ufaq-faq-column-count-one ewd-ufaq-faq-responsive-columns- ewd-ufaq-faq-display-style-default ewd-ufaq-can-be-toggled\" id='ewd-ufaq-post-18950-r6OFOvDeWn' data-post_id='18950'>\n\n\t\t\n\t<div class='ewd-ufaq-faq-title ewd-ufaq-faq-toggle'>\n\t\n\t<a class='ewd-ufaq-post-margin'  href='#' role=\"button\">\n\n\t\t<div class='ewd-ufaq-post-margin-symbol ewd-ufaq-'>\n\t\t\t<span >a<\/span>\n\t\t<\/div>\n\n\t\t<div class='ewd-ufaq-faq-title-text'>\n\n\t\t\t<h4>\n\t\t\t\tUm empregador pode oferecer um programa de emagrecimento com acompanhamento m\u00e9dico aos funcion\u00e1rios?\t\t\t<\/h4>\n\n\t\t<\/div>\n\n\t\t<div class='ewd-ufaq-clear'><\/div>\n\n\t<\/a>\n\t\n<\/div>\n\t\n\t<div class='ewd-ufaq-faq-body ewd-ufaq-hidden' >\n\n\t\t\n\t\t\t\n\t\t\n\t\t\t<div class='ewd-ufaq-post-margin ewd-ufaq-faq-post'>\n\t\n<p class=\"wp-block-paragraph\">Sim, um empregador pode oferecer aos funcion\u00e1rios acesso a um programa m\u00e9dico de controle de peso. No entanto, a avalia\u00e7\u00e3o m\u00e9dica e o tratamento continuam sendo uma quest\u00e3o exclusivamente entre o funcion\u00e1rio e o m\u00e9dico respons\u00e1vel. Quando se pensa em usar rem\u00e9dios para emagrecer, o m\u00e9dico decide, caso a caso, se h\u00e1 indica\u00e7\u00e3o m\u00e9dica para isso. O empregador n\u00e3o tem influ\u00eancia nessa decis\u00e3o e n\u00e3o recebe informa\u00e7\u00f5es m\u00e9dicas individuais.   <\/p>\n<\/div>\n\t\t\n\t\t\t\n\t\t\n\t\t\t\n\t\t\n\t\t\t\n\t\t\n\t\t\t\n\t\t\n\t\t\t\n\t\t\n\t\t\t\n\t\t\n\t\t\t\n\t\t\n\t\t\t\n\t\t\n\t<\/div>\n\n<\/div><div  class=\"ewd-ufaq-faq-div ewd-ufaq-faq-column-count-one ewd-ufaq-faq-responsive-columns- ewd-ufaq-faq-display-style-default ewd-ufaq-can-be-toggled\" id='ewd-ufaq-post-18975-AsuIACLrba' data-post_id='18975'>\n\n\t\t\n\t<div class='ewd-ufaq-faq-title ewd-ufaq-faq-toggle'>\n\t\n\t<a class='ewd-ufaq-post-margin'  href='#' role=\"button\">\n\n\t\t<div class='ewd-ufaq-post-margin-symbol ewd-ufaq-'>\n\t\t\t<span >a<\/span>\n\t\t<\/div>\n\n\t\t<div class='ewd-ufaq-faq-title-text'>\n\n\t\t\t<h4>\n\t\t\t\tO que \u00e9 a empregabilidade sustent\u00e1vel dos funcion\u00e1rios?\t\t\t<\/h4>\n\n\t\t<\/div>\n\n\t\t<div class='ewd-ufaq-clear'><\/div>\n\n\t<\/a>\n\t\n<\/div>\n\t\n\t<div class='ewd-ufaq-faq-body ewd-ufaq-hidden' >\n\n\t\t\n\t\t\t\n\t\t\n\t\t\t<div class='ewd-ufaq-post-margin ewd-ufaq-faq-post'>\n\t\n<p class=\"wp-block-paragraph\">A empregabilidade sustent\u00e1vel tem a ver com a capacidade dos funcion\u00e1rios de se manterem saud\u00e1veis, motivados e aptos ao trabalho durante toda a sua vida profissional. Sa\u00fade, estilo de vida, desenvolvimento, condi\u00e7\u00f5es de trabalho e bem-estar podem ter um papel importante nisso. Um programa de sa\u00fade e vitalidade pode fazer parte de uma estrat\u00e9gia mais ampla da empresa em rela\u00e7\u00e3o \u00e0 empregabilidade sustent\u00e1vel.  <\/p>\n<\/div>\n\t\t\n\t\t\t\n\t\t\n\t\t\t\n\t\t\n\t\t\t\n\t\t\n\t\t\t\n\t\t\n\t\t\t\n\t\t\n\t\t\t\n\t\t\n\t\t\t\n\t\t\n\t\t\t\n\t\t\n\t<\/div>\n\n<\/div><div  class=\"ewd-ufaq-faq-div ewd-ufaq-faq-column-count-one ewd-ufaq-faq-responsive-columns- ewd-ufaq-faq-display-style-default ewd-ufaq-can-be-toggled\" id='ewd-ufaq-post-18964-5fEIVIJZa9' data-post_id='18964'>\n\n\t\t\n\t<div class='ewd-ufaq-faq-title ewd-ufaq-faq-toggle'>\n\t\n\t<a class='ewd-ufaq-post-margin'  href='#' role=\"button\">\n\n\t\t<div class='ewd-ufaq-post-margin-symbol ewd-ufaq-'>\n\t\t\t<span >a<\/span>\n\t\t<\/div>\n\n\t\t<div class='ewd-ufaq-faq-title-text'>\n\n\t\t\t<h4>\n\t\t\t\tO treinamento pessoal pode fazer parte de um programa de vitalidade para empresas?\t\t\t<\/h4>\n\n\t\t<\/div>\n\n\t\t<div class='ewd-ufaq-clear'><\/div>\n\n\t<\/a>\n\t\n<\/div>\n\t\n\t<div class='ewd-ufaq-faq-body ewd-ufaq-hidden' >\n\n\t\t\n\t\t\t\n\t\t\n\t\t\t<div class='ewd-ufaq-post-margin ewd-ufaq-faq-post'>\n\t\n<p class=\"wp-block-paragraph\">Sim. A Aepril Clinics pode combinar treinamento personalizado com acompanhamento m\u00e9dico, nutri\u00e7\u00e3o e estilo de vida. O treinamento \u00e9 adaptado ao n\u00edvel e aos objetivos do participante e pode, por exemplo, focar em condicionamento f\u00edsico, for\u00e7a, composi\u00e7\u00e3o corporal, massa muscular e aptid\u00e3o f\u00edsica geral. Isso resulta em um programa personalizado que une sa\u00fade e desempenho f\u00edsico.   <\/p>\n<\/div>\n\t\t\n\t\t\t\n\t\t\n\t\t\t\n\t\t\n\t\t\t\n\t\t\n\t\t\t\n\t\t\n\t\t\t\n\t\t\n\t\t\t\n\t\t\n\t\t\t\n\t\t\n\t\t\t\n\t\t\n\t<\/div>\n\n<\/div><div  class=\"ewd-ufaq-faq-div ewd-ufaq-faq-column-count-one ewd-ufaq-faq-responsive-columns- ewd-ufaq-faq-display-style-default ewd-ufaq-can-be-toggled\" id='ewd-ufaq-post-18976-IujnEalUf0' data-post_id='18976'>\n\n\t\t\n\t<div class='ewd-ufaq-faq-title ewd-ufaq-faq-toggle'>\n\t\n\t<a class='ewd-ufaq-post-margin'  href='#' role=\"button\">\n\n\t\t<div class='ewd-ufaq-post-margin-symbol ewd-ufaq-'>\n\t\t\t<span >a<\/span>\n\t\t<\/div>\n\n\t\t<div class='ewd-ufaq-faq-title-text'>\n\n\t\t\t<h4>\n\t\t\t\tA Aepril Clinics tamb\u00e9m oferece coaching para funcion\u00e1rios e equipes?\t\t\t<\/h4>\n\n\t\t<\/div>\n\n\t\t<div class='ewd-ufaq-clear'><\/div>\n\n\t<\/a>\n\t\n<\/div>\n\t\n\t<div class='ewd-ufaq-faq-body ewd-ufaq-hidden' >\n\n\t\t\n\t\t\t\n\t\t\n\t\t\t<div class='ewd-ufaq-post-margin ewd-ufaq-faq-post'>\n\t\n<p class=\"wp-block-paragraph\">Sim. Al\u00e9m do acompanhamento m\u00e9dico e f\u00edsico, a Aepril Clinics oferece coaching de alto desempenho para funcion\u00e1rios, equipes e l\u00edderes. O coaching pode se concentrar, entre outras coisas, em efic\u00e1cia pessoal, foco, comunica\u00e7\u00e3o, colabora\u00e7\u00e3o, senso de responsabilidade, lideran\u00e7a e como lidar com responsabilidades e press\u00e3o. Assim, \u00e9 poss\u00edvel combinar sa\u00fade, desenvolvimento pessoal e desempenho em um \u00fanico programa.   <\/p>\n<\/div>\n\t\t\n\t\t\t\n\t\t\n\t\t\t\n\t\t\n\t\t\t\n\t\t\n\t\t\t\n\t\t\n\t\t\t\n\t\t\n\t\t\t\n\t\t\n\t\t\t\n\t\t\n\t\t\t\n\t\t\n\t<\/div>\n\n<\/div><div  class=\"ewd-ufaq-faq-div ewd-ufaq-faq-column-count-one ewd-ufaq-faq-responsive-columns- ewd-ufaq-faq-display-style-default ewd-ufaq-can-be-toggled\" id='ewd-ufaq-post-18985-PtfyqcPeHT' data-post_id='18985'>\n\n\t\t\n\t<div class='ewd-ufaq-faq-title ewd-ufaq-faq-toggle'>\n\t\n\t<a class='ewd-ufaq-post-margin'  href='#' role=\"button\">\n\n\t\t<div class='ewd-ufaq-post-margin-symbol ewd-ufaq-'>\n\t\t\t<span >a<\/span>\n\t\t<\/div>\n\n\t\t<div class='ewd-ufaq-faq-title-text'>\n\n\t\t\t<h4>\n\t\t\t\tO que \u00e9 o Executive Health &#038; Performance?\t\t\t<\/h4>\n\n\t\t<\/div>\n\n\t\t<div class='ewd-ufaq-clear'><\/div>\n\n\t<\/a>\n\t\n<\/div>\n\t\n\t<div class='ewd-ufaq-faq-body ewd-ufaq-hidden' >\n\n\t\t\n\t\t\t\n\t\t\n\t\t\t<div class='ewd-ufaq-post-margin ewd-ufaq-faq-post'>\n\t\n<p class=\"wp-block-paragraph\">O Executive Health &amp; Performance \u00e9 um acompanhamento pessoal intensivo para empreendedores, diretores, executivos e alta ger\u00eancia. O programa pode combinar acompanhamento m\u00e9dico com exames de sa\u00fade, nutri\u00e7\u00e3o, controle de peso, treinamento pessoal, sono e recupera\u00e7\u00e3o, al\u00e9m de coaching de alto desempenho ou de lideran\u00e7a. O percurso \u00e9 adaptado \u00e0 sa\u00fade, \u00e0 agenda, \u00e0s responsabilidades e aos objetivos pessoais de quem participa.  <\/p>\n<\/div>\n\t\t\n\t\t\t\n\t\t\n\t\t\t\n\t\t\n\t\t\t\n\t\t\n\t\t\t\n\t\t\n\t\t\t\n\t\t\n\t\t\t\n\t\t\n\t\t\t\n\t\t\n\t\t\t\n\t\t\n\t<\/div>\n\n<\/div><div  class=\"ewd-ufaq-faq-div ewd-ufaq-faq-column-count-one ewd-ufaq-faq-responsive-columns- ewd-ufaq-faq-display-style-default ewd-ufaq-can-be-toggled\" id='ewd-ufaq-post-18986-lky2nFcAXe' data-post_id='18986'>\n\n\t\t\n\t<div class='ewd-ufaq-faq-title ewd-ufaq-faq-toggle'>\n\t\n\t<a class='ewd-ufaq-post-margin'  href='#' role=\"button\">\n\n\t\t<div class='ewd-ufaq-post-margin-symbol ewd-ufaq-'>\n\t\t\t<span >a<\/span>\n\t\t<\/div>\n\n\t\t<div class='ewd-ufaq-faq-title-text'>\n\n\t\t\t<h4>\n\t\t\t\tO empregador tem acesso aos dados m\u00e9dicos dos funcion\u00e1rios?\t\t\t<\/h4>\n\n\t\t<\/div>\n\n\t\t<div class='ewd-ufaq-clear'><\/div>\n\n\t<\/a>\n\t\n<\/div>\n\t\n\t<div class='ewd-ufaq-faq-body ewd-ufaq-hidden' >\n\n\t\t\n\t\t\t\n\t\t\n\t\t\t<div class='ewd-ufaq-post-margin ewd-ufaq-faq-post'>\n\t\n<p class=\"wp-block-paragraph\">N\u00e3o. Dados m\u00e9dicos individuais, diagn\u00f3sticos, informa\u00e7\u00f5es sobre consultas e medicamentos prescritos n\u00e3o s\u00e3o compartilhados com o empregador. A rela\u00e7\u00e3o m\u00e9dica existe entre o funcion\u00e1rio e o profissional de sa\u00fade respons\u00e1vel pelo tratamento. Quando o relat\u00f3rio faz parte de um programa da empresa, pode-se usar, quando for o caso, informa\u00e7\u00f5es an\u00f4nimas e agregadas para avaliar o programa, sem compartilhar prontu\u00e1rios m\u00e9dicos individuais com o empregador.   <\/p>\n<\/div>\n\t\t\n\t\t\t\n\t\t\n\t\t\t\n\t\t\n\t\t\t\n\t\t\n\t\t\t\n\t\t\n\t\t\t\n\t\t\n\t\t\t\n\t\t\n\t\t\t\n\t\t\n\t\t\t\n\t\t\n\t<\/div>\n\n<\/div><div  class=\"ewd-ufaq-faq-div ewd-ufaq-faq-column-count-one ewd-ufaq-faq-responsive-columns- ewd-ufaq-faq-display-style-default ewd-ufaq-can-be-toggled\" id='ewd-ufaq-post-18992-ciGA7L3Mf8' data-post_id='18992'>\n\n\t\t\n\t<div class='ewd-ufaq-faq-title ewd-ufaq-faq-toggle'>\n\t\n\t<a class='ewd-ufaq-post-margin'  href='#' role=\"button\">\n\n\t\t<div class='ewd-ufaq-post-margin-symbol ewd-ufaq-'>\n\t\t\t<span >a<\/span>\n\t\t<\/div>\n\n\t\t<div class='ewd-ufaq-faq-title-text'>\n\n\t\t\t<h4>\n\t\t\t\tQuanto custa um programa de bem-estar para os funcion\u00e1rios?\t\t\t<\/h4>\n\n\t\t<\/div>\n\n\t\t<div class='ewd-ufaq-clear'><\/div>\n\n\t<\/a>\n\t\n<\/div>\n\t\n\t<div class='ewd-ufaq-faq-body ewd-ufaq-hidden' >\n\n\t\t\n\t\t\t\n\t\t\n\t\t\t<div class='ewd-ufaq-post-margin ewd-ufaq-faq-post'>\n\t\n<p class=\"wp-block-paragraph\">Os custos de um programa de vitalidade dependem, entre outras coisas, do n\u00famero de participantes, da dura\u00e7\u00e3o do programa e do tipo de acompanhamento desejado. Um programa com acompanhamento m\u00e9dico, treino personalizado e coaching individual, por exemplo, tem uma estrutura diferente de um programa b\u00e1sico de sa\u00fade e estilo de vida. A Aepril Clinics pode desenvolver tanto projetos-piloto para um grupo restrito de funcion\u00e1rios quanto programas mais abrangentes para organiza\u00e7\u00f5es. Durante uma conversa inicial sem compromisso, a gente discute os objetivos, o tipo de acompanhamento desejado e o or\u00e7amento dispon\u00edvel, e elaboramos uma proposta adequada.   <\/p>\n<\/div>\n\t\t\n\t\t\t\n\t\t\n\t\t\t\n\t\t\n\t\t\t\n\t\t\n\t\t\t\n\t\t\n\t\t\t\n\t\t\n\t\t\t\n\t\t\n\t\t\t\n\t\t\n\t\t\t\n\t\t\n\t<\/div>\n\n<\/div>\n\t<\/div>\n\n\t\n<\/div><\/div><\/div>\n\n<div style=\"height:25px\" aria-hidden=\"true\" class=\"wp-block-spacer\"><\/div>\n\n<div class=\"wp-block-columns is-layout-flex wp-container-core-columns-is-layout-3a88641f wp-block-columns-is-layout-flex\">\n<div class=\"wp-block-column is-layout-flow wp-block-column-is-layout-flow\">\n<h2 class=\"wp-block-heading\">Por que escolher a Aepril Clinics para empresas?<\/h2>\n\n\n\n<p class=\"wp-block-paragraph\"><strong>Conhecimento m\u00e9dico: A sa\u00fade <\/strong>exige mais do que apenas conselhos gerais. Quando for necess\u00e1ria uma avalia\u00e7\u00e3o m\u00e9dica, os participantes recebem orienta\u00e7\u00e3o de profissionais de sa\u00fade qualificados. <\/p>\n\n\n\n<p class=\"wp-block-paragraph\"><strong>Abordagem personalizada<\/strong>: Nem todo funcion\u00e1rio tem a mesma sa\u00fade, o mesmo estilo de vida, os mesmos desafios ou as mesmas metas. Por isso, o acompanhamento individual \u00e9 fundamental. <\/p>\n\n\n\n<p class=\"wp-block-paragraph\"><strong>Sa\u00fade e desempenho: a gente <\/strong>vai al\u00e9m da simples perda de peso. Alimenta\u00e7\u00e3o, atividade f\u00edsica, condicionamento f\u00edsico, for\u00e7a, composi\u00e7\u00e3o corporal, sono, recupera\u00e7\u00e3o, desenvolvimento pessoal e desempenho podem fazer parte do acompanhamento. <\/p>\n\n\n\n<p class=\"wp-block-paragraph\"><strong>Coaching: do funcion\u00e1rio ao l\u00edder: Com <\/strong>o coaching de alto desempenho, a gente consegue n\u00e3o s\u00f3 orientar funcion\u00e1rios individualmente, mas tamb\u00e9m apoiar equipes, gerentes, empreendedores e l\u00edderes seniores no seu desenvolvimento.<\/p>\n\n\n\n<p class=\"wp-block-paragraph\"><strong>Preven\u00e7\u00e3o e sa\u00fade sustent\u00e1vel: Nossa vis\u00e3o <\/strong>vai al\u00e9m de um desafio passageiro. O objetivo \u00e9 ajudar as pessoas a se dedicarem de forma cont\u00ednua \u00e0 sua sa\u00fade e ao seu desenvolvimento. <\/p>\n\n\n\n<p class=\"wp-block-paragraph\"><strong>Abordagem integrada: <\/strong>acompanhamento <strong>m\u00e9dico <\/strong>, estilo de vida, treinamento personalizado e coaching de alto desempenho podem ser combinados em um \u00fanico programa.<\/p>\n\n\n\n<p class=\"wp-block-paragraph\"><strong>Flexibilidade para os empregadores: desde <\/strong>um \u00fanico executivo at\u00e9 um projeto-piloto para 10 funcion\u00e1rios, coaching de equipe ou um programa mais abrangente dentro da organiza\u00e7\u00e3o: a gente desenvolve uma f\u00f3rmula que se adapte \u00e0 sua empresa.<\/p>\n<\/div>\n\n\n\n<div class=\"wp-block-column has-base-color has-contrast-background-color has-text-color has-background has-link-color wp-elements-6d599daa809041ea5d13a3cf12db26a2 is-layout-flow wp-block-column-is-layout-flow\" style=\"border-top-left-radius:20px;border-top-right-radius:20px;border-bottom-left-radius:20px;border-bottom-right-radius:20px;padding-top:var(--wp--preset--spacing--30);padding-right:var(--wp--preset--spacing--30);padding-bottom:var(--wp--preset--spacing--30);padding-left:var(--wp--preset--spacing--30)\">\n<h2 class=\"wp-block-heading has-base-color has-text-color has-link-color wp-elements-b589a5d7637511b3ece6d7707b3a6358\" style=\"border-style:none;border-width:0px;border-top-left-radius:20px;border-top-right-radius:20px;border-bottom-left-radius:20px;border-bottom-right-radius:20px\">Um programa que se adapta \u00e0 sua organiza\u00e7\u00e3o<\/h2>\n\n\n\n<p class=\"wp-block-paragraph\">Cada organiza\u00e7\u00e3o \u00e9 diferente. Por isso, durante uma reuni\u00e3o inicial, analisamos primeiro o que voc\u00ea quer alcan\u00e7ar. Discutimos, por exemplo:  <\/p>\n\n\n\n<ul class=\"wp-block-list\">\n<li>o tamanho da sua organiza\u00e7\u00e3o;<\/li>\n\n\n\n<li>o p\u00fablico-alvo;<\/li>\n\n\n\n<li>metas de sa\u00fade e vitalidade;<\/li>\n\n\n\n<li>metas de desenvolvimento pessoal e profissional;<\/li>\n\n\n\n<li>o n\u00famero desejado de participantes;<\/li>\n\n\n\n<li>o prazo desejado;<\/li>\n\n\n\n<li>acompanhamento m\u00e9dico;<\/li>\n\n\n\n<li>alimenta\u00e7\u00e3o e estilo de vida;<\/li>\n\n\n\n<li>treinamento personalizado;<\/li>\n\n\n\n<li>coaching;<\/li>\n\n\n\n<li>desenvolvimento de equipe;<\/li>\n\n\n\n<li>coaching de lideran\u00e7a;<\/li>\n\n\n\n<li>par\u00e2metros de sa\u00fade desejados;<\/li>\n\n\n\n<li>eventuais programas de Sa\u00fade e Desempenho para Executivos;<\/li>\n\n\n\n<li>or\u00e7amento e op\u00e7\u00f5es de financiamento.<\/li>\n<\/ul>\n\n\n\n<p class=\"wp-block-paragraph\">Em seguida, elaboramos uma proposta que se adapte \u00e0 sua organiza\u00e7\u00e3o. Isso pode variar desde uma contribui\u00e7\u00e3o do empregador para funcion\u00e1rios individuais at\u00e9 um programa totalmente financiado para uma equipe ou organiza\u00e7\u00e3o. <\/p>\n\n\n\n<hr class=\"wp-block-separator has-alpha-channel-opacity\"\/>\n<\/div>\n<\/div>\n\n<div style=\"height:61px\" aria-hidden=\"true\" class=\"wp-block-spacer\"><\/div>\n\n<div class=\"wp-block-cover alignfull is-light wave\" style=\"margin-top:0;margin-bottom:0;padding-bottom:var(--wp--preset--spacing--30)\"><span aria-hidden=\"true\" class=\"wp-block-cover__background has-accent-background-color has-background-dim-100 has-background-dim\"><\/span><div class=\"wp-block-cover__inner-container has-global-padding is-layout-constrained wp-block-cover-is-layout-constrained\">\n<h2 class=\"wp-block-heading has-text-align-center\">Investir na sua equipe?<\/h2>\n\n\n\n<p class=\"has-text-align-center wp-block-paragraph\">Voc\u00ea, como empregador, quer se empenhar mais nas \u00e1reas de <strong>sa\u00fade, vitalidade, bem-estar, lideran\u00e7a ou empregabilidade sustent\u00e1vel<\/strong>? A Aepril Clinics ajuda as organiza\u00e7\u00f5es com programas personalizados de sa\u00fade e desempenho para funcion\u00e1rios, equipes e l\u00edderes. Desde acompanhamento preventivo de sa\u00fade e controle m\u00e9dico de peso at\u00e9 treinamento pessoal, coaching de alto desempenho e Executive Health &amp; Performance.    <strong>Marque uma consulta sem compromisso com a Aepril Clinics.<\/strong><\/p>\n\n\n\n<div class=\"wp-block-buttons is-content-justification-center is-layout-flex wp-container-core-buttons-is-layout-0aa01211 wp-block-buttons-is-layout-flex\">\n<div class=\"wp-block-button\"><a class=\"wp-block-button__link has-base-color has-accent-3-background-color has-text-color has-background has-link-color wp-element-button\" href=\"https:\/\/aeprilclinics.nl\/pt-br\/contato\/\">marque uma consulta de aconselhamento sem compromisso<\/a><\/div>\n<\/div>\n<\/div><\/div>\n\n<div style=\"height:78px\" aria-hidden=\"true\" class=\"wp-block-spacer\"><\/div>\n\n<style>.medical-review {\n        display: grid;\n        grid-template-columns: minmax(210px, 260px) minmax(0, 1fr);\n        gap: clamp(32px, 5vw, 72px);\n        align-items: start;\n        margin: 48px 0;\n        padding: clamp(32px, 5vw, 64px);\n        background: #f7f3ef;\n        border-radius: 32px;\n        color: #252321;\n    }\n\n    .medical-review__image {\n        width: 100%;\n        max-width: 260px;\n        margin: 0;\n    }\n\n    .medical-review__photo {\n        position: relative;\n        width: 100%;\n        aspect-ratio: 4 \/ 5;\n        overflow: hidden;\n        background: #eee9e4;\n        border-radius: 100px 100px 30px 30px;\n    }\n\n    .medical-review__photo img {\n        position: absolute !important;\n        inset: 0;\n        display: block !important;\n        width: 100% !important;\n        max-width: none !important;\n        height: 100% !important;\n        min-height: 100% !important;\n        margin: 0 !important;\n        padding: 0 !important;\n        object-fit: cover !important;\n        object-position: center 20% !important;\n        border: 0 !important;\n        border-radius: 0 !important;\n    }\n\n    .medical-review__identity {\n        display: block;\n        margin-top: 20px;\n    }\n\n    .medical-review__name {\n        display: block;\n        margin-bottom: 4px;\n        color: #252321;\n        font-size: 18px;\n        font-weight: 700;\n        line-height: 1.4;\n    }\n\n    .medical-review__role {\n        display: block;\n        color: #655f5a;\n        font-size: 15px;\n        line-height: 1.55;\n    }\n\n    .medical-review__quote {\n        position: relative;\n        margin: 26px 0 0;\n        padding: 0 0 0 18px;\n        color: #393633;\n        font-size: 17px;\n        font-style: italic;\n        line-height: 1.65;\n        border-left: 2px solid #d6bfa7;\n    }\n\n    .medical-review__quote cite {\n        display: block;\n        margin-top: 8px;\n        color: #77706a;\n        font-size: 13px;\n        font-style: normal;\n    }\n\n    .medical-review__content {\n        min-width: 0;\n    }\n\n    .medical-review__label {\n        display: inline-flex;\n        align-items: center;\n        margin-bottom: 18px;\n        padding: 8px 14px;\n        background: #d6bfa7;\n        color: #252321;\n        font-size: 14px;\n        font-weight: 700;\n        line-height: 1;\n        letter-spacing: 0.08em;\n        text-transform: uppercase;\n    }\n\n    .medical-review__content h2 {\n        margin: 0 0 24px;\n        color: #252321;\n        font-family: Georgia, \"Times New Roman\", serif;\n        font-size: clamp(34px, 4vw, 54px);\n        font-weight: 400;\n        line-height: 1.12;\n    }\n\n    .medical-review__content > p {\n        max-width: 1050px;\n        margin: 0 0 20px;\n        color: #2c2927;\n        font-size: 18px;\n        line-height: 1.75;\n    }\n\n    .medical-review a {\n        color: #94765f;\n        font-weight: 600;\n        text-decoration-thickness: 1px;\n        text-underline-offset: 3px;\n    }\n\n    .medical-review a:hover,\n    .medical-review a:focus-visible {\n        color: #6f5541;\n    }\n\n    .medical-review__specialisms {\n        margin-top: 28px;\n    }\n\n    .medical-review__specialisms-title {\n        display: block;\n        margin-bottom: 12px;\n        color: #252321;\n        font-size: 15px;\n        font-weight: 700;\n    }\n\n    .medical-review__specialisms-list {\n        display: flex;\n        flex-wrap: wrap;\n        gap: 10px;\n        margin: 0;\n        padding: 0;\n        list-style: none;\n    }\n\n    .medical-review__specialisms-list li {\n        margin: 0;\n        padding: 0;\n        list-style: none;\n    }\n\n    .medical-review__specialisms-list a {\n        display: inline-flex;\n        align-items: center;\n        justify-content: center;\n        padding: 9px 14px;\n        background: #eee4da;\n        border: 1px solid transparent;\n        border-radius: 999px;\n        color: #3b3734;\n        font-size: 14px;\n        font-weight: 600;\n        line-height: 1.2;\n        text-decoration: none;\n        transition:\n            background-color 0.2s ease,\n            border-color 0.2s ease,\n            color 0.2s ease,\n            transform 0.2s ease;\n    }\n\n    .medical-review__specialisms-list a:hover,\n    .medical-review__specialisms-list a:focus-visible {\n        background: #d6bfa7;\n        border-color: #c7aa8e;\n        color: #252321;\n        transform: translateY(-1px);\n    }\n\n    .medical-review__meta {\n        display: grid;\n        grid-template-columns: repeat(2, minmax(0, 1fr));\n        gap: 20px 40px;\n        margin-top: 34px;\n        padding-top: 30px;\n        border-top: 1px solid #ded7d0;\n    }\n\n    .medical-review__meta-item {\n        display: flex;\n        gap: 16px;\n        align-items: center;\n        min-width: 0;\n    }\n\n    .medical-review__meta-item p {\n        margin: 0;\n        color: #2c2927;\n        font-size: 16px;\n        line-height: 1.55;\n    }\n\n    .medical-review__icon {\n        display: inline-flex;\n        flex: 0 0 52px;\n        align-items: center;\n        justify-content: center;\n        width: 52px;\n        height: 52px;\n        background: #eee3d7;\n        border-radius: 50%;\n        color: #252321;\n    }\n\n    .medical-review__icon svg {\n        width: 24px;\n        height: 24px;\n        fill: none;\n        stroke: currentColor;\n        stroke-width: 1.8;\n        stroke-linecap: round;\n        stroke-linejoin: round;\n    }\n\n    .medical-review__links {\n        display: flex;\n        flex-wrap: wrap;\n        gap: 14px 28px;\n        align-items: center;\n        margin-top: 30px;\n    }\n\n    .medical-review__button {\n        display: inline-flex;\n        align-items: center;\n        justify-content: center;\n        min-height: 48px;\n        padding: 12px 20px;\n        background: #252321;\n        border: 1px solid #252321;\n        border-radius: 999px;\n        color: #ffffff !important;\n        font-size: 15px;\n        font-weight: 700;\n        line-height: 1.2;\n        text-align: center;\n        text-decoration: none !important;\n        transition:\n            background-color 0.2s ease,\n            color 0.2s ease;\n    }\n\n    .medical-review__button:hover,\n    .medical-review__button:focus-visible {\n        background: transparent;\n        color: #252321 !important;\n    }\n\n    .medical-review__text-link {\n        font-size: 15px;\n    }\n\n    @media (max-width: 900px) {\n        .medical-review {\n            grid-template-columns: 1fr;\n            gap: 36px;\n            border-radius: 24px;\n        }\n\n        .medical-review__image {\n            max-width: 240px;\n        }\n\n        .medical-review__content h2 {\n            font-size: clamp(32px, 7vw, 46px);\n        }\n    }\n\n    @media (max-width: 600px) {\n        .medical-review {\n            margin: 32px 0;\n            padding: 28px 22px;\n            border-radius: 22px;\n        }\n\n        .medical-review__image {\n            max-width: 220px;\n            margin-inline: auto;\n        }\n\n        .medical-review__content h2 {\n            margin-bottom: 20px;\n            font-size: 32px;\n            line-height: 1.16;\n        }\n\n        .medical-review__content > p {\n            font-size: 16px;\n            line-height: 1.7;\n        }\n\n        .medical-review__specialisms-list {\n            gap: 8px;\n        }\n\n        .medical-review__specialisms-list a {\n            padding: 8px 12px;\n            font-size: 13px;\n        }\n\n        .medical-review__meta {\n            grid-template-columns: 1fr;\n            gap: 20px;\n        }\n\n        .medical-review__links {\n            flex-direction: column;\n            align-items: stretch;\n        }\n\n        .medical-review__button {\n            width: 100%;\n        }\n\n        .medical-review__text-link {\n            display: inline-block;\n        }\n    }\n<\/style><aside class=\"medical-review\" aria-labelledby=\"medical-review-title\"><figure class=\"medical-review__image\"><div class=\"medical-review__photo\"><img decoding=\"async\" src=\"https:\/\/aeprilclinics.nl\/wp-content\/uploads\/2026\/07\/BN4A8634-scaled-1.jpg\" alt=\"Drs. Elnaz Alagha, BIG-geregistreerd cosmetisch arts en medisch directrice van Aepril Clinics\" loading=\"lazy\"\/><\/div><figcaption class=\"medical-review__identity\"><span class=\"medical-review__name\">drs. Elnaz Alagha\n            <\/span><span class=\"medical-review__role\">BIG-geregistreerd cosmetisch arts<br\/>Eigenaresse en medisch directrice\n            <\/span><\/figcaption><blockquote class=\"medical-review__quote\">\u201cSoms is geen behandeling de beste behandeling.\u201d\n            <cite>\u2014 drs. Elnaz Alagha<\/cite><\/blockquote><\/figure><div class=\"medical-review__content\"><span class=\"medical-review__label\">Medisch gecontroleerd\n        <\/span><h2 id=\"medical-review-title\">Medisch gecontroleerd door drs. Elnaz Alagha\n        <\/h2><p>De medische informatie op deze pagina is gecontroleerd door\n            <a href=\"https:\/\/aeprilclinics.nl\/pt-br\/doutor-elnaz-alagha\/\">drs. Elnaz Alagha\n            <\/a>,\n            BIG-geregistreerd cosmetisch arts, eigenaresse en medisch\n            directrice van Aepril Cosmetic Clinics.\n        <\/p><p>Drs. Elnaz Alagha beoordeelt de informatie op deze pagina op\n            medische juistheid, actualiteit en wetenschappelijke onderbouwing.\n            De inhoud wordt periodiek herzien aan de hand van relevante\n            medische inzichten en geldende kwaliteitskaders binnen de\n            cosmetische geneeskunde.\n        <\/p><div class=\"medical-review__specialisms\"><span class=\"medical-review__specialisms-title\">Specialisaties\n            <\/span><ul class=\"medical-review__specialisms-list\"><li><a href=\"https:\/\/aeprilclinics.nl\/pt-br\/botox\/\">Botulinetoxine\n                    <\/a><\/li><li><a href=\"https:\/\/aeprilclinics.nl\/pt-br\/preenchimentos-2\/\">Fillers\n                    <\/a><\/li><li><a href=\"https:\/\/aeprilclinics.nl\/pt-br\/melhoria-da-pele\/\">Skinboosters\n                    <\/a><\/li><li><a href=\"https:\/\/aeprilclinics.nl\/pt-br\/melhoria-da-pele\/\">Biostimulatoren\n                    <\/a><\/li><li><a href=\"https:\/\/aeprilclinics.nl\/pt-br\/perda-de-peso-medica-com-injecoes\/\">Medisch afvallen\n                    <\/a><\/li><\/ul><\/div><div class=\"medical-review__meta\"><div class=\"medical-review__meta-item\"><span class=\"medical-review__icon\" aria-hidden=\"true\"><svg viewbox=\"0 0 24 24\"><rect x=\"3\" y=\"5\" width=\"18\" height=\"16\" rx=\"2\"><\/rect><path d=\"M8 3v4\"><\/path><path d=\"M16 3v4\"><\/path><path d=\"M3 10h18\"><\/path><path d=\"M8 14h3v3H8z\"><\/path><\/svg><\/span><p><strong>Laatst medisch beoordeeld:<\/strong><br\/><time datetime=\"2026-07-26\">26 juli 2026\n                    <\/time><\/p><\/div><div class=\"medical-review__meta-item\"><span class=\"medical-review__icon\" aria-hidden=\"true\"><svg viewbox=\"0 0 24 24\"><path d=\"M12 3l7 3v5c0 4.8-2.9 8.7-7 10-4.1-1.3-7-5.2-7-10V6l7-3z\"><\/path><path d=\"M9 12l2 2 4-5\"><\/path><\/svg><\/span><p><strong>BIG-nummer:<\/strong><br\/>09932325201\n                <\/p><\/div><\/div><nav class=\"medical-review__links\" aria-label=\"Informatie over de medisch reviewer\"><a class=\"medical-review__button\" href=\"https:\/\/aeprilclinics.nl\/pt-br\/doutor-elnaz-alagha\/\">Bekijk het profiel van drs. Elnaz Alagha\n            <\/a><a class=\"medical-review__text-link\" href=\"https:\/\/zoeken.bigregister.nl\/zorgverlener\/f35d0627-bb20-405c-8b19-e61f66d43c35\" target=\"_blank\" rel=\"noopener noreferrer\">Controleer de BIG-registratie\n            <\/a><a class=\"medical-review__text-link\" href=\"https:\/\/aeprilclinics.nl\/pt-br\/informacoes-medicas\/\">Lees onze medische kwaliteitskaders\n            <\/a><\/nav><\/div><\/aside>\n","protected":false},"excerpt":{"rendered":"<p>Cl\u00ednicas April para empresas Programa de longevidade, sa\u00fade e vitalidade para os funcion\u00e1rios A Aepril Clinics ajuda empresas e organiza\u00e7\u00f5es que querem investir na sa\u00fade, vitalidade, bem-estar e empregabilidade sustent\u00e1vel de seus funcion\u00e1rios. Nossa abordagem vai al\u00e9m do fitness corporativo&#8230;<\/p>\n","protected":false},"author":14,"featured_media":8987,"parent":0,"menu_order":0,"comment_status":"closed","ping_status":"closed","template":"","meta":{"_acf_changed":false,"footnotes":""},"class_list":["post-19161","page","type-page","status-publish","has-post-thumbnail","hentry"],"acf":[],"yoast_head":"<!-- This site is optimized with the Yoast SEO plugin v28.2 - https:\/\/yoast.com\/product\/yoast-seo-wordpress\/ -->\n<title>Programa de vitalidade para funcion\u00e1rios | Aepril Longevity<\/title>\n<meta name=\"description\" content=\"Programas personalizados de sa\u00fade e vitalidade para funcion\u00e1rios: acompanhamento m\u00e9dico, estilo de vida e treinamento personalizado em um \u00fanico plano.\" \/>\n<meta name=\"robots\" content=\"index, follow, max-snippet:-1, max-image-preview:large, max-video-preview:-1\" \/>\n<link rel=\"canonical\" href=\"https:\/\/aeprilclinics.nl\/pt-br\/longevidade-saude-vitalidade-e-bem-estar-para-os-funcionarios\/\" \/>\n<meta property=\"og:locale\" content=\"pt_BR\" \/>\n<meta property=\"og:type\" content=\"article\" \/>\n<meta property=\"og:title\" content=\"Programa de vitalidade para funcion\u00e1rios | Aepril Longevity\" \/>\n<meta property=\"og:description\" content=\"Programas personalizados de sa\u00fade e vitalidade para funcion\u00e1rios: acompanhamento m\u00e9dico, estilo de vida e treinamento personalizado em um \u00fanico plano.\" \/>\n<meta property=\"og:url\" content=\"https:\/\/aeprilclinics.nl\/pt-br\/longevidade-saude-vitalidade-e-bem-estar-para-os-funcionarios\/\" \/>\n<meta property=\"og:site_name\" content=\"Aepril\" \/>\n<meta property=\"article:modified_time\" content=\"2026-08-30T16:22:10+00:00\" \/>\n<meta property=\"og:image\" content=\"https:\/\/aeprilclinics.nl\/wp-content\/uploads\/2025\/02\/aesthe-clinics-Final-07.png\" \/>\n\t<meta property=\"og:image:width\" content=\"6667\" \/>\n\t<meta property=\"og:image:height\" content=\"5001\" \/>\n\t<meta property=\"og:image:type\" content=\"image\/png\" \/>\n<meta name=\"twitter:card\" content=\"summary_large_image\" \/>\n<meta name=\"twitter:label1\" content=\"Est. tempo de leitura\" \/>\n\t<meta name=\"twitter:data1\" content=\"10 minutos\" \/>\n<script type=\"application\/ld+json\" class=\"yoast-schema-graph\">{\"@context\":\"https:\\\/\\\/schema.org\",\"@graph\":[{\"@type\":\"WebPage\",\"@id\":\"https:\\\/\\\/aeprilclinics.nl\\\/pt-br\\\/longevidade-saude-vitalidade-e-bem-estar-para-os-funcionarios\\\/\",\"url\":\"https:\\\/\\\/aeprilclinics.nl\\\/pt-br\\\/longevidade-saude-vitalidade-e-bem-estar-para-os-funcionarios\\\/\",\"name\":\"Programa de vitalidade para funcion\u00e1rios | Aepril Longevity\",\"isPartOf\":{\"@id\":\"https:\\\/\\\/aeprilclinics.nl\\\/pt-br\\\/#website\"},\"primaryImageOfPage\":{\"@id\":\"https:\\\/\\\/aeprilclinics.nl\\\/pt-br\\\/longevidade-saude-vitalidade-e-bem-estar-para-os-funcionarios\\\/#primaryimage\"},\"image\":{\"@id\":\"https:\\\/\\\/aeprilclinics.nl\\\/pt-br\\\/longevidade-saude-vitalidade-e-bem-estar-para-os-funcionarios\\\/#primaryimage\"},\"thumbnailUrl\":\"https:\\\/\\\/aeprilclinics.nl\\\/wp-content\\\/uploads\\\/2025\\\/02\\\/aesthe-clinics-Final-07.png\",\"datePublished\":\"2026-08-29T12:48:38+00:00\",\"dateModified\":\"2026-08-30T16:22:10+00:00\",\"description\":\"Programas personalizados de sa\u00fade e vitalidade para funcion\u00e1rios: acompanhamento m\u00e9dico, estilo de vida e treinamento personalizado em um \u00fanico plano.\",\"breadcrumb\":{\"@id\":\"https:\\\/\\\/aeprilclinics.nl\\\/pt-br\\\/longevidade-saude-vitalidade-e-bem-estar-para-os-funcionarios\\\/#breadcrumb\"},\"inLanguage\":\"pt-BR\",\"potentialAction\":[{\"@type\":\"ReadAction\",\"target\":[\"https:\\\/\\\/aeprilclinics.nl\\\/pt-br\\\/longevidade-saude-vitalidade-e-bem-estar-para-os-funcionarios\\\/\"]}]},{\"@type\":\"ImageObject\",\"inLanguage\":\"pt-BR\",\"@id\":\"https:\\\/\\\/aeprilclinics.nl\\\/pt-br\\\/longevidade-saude-vitalidade-e-bem-estar-para-os-funcionarios\\\/#primaryimage\",\"url\":\"https:\\\/\\\/aeprilclinics.nl\\\/wp-content\\\/uploads\\\/2025\\\/02\\\/aesthe-clinics-Final-07.png\",\"contentUrl\":\"https:\\\/\\\/aeprilclinics.nl\\\/wp-content\\\/uploads\\\/2025\\\/02\\\/aesthe-clinics-Final-07.png\",\"width\":6667,\"height\":5001},{\"@type\":\"BreadcrumbList\",\"@id\":\"https:\\\/\\\/aeprilclinics.nl\\\/pt-br\\\/longevidade-saude-vitalidade-e-bem-estar-para-os-funcionarios\\\/#breadcrumb\",\"itemListElement\":[{\"@type\":\"ListItem\",\"position\":1,\"name\":\"Home\",\"item\":\"https:\\\/\\\/aeprilclinics.nl\\\/pt-br\\\/\"},{\"@type\":\"ListItem\",\"position\":2,\"name\":\"Longevity: Programa de vitalidade para os funcion\u00e1rios\"}]},{\"@type\":\"WebSite\",\"@id\":\"https:\\\/\\\/aeprilclinics.nl\\\/pt-br\\\/#website\",\"url\":\"https:\\\/\\\/aeprilclinics.nl\\\/pt-br\\\/\",\"name\":\"Aepril\",\"description\":\"\",\"potentialAction\":[{\"@type\":\"SearchAction\",\"target\":{\"@type\":\"EntryPoint\",\"urlTemplate\":\"https:\\\/\\\/aeprilclinics.nl\\\/pt-br\\\/?s={search_term_string}\"},\"query-input\":{\"@type\":\"PropertyValueSpecification\",\"valueRequired\":true,\"valueName\":\"search_term_string\"}}],\"inLanguage\":\"pt-BR\"}]}<\/script>\n<!-- \/ Yoast SEO plugin. -->","yoast_head_json":{"title":"Programa de vitalidade para funcion\u00e1rios | Aepril Longevity","description":"Programas personalizados de sa\u00fade e vitalidade para funcion\u00e1rios: acompanhamento m\u00e9dico, estilo de vida e treinamento personalizado em um \u00fanico plano.","robots":{"index":"index","follow":"follow","max-snippet":"max-snippet:-1","max-image-preview":"max-image-preview:large","max-video-preview":"max-video-preview:-1"},"canonical":"https:\/\/aeprilclinics.nl\/pt-br\/longevidade-saude-vitalidade-e-bem-estar-para-os-funcionarios\/","og_locale":"pt_BR","og_type":"article","og_title":"Programa de vitalidade para funcion\u00e1rios | Aepril Longevity","og_description":"Programas personalizados de sa\u00fade e vitalidade para funcion\u00e1rios: acompanhamento m\u00e9dico, estilo de vida e treinamento personalizado em um \u00fanico plano.","og_url":"https:\/\/aeprilclinics.nl\/pt-br\/longevidade-saude-vitalidade-e-bem-estar-para-os-funcionarios\/","og_site_name":"Aepril","article_modified_time":"2026-08-30T16:22:10+00:00","og_image":[{"width":6667,"height":5001,"url":"https:\/\/aeprilclinics.nl\/wp-content\/uploads\/2025\/02\/aesthe-clinics-Final-07.png","type":"image\/png"}],"twitter_card":"summary_large_image","twitter_misc":{"Est. tempo de leitura":"10 minutos"},"schema":{"@context":"https:\/\/schema.org","@graph":[{"@type":"WebPage","@id":"https:\/\/aeprilclinics.nl\/pt-br\/longevidade-saude-vitalidade-e-bem-estar-para-os-funcionarios\/","url":"https:\/\/aeprilclinics.nl\/pt-br\/longevidade-saude-vitalidade-e-bem-estar-para-os-funcionarios\/","name":"Programa de vitalidade para funcion\u00e1rios | Aepril Longevity","isPartOf":{"@id":"https:\/\/aeprilclinics.nl\/pt-br\/#website"},"primaryImageOfPage":{"@id":"https:\/\/aeprilclinics.nl\/pt-br\/longevidade-saude-vitalidade-e-bem-estar-para-os-funcionarios\/#primaryimage"},"image":{"@id":"https:\/\/aeprilclinics.nl\/pt-br\/longevidade-saude-vitalidade-e-bem-estar-para-os-funcionarios\/#primaryimage"},"thumbnailUrl":"https:\/\/aeprilclinics.nl\/wp-content\/uploads\/2025\/02\/aesthe-clinics-Final-07.png","datePublished":"2026-08-29T12:48:38+00:00","dateModified":"2026-08-30T16:22:10+00:00","description":"Programas personalizados de sa\u00fade e vitalidade para funcion\u00e1rios: acompanhamento m\u00e9dico, estilo de vida e treinamento personalizado em um \u00fanico plano.","breadcrumb":{"@id":"https:\/\/aeprilclinics.nl\/pt-br\/longevidade-saude-vitalidade-e-bem-estar-para-os-funcionarios\/#breadcrumb"},"inLanguage":"pt-BR","potentialAction":[{"@type":"ReadAction","target":["https:\/\/aeprilclinics.nl\/pt-br\/longevidade-saude-vitalidade-e-bem-estar-para-os-funcionarios\/"]}]},{"@type":"ImageObject","inLanguage":"pt-BR","@id":"https:\/\/aeprilclinics.nl\/pt-br\/longevidade-saude-vitalidade-e-bem-estar-para-os-funcionarios\/#primaryimage","url":"https:\/\/aeprilclinics.nl\/wp-content\/uploads\/2025\/02\/aesthe-clinics-Final-07.png","contentUrl":"https:\/\/aeprilclinics.nl\/wp-content\/uploads\/2025\/02\/aesthe-clinics-Final-07.png","width":6667,"height":5001},{"@type":"BreadcrumbList","@id":"https:\/\/aeprilclinics.nl\/pt-br\/longevidade-saude-vitalidade-e-bem-estar-para-os-funcionarios\/#breadcrumb","itemListElement":[{"@type":"ListItem","position":1,"name":"Home","item":"https:\/\/aeprilclinics.nl\/pt-br\/"},{"@type":"ListItem","position":2,"name":"Longevity: Programa de vitalidade para os funcion\u00e1rios"}]},{"@type":"WebSite","@id":"https:\/\/aeprilclinics.nl\/pt-br\/#website","url":"https:\/\/aeprilclinics.nl\/pt-br\/","name":"Aepril","description":"","potentialAction":[{"@type":"SearchAction","target":{"@type":"EntryPoint","urlTemplate":"https:\/\/aeprilclinics.nl\/pt-br\/?s={search_term_string}"},"query-input":{"@type":"PropertyValueSpecification","valueRequired":true,"valueName":"search_term_string"}}],"inLanguage":"pt-BR"}]}},"_links":{"self":[{"href":"https:\/\/aeprilclinics.nl\/pt-br\/wp-json\/wp\/v2\/pages\/19161","targetHints":{"allow":["GET"]}}],"collection":[{"href":"https:\/\/aeprilclinics.nl\/pt-br\/wp-json\/wp\/v2\/pages"}],"about":[{"href":"https:\/\/aeprilclinics.nl\/pt-br\/wp-json\/wp\/v2\/types\/page"}],"author":[{"embeddable":true,"href":"https:\/\/aeprilclinics.nl\/pt-br\/wp-json\/wp\/v2\/users\/14"}],"replies":[{"embeddable":true,"href":"https:\/\/aeprilclinics.nl\/pt-br\/wp-json\/wp\/v2\/comments?post=19161"}],"version-history":[{"count":5,"href":"https:\/\/aeprilclinics.nl\/pt-br\/wp-json\/wp\/v2\/pages\/19161\/revisions"}],"predecessor-version":[{"id":19207,"href":"https:\/\/aeprilclinics.nl\/pt-br\/wp-json\/wp\/v2\/pages\/19161\/revisions\/19207"}],"wp:featuredmedia":[{"embeddable":true,"href":"https:\/\/aeprilclinics.nl\/pt-br\/wp-json\/wp\/v2\/media\/8987"}],"wp:attachment":[{"href":"https:\/\/aeprilclinics.nl\/pt-br\/wp-json\/wp\/v2\/media?parent=19161"}],"curies":[{"name":"wp","href":"https:\/\/api.w.org\/{rel}","templated":true}]}}