{"id":19311,"date":"2026-09-01T20:24:06","date_gmt":"2026-09-01T20:24:06","guid":{"rendered":"https:\/\/aeprilclinics.nl\/ufaq\/lemployeur-a-t-il-acces-aux-resultats-medicaux-de-ses-salaries\/"},"modified":"2026-09-01T20:25:08","modified_gmt":"2026-09-01T20:25:08","slug":"lemployeur-a-t-il-acces-aux-resultats-medicaux-de-ses-salaries","status":"publish","type":"ufaq","link":"https:\/\/aeprilclinics.nl\/fr\/ufaq\/lemployeur-a-t-il-acces-aux-resultats-medicaux-de-ses-salaries\/","title":{"rendered":"L&#8217;employeur a-t-il acc\u00e8s aux r\u00e9sultats m\u00e9dicaux de ses salari\u00e9s ?"},"content":{"rendered":"<div  class=\"ewd-ufaq-faq-list ewd-ufaq-page-type-distinct ewd-ufaq-category-tabs-\" id='ewd-ufaq-faq-list'>\n\n\t<input type='hidden' name='show_on_load' value='' id='ewd-ufaq-show-on-load' \/>\n<input type='hidden' name='include_category' value='' id='ewd-ufaq-include-category' \/>\n<input type='hidden' name='exclude_category' value='' id='ewd-ufaq-exclude-category' \/>\n<input type='hidden' name='orderby' value='date' id='ewd-ufaq-orderby' \/>\n<input type='hidden' name='order' value='asc' id='ewd-ufaq-order' \/>\n<input type='hidden' name='post_count' value='-1' id='ewd-ufaq-post-count' \/>\n<input type='hidden' name='current_url' value='\/fr\/wp-json\/wp\/v2\/ufaq\/19311' id='ewd-ufaq-current-url' \/>\n\t\n\t\n\t<div class='ewd-ufaq-faqs'>\n\n\t\t<div  class=\"ewd-ufaq-faq-div ewd-ufaq-faq-column-count-one ewd-ufaq-faq-responsive-columns- ewd-ufaq-faq-display-style-default ewd-ufaq-can-be-toggled\" id='ewd-ufaq-post-19311-VWrdWUZXDm' data-post_id='19311'>\n\n\t\t\n\t<div class='ewd-ufaq-faq-title ewd-ufaq-faq-toggle'>\n\t\n\t<a class='ewd-ufaq-post-margin'  href='#' role=\"button\">\n\n\t\t<div class='ewd-ufaq-post-margin-symbol ewd-ufaq-'>\n\t\t\t<span >A<\/span>\n\t\t<\/div>\n\n\t\t<div class='ewd-ufaq-faq-title-text'>\n\n\t\t\t<h4>\n\t\t\t\tL&#8217;employeur a-t-il acc\u00e8s aux r\u00e9sultats m\u00e9dicaux de ses salari\u00e9s ?\t\t\t<\/h4>\n\n\t\t<\/div>\n\n\t\t<div class='ewd-ufaq-clear'><\/div>\n\n\t<\/a>\n\t\n<\/div>\n\t\n\t<div class='ewd-ufaq-faq-body' >\n\n\t\t\n\t\t\t\n\t\t\n\t\t\t<div class='ewd-ufaq-post-margin ewd-ufaq-faq-post'>\n\t\n<p class=\"wp-block-paragraph\">Non. Les donn\u00e9es m\u00e9dicales individuelles et les r\u00e9sultats des examens sont confidentiels et ne sont pas communiqu\u00e9s \u00e0 l&#8217;employeur. La relation m\u00e9dicale s&rsquo;\u00e9tablit entre le participant et le professionnel de sant\u00e9 traitant. Le cas \u00e9ch\u00e9ant, dans le cadre de programmes de grande envergure, il est possible de recourir \u00e0 des rapports anonymis\u00e9s et agr\u00e9g\u00e9s.   <\/p>\n<\/div>\n\t\t\n\t\t\t\n\t\t\n\t\t\t\n\t\t\n\t\t\t\n\t\t\n\t\t\t\n\t\t\n\t\t\t\n\t\t\n\t\t\t\n\t\t\n\t\t\t\n\t\t\n\t\t\t\n\t\t\n\t<\/div>\n\n<\/div>\n\t<\/div>\n\n\t\n<\/div>","protected":false},"excerpt":{"rendered":"<p>A L&#8217;employeur a-t-il acc\u00e8s aux r\u00e9sultats m\u00e9dicaux de ses salari\u00e9s ? Non. Les donn\u00e9es m\u00e9dicales individuelles et les r\u00e9sultats des examens sont confidentiels et ne sont pas communiqu\u00e9s \u00e0 l&#8217;employeur. La relation m\u00e9dicale s&rsquo;\u00e9tablit entre le participant et le professionnel&#8230;<\/p>\n","protected":false},"author":14,"featured_media":0,"comment_status":"closed","ping_status":"closed","template":"","ufaq-category":[285],"ufaq-tag":[],"class_list":["post-19311","ufaq","type-ufaq","status-publish","hentry","ufaq-category-longevity-en-vitaliteit-hengelo"],"acf":[],"yoast_head":"<!-- This site is optimized with the Yoast SEO plugin v28.2 - https:\/\/yoast.com\/product\/yoast-seo-wordpress\/ -->\n<title>L&#039;employeur a-t-il acc\u00e8s aux r\u00e9sultats m\u00e9dicaux de ses salari\u00e9s ? - Aepril<\/title>\n<meta name=\"robots\" content=\"index, follow, max-snippet:-1, max-image-preview:large, max-video-preview:-1\" \/>\n<link rel=\"canonical\" href=\"https:\/\/aeprilclinics.nl\/fr\/ufaq\/lemployeur-a-t-il-acces-aux-resultats-medicaux-de-ses-salaries\/\" \/>\n<meta property=\"og:locale\" content=\"fr_FR\" \/>\n<meta property=\"og:type\" content=\"article\" \/>\n<meta property=\"og:title\" content=\"L&#039;employeur a-t-il acc\u00e8s aux r\u00e9sultats m\u00e9dicaux de ses salari\u00e9s ? - Aepril\" \/>\n<meta property=\"og:description\" content=\"A L&#8217;employeur a-t-il acc\u00e8s aux r\u00e9sultats m\u00e9dicaux de ses salari\u00e9s ? Non. Les donn\u00e9es m\u00e9dicales individuelles et les r\u00e9sultats des examens sont confidentiels et ne sont pas communiqu\u00e9s \u00e0 l&#8217;employeur. La relation m\u00e9dicale s&rsquo;\u00e9tablit entre le participant et le professionnel...\" \/>\n<meta property=\"og:url\" content=\"https:\/\/aeprilclinics.nl\/fr\/ufaq\/lemployeur-a-t-il-acces-aux-resultats-medicaux-de-ses-salaries\/\" \/>\n<meta property=\"og:site_name\" content=\"Aepril\" \/>\n<meta property=\"article:modified_time\" content=\"2026-09-01T20:25:08+00:00\" \/>\n<meta name=\"twitter:card\" content=\"summary_large_image\" \/>\n<script type=\"application\/ld+json\" class=\"yoast-schema-graph\">{\"@context\":\"https:\\\/\\\/schema.org\",\"@graph\":[{\"@type\":\"WebPage\",\"@id\":\"https:\\\/\\\/aeprilclinics.nl\\\/fr\\\/ufaq\\\/lemployeur-a-t-il-acces-aux-resultats-medicaux-de-ses-salaries\\\/\",\"url\":\"https:\\\/\\\/aeprilclinics.nl\\\/fr\\\/ufaq\\\/lemployeur-a-t-il-acces-aux-resultats-medicaux-de-ses-salaries\\\/\",\"name\":\"L'employeur a-t-il acc\u00e8s aux r\u00e9sultats m\u00e9dicaux de ses salari\u00e9s ? - Aepril\",\"isPartOf\":{\"@id\":\"https:\\\/\\\/aeprilclinics.nl\\\/fr\\\/#website\"},\"datePublished\":\"2026-09-01T20:24:06+00:00\",\"dateModified\":\"2026-09-01T20:25:08+00:00\",\"breadcrumb\":{\"@id\":\"https:\\\/\\\/aeprilclinics.nl\\\/fr\\\/ufaq\\\/lemployeur-a-t-il-acces-aux-resultats-medicaux-de-ses-salaries\\\/#breadcrumb\"},\"inLanguage\":\"fr-FR\",\"potentialAction\":[{\"@type\":\"ReadAction\",\"target\":[\"https:\\\/\\\/aeprilclinics.nl\\\/fr\\\/ufaq\\\/lemployeur-a-t-il-acces-aux-resultats-medicaux-de-ses-salaries\\\/\"]}]},{\"@type\":\"BreadcrumbList\",\"@id\":\"https:\\\/\\\/aeprilclinics.nl\\\/fr\\\/ufaq\\\/lemployeur-a-t-il-acces-aux-resultats-medicaux-de-ses-salaries\\\/#breadcrumb\",\"itemListElement\":[{\"@type\":\"ListItem\",\"position\":1,\"name\":\"Home\",\"item\":\"https:\\\/\\\/aeprilclinics.nl\\\/fr\\\/\"},{\"@type\":\"ListItem\",\"position\":2,\"name\":\"FAQs\",\"item\":\"https:\\\/\\\/aeprilclinics.nl\\\/fr\\\/ufaq\\\/\"},{\"@type\":\"ListItem\",\"position\":3,\"name\":\"L&#8217;employeur a-t-il acc\u00e8s aux r\u00e9sultats m\u00e9dicaux de ses salari\u00e9s ?\"}]},{\"@type\":\"WebSite\",\"@id\":\"https:\\\/\\\/aeprilclinics.nl\\\/fr\\\/#website\",\"url\":\"https:\\\/\\\/aeprilclinics.nl\\\/fr\\\/\",\"name\":\"Aepril\",\"description\":\"\",\"potentialAction\":[{\"@type\":\"SearchAction\",\"target\":{\"@type\":\"EntryPoint\",\"urlTemplate\":\"https:\\\/\\\/aeprilclinics.nl\\\/fr\\\/?s={search_term_string}\"},\"query-input\":{\"@type\":\"PropertyValueSpecification\",\"valueRequired\":true,\"valueName\":\"search_term_string\"}}],\"inLanguage\":\"fr-FR\"}]}<\/script>\n<!-- \/ Yoast SEO plugin. -->","yoast_head_json":{"title":"L'employeur a-t-il acc\u00e8s aux r\u00e9sultats m\u00e9dicaux de ses salari\u00e9s ? - Aepril","robots":{"index":"index","follow":"follow","max-snippet":"max-snippet:-1","max-image-preview":"max-image-preview:large","max-video-preview":"max-video-preview:-1"},"canonical":"https:\/\/aeprilclinics.nl\/fr\/ufaq\/lemployeur-a-t-il-acces-aux-resultats-medicaux-de-ses-salaries\/","og_locale":"fr_FR","og_type":"article","og_title":"L'employeur a-t-il acc\u00e8s aux r\u00e9sultats m\u00e9dicaux de ses salari\u00e9s ? - Aepril","og_description":"A L&#8217;employeur a-t-il acc\u00e8s aux r\u00e9sultats m\u00e9dicaux de ses salari\u00e9s ? Non. Les donn\u00e9es m\u00e9dicales individuelles et les r\u00e9sultats des examens sont confidentiels et ne sont pas communiqu\u00e9s \u00e0 l&#8217;employeur. La relation m\u00e9dicale s&rsquo;\u00e9tablit entre le participant et le professionnel...","og_url":"https:\/\/aeprilclinics.nl\/fr\/ufaq\/lemployeur-a-t-il-acces-aux-resultats-medicaux-de-ses-salaries\/","og_site_name":"Aepril","article_modified_time":"2026-09-01T20:25:08+00:00","twitter_card":"summary_large_image","schema":{"@context":"https:\/\/schema.org","@graph":[{"@type":"WebPage","@id":"https:\/\/aeprilclinics.nl\/fr\/ufaq\/lemployeur-a-t-il-acces-aux-resultats-medicaux-de-ses-salaries\/","url":"https:\/\/aeprilclinics.nl\/fr\/ufaq\/lemployeur-a-t-il-acces-aux-resultats-medicaux-de-ses-salaries\/","name":"L'employeur a-t-il acc\u00e8s aux r\u00e9sultats m\u00e9dicaux de ses salari\u00e9s ? - Aepril","isPartOf":{"@id":"https:\/\/aeprilclinics.nl\/fr\/#website"},"datePublished":"2026-09-01T20:24:06+00:00","dateModified":"2026-09-01T20:25:08+00:00","breadcrumb":{"@id":"https:\/\/aeprilclinics.nl\/fr\/ufaq\/lemployeur-a-t-il-acces-aux-resultats-medicaux-de-ses-salaries\/#breadcrumb"},"inLanguage":"fr-FR","potentialAction":[{"@type":"ReadAction","target":["https:\/\/aeprilclinics.nl\/fr\/ufaq\/lemployeur-a-t-il-acces-aux-resultats-medicaux-de-ses-salaries\/"]}]},{"@type":"BreadcrumbList","@id":"https:\/\/aeprilclinics.nl\/fr\/ufaq\/lemployeur-a-t-il-acces-aux-resultats-medicaux-de-ses-salaries\/#breadcrumb","itemListElement":[{"@type":"ListItem","position":1,"name":"Home","item":"https:\/\/aeprilclinics.nl\/fr\/"},{"@type":"ListItem","position":2,"name":"FAQs","item":"https:\/\/aeprilclinics.nl\/fr\/ufaq\/"},{"@type":"ListItem","position":3,"name":"L&#8217;employeur a-t-il acc\u00e8s aux r\u00e9sultats m\u00e9dicaux de ses salari\u00e9s ?"}]},{"@type":"WebSite","@id":"https:\/\/aeprilclinics.nl\/fr\/#website","url":"https:\/\/aeprilclinics.nl\/fr\/","name":"Aepril","description":"","potentialAction":[{"@type":"SearchAction","target":{"@type":"EntryPoint","urlTemplate":"https:\/\/aeprilclinics.nl\/fr\/?s={search_term_string}"},"query-input":{"@type":"PropertyValueSpecification","valueRequired":true,"valueName":"search_term_string"}}],"inLanguage":"fr-FR"}]}},"_links":{"self":[{"href":"https:\/\/aeprilclinics.nl\/fr\/wp-json\/wp\/v2\/ufaq\/19311","targetHints":{"allow":["GET"]}}],"collection":[{"href":"https:\/\/aeprilclinics.nl\/fr\/wp-json\/wp\/v2\/ufaq"}],"about":[{"href":"https:\/\/aeprilclinics.nl\/fr\/wp-json\/wp\/v2\/types\/ufaq"}],"author":[{"embeddable":true,"href":"https:\/\/aeprilclinics.nl\/fr\/wp-json\/wp\/v2\/users\/14"}],"replies":[{"embeddable":true,"href":"https:\/\/aeprilclinics.nl\/fr\/wp-json\/wp\/v2\/comments?post=19311"}],"wp:attachment":[{"href":"https:\/\/aeprilclinics.nl\/fr\/wp-json\/wp\/v2\/media?parent=19311"}],"wp:term":[{"taxonomy":"ufaq-category","embeddable":true,"href":"https:\/\/aeprilclinics.nl\/fr\/wp-json\/wp\/v2\/ufaq-category?post=19311"},{"taxonomy":"ufaq-tag","embeddable":true,"href":"https:\/\/aeprilclinics.nl\/fr\/wp-json\/wp\/v2\/ufaq-tag?post=19311"}],"curies":[{"name":"wp","href":"https:\/\/api.w.org\/{rel}","templated":true}]}}