{"id":19157,"date":"2026-08-29T12:48:38","date_gmt":"2026-08-29T12:48:38","guid":{"rendered":"https:\/\/aeprilclinics.nl\/longevity-sante-vitalite-et-bien-etre-des-collaborateurs\/"},"modified":"2026-08-30T16:21:24","modified_gmt":"2026-08-30T16:21:24","slug":"longevity-sante-vitalite-et-bien-etre-des-collaborateurs","status":"publish","type":"page","link":"https:\/\/aeprilclinics.nl\/fr\/longevity-sante-vitalite-et-bien-etre-des-collaborateurs\/","title":{"rendered":"Longevity : programme de vitalit\u00e9 destin\u00e9 aux collaborateurs"},"content":{"rendered":"\n<div class=\"wp-block-media-text has-media-on-the-right is-stacked-on-mobile is-image-fill-element\" style=\"margin-bottom:var(--wp--preset--spacing--60);grid-template-columns:auto 53%\"><div class=\"wp-block-media-text__content\">\n<h5 class=\"wp-block-heading\">Cliniques Aepril pour les entreprises<\/h5>\n\n\n\n<h2 class=\"wp-block-heading\">Programme de long\u00e9vit\u00e9, de sant\u00e9 et de vitalit\u00e9 destin\u00e9 aux collaborateurs<\/h2>\n\n\n\n<p class=\"wp-block-paragraph\">Aepril Clinics accompagne les entreprises et les organisations qui souhaitent investir dans la sant\u00e9, la vitalit\u00e9, le bien-\u00eatre et l&#8217;employabilit\u00e9 durable de leurs collaborateurs. Notre approche va au-del\u00e0 du fitness d&rsquo;entreprise traditionnel ou d&rsquo;un programme de vitalit\u00e9 ponctuel. Nous combinons <strong>expertise m\u00e9dicale, accompagnement en mati\u00e8re de mode de vie, <a href=\"https:\/\/aeprilclinics.nl\/fr\/soort-behandeling\/perte-de-poids-medicale\/\" data-type=\"soort-behandeling\" data-id=\"113\">gestion m\u00e9dicale du poids,<\/a> entra\u00eenement physique et coaching de haut niveau<\/strong> au sein de programmes adapt\u00e9s aux besoins des collaborateurs, des \u00e9quipes et des dirigeants.    <\/p>\n\n\n\n<p class=\"wp-block-paragraph\">Qu&rsquo;il s&rsquo;agisse d&rsquo;un parcours de sant\u00e9 personnalis\u00e9 pour vos collaborateurs ou d&rsquo;un accompagnement intensif de la direction et des cadres sup\u00e9rieurs : en collaboration avec votre organisation, nous \u00e9laborons un programme adapt\u00e9 \u00e0 vos collaborateurs, \u00e0 vos objectifs et \u00e0 vos ambitions. Des collaborateurs en meilleure sant\u00e9. Des \u00e9quipes plus solides. Une performance durable.   <\/p>\n\n\n\n<p class=\"wp-block-paragraph\">Recherchez-vous un <a href=\"https:\/\/aeprilclinics.nl\/fr\/partenaire-medical-pour-la-vitalite-et-la-longevite\/\" data-type=\"page\" data-id=\"19056\">partenaire m\u00e9dical ou <\/a>souhaitez-vous en savoir plus sur <a href=\"https:\/\/aeprilclinics.nl\/locatie\/aepril-voor-bedrijven\/\" data-type=\"locatie\" data-id=\"281\">Aepril Clincis pour les entreprises ?<\/a><\/p>\n\n\n\n<h2 class=\"wp-block-heading\">Des collaborateurs en bonne sant\u00e9, des organisations en bonne sant\u00e9<\/h2>\n\n\n\n<p class=\"wp-block-paragraph\">Les organisations investissent de plus en plus dans la sant\u00e9 et le bien-\u00eatre de leurs collaborateurs. Cela n&rsquo;a rien d&rsquo;\u00e9tonnant. Le travail et la sant\u00e9 sont \u00e9troitement li\u00e9s. L&rsquo;alimentation, l&rsquo;activit\u00e9 physique, le poids, le sommeil, le stress, la r\u00e9cup\u00e9ration et la forme physique jouent tous un r\u00f4le dans la fa\u00e7on dont les personnes se sentent et fonctionnent. Dans le m\u00eame temps, les besoins des collaborateurs varient consid\u00e9rablement. Alors qu\u2019un collaborateur souhaite atteindre un poids sant\u00e9, un autre souhaite am\u00e9liorer sa condition physique, faire davantage d\u2019exercice, se muscler ou accorder une attention syst\u00e9matique \u00e0 son alimentation, \u00e0 son sommeil et \u00e0 sa r\u00e9cup\u00e9ration. D\u2019autres souhaitent au contraire travailler leur efficacit\u00e9 personnelle, leur concentration, leur leadership, leur esprit d\u2019\u00e9quipe ou leur capacit\u00e9 \u00e0 g\u00e9rer les responsabilit\u00e9s et la pression.      <\/p>\n\n\n\n<p class=\"wp-block-paragraph\">C\u2019est pourquoi Aepril Clinics propose aux entreprises <strong>des programmes personnalis\u00e9s de sant\u00e9 et de performance, encadr\u00e9s par des professionnels<\/strong>. Nous ne nous int\u00e9ressons pas seulement \u00e0 ce qu\u2019une personne souhaite changer aujourd\u2019hui, mais surtout \u00e0 la mani\u00e8re dont le d\u00e9veloppement et l\u2019am\u00e9lioration de la sant\u00e9 peuvent \u00eatre p\u00e9rennis\u00e9s \u00e0 long terme. <\/p>\n<\/div><figure class=\"wp-block-media-text__media\"><img loading=\"lazy\" decoding=\"async\" width=\"683\" height=\"1024\" src=\"https:\/\/aeprilclinics.nl\/wp-content\/uploads\/2026\/08\/ChatGPT-Image-29-aug-2026-15_40_53-683x1024.png\" alt=\"\" class=\"wp-image-18925 size-full\" style=\"object-position:50% 50%\" srcset=\"https:\/\/aeprilclinics.nl\/wp-content\/uploads\/2026\/08\/ChatGPT-Image-29-aug-2026-15_40_53-683x1024.png 683w, https:\/\/aeprilclinics.nl\/wp-content\/uploads\/2026\/08\/ChatGPT-Image-29-aug-2026-15_40_53-200x300.png 200w, https:\/\/aeprilclinics.nl\/wp-content\/uploads\/2026\/08\/ChatGPT-Image-29-aug-2026-15_40_53-768x1152.png 768w, https:\/\/aeprilclinics.nl\/wp-content\/uploads\/2026\/08\/ChatGPT-Image-29-aug-2026-15_40_53-180x270.png 180w, https:\/\/aeprilclinics.nl\/wp-content\/uploads\/2026\/08\/ChatGPT-Image-29-aug-2026-15_40_53.png 1024w\" sizes=\"auto, (max-width: 683px) 100vw, 683px\" \/><\/figure><\/div>\n\n<div class=\"wp-block-media-text is-stacked-on-mobile is-image-fill-element\" style=\"margin-bottom:var(--wp--preset--spacing--60)\"><figure class=\"wp-block-media-text__media\"><img loading=\"lazy\" decoding=\"async\" width=\"1024\" height=\"683\" src=\"https:\/\/aeprilclinics.nl\/wp-content\/uploads\/2026\/08\/ChatGPT-Image-29-aug-2026-14_56_17-1-1024x683.png\" alt=\"\" class=\"wp-image-18894 size-full\" style=\"object-position:50% 50%\" srcset=\"https:\/\/aeprilclinics.nl\/wp-content\/uploads\/2026\/08\/ChatGPT-Image-29-aug-2026-14_56_17-1-1024x683.png 1024w, https:\/\/aeprilclinics.nl\/wp-content\/uploads\/2026\/08\/ChatGPT-Image-29-aug-2026-14_56_17-1-300x200.png 300w, https:\/\/aeprilclinics.nl\/wp-content\/uploads\/2026\/08\/ChatGPT-Image-29-aug-2026-14_56_17-1-768x512.png 768w, https:\/\/aeprilclinics.nl\/wp-content\/uploads\/2026\/08\/ChatGPT-Image-29-aug-2026-14_56_17-1-405x270.png 405w, https:\/\/aeprilclinics.nl\/wp-content\/uploads\/2026\/08\/ChatGPT-Image-29-aug-2026-14_56_17-1.png 1536w\" sizes=\"auto, (max-width: 1024px) 100vw, 1024px\" \/><\/figure><div class=\"wp-block-media-text__content\">\n<h5 class=\"wp-block-heading\">Ce que nous proposons<\/h5>\n\n\n\n<h2 class=\"wp-block-heading\">Que propose Aepril Clinics aux entreprises ?<\/h2>\n\n\n\n<p class=\"wp-block-paragraph\">Un programme de sant\u00e9 et de vitalit\u00e9 encadr\u00e9 par des professionnels de sant\u00e9, destin\u00e9 aux collaborateurs qui souhaitent s&rsquo;investir activement dans leur sant\u00e9. En fonction du programme, les participants peuvent b\u00e9n\u00e9ficier d&rsquo;un accompagnement dans les domaines suivants : <\/p>\n\n\n\n<ul class=\"wp-block-list\">\n<li>Sant\u00e9 et pr\u00e9vention ;<\/li>\n\n\n\n<li>Alimentation et mode de vie ;<\/li>\n\n\n\n<li>Activit\u00e9 physique ;<\/li>\n\n\n\n<li>Poids ;<\/li>\n\n\n\n<li>Composition corporelle ;<\/li>\n\n\n\n<li>Condition physique et force ;<\/li>\n\n\n\n<li>Sommeil et r\u00e9cup\u00e9ration ;<\/li>\n\n\n\n<li>\u00c9nergie et vitalit\u00e9 ;<\/li>\n\n\n\n<li>Des habitudes saines et durables.<\/li>\n<\/ul>\n\n\n\n<p class=\"wp-block-paragraph\">Ce programme peut \u00eatre propos\u00e9 \u00e0 des collaborateurs \u00e0 titre individuel, \u00e0 des \u00e9quipes sp\u00e9cifiques ou \u00e0 un groupe plus large au sein de l&rsquo;organisation.<\/p>\n<\/div><\/div>\n\n<div class=\"wp-block-buttons is-content-justification-center is-layout-flex wp-container-core-buttons-is-layout-0aa01211 wp-block-buttons-is-layout-flex\">\n<div class=\"wp-block-button\"><a class=\"wp-block-button__link wp-element-button\" href=\"https:\/\/aeprilclinics.nl\/fr\/contact\/\">Prenez rendez-vous d\u00e8s maintenant pour un entretien-conseil<\/a><\/div>\n<\/div>\n\n<div style=\"height:50px\" aria-hidden=\"true\" class=\"wp-block-spacer\"><\/div>\n\n<h2 class=\"wp-block-heading has-text-align-center\">Nos sp\u00e9cialistes en sant\u00e9, vitalit\u00e9 et bien-\u00eatre<\/h2>\n\n<p class=\"wp-block-paragraph\">    <div class=\"artsen-block locatie-Utrecht count-4\">\n\t\t            <article class=\"arts-item\" style=\"background: \">\n                <a href=\"https:\/\/aeprilclinics.nl\/fr\/arts\/le-docteur-murin\/\">\n                    <div class=\"article-thumbnail\" style=\"background-image: url(\n\t\t\t\t\thttps:\/\/aeprilclinics.nl\/wp-content\/uploads\/2025\/12\/WhatsApp-Image-2025-12-23-at-17.19.48-1-1024x826.jpeg                            );\"><\/div>\n\n\n                    <div class=\"content\">\n                         <h3>Le docteur Murin<\/h3>\n                        <span><p>Utrecht<\/p>\n<\/span>\n                    <\/div>\n                <\/a>\n            <\/article>\n\t\t\t            <article class=\"arts-item\" style=\"background: \">\n                <a href=\"https:\/\/aeprilclinics.nl\/fr\/arts\/le-docteur-sameer\/\">\n                    <div class=\"article-thumbnail\" style=\"background-image: url(\n\t\t\t\t\thttps:\/\/aeprilclinics.nl\/wp-content\/uploads\/2026\/08\/Ontwerp-zonder-titel-1-706x1024.png                            );\"><\/div>\n\n\n                    <div class=\"content\">\n                         <h3>Le docteur Sameer<\/h3>\n                        <span><p>Hengelo et Utrecht<\/p>\n<\/span>\n                    <\/div>\n                <\/a>\n            <\/article>\n\t\t\t            <article class=\"arts-item\" style=\"background: \">\n                <a href=\"https:\/\/aeprilclinics.nl\/fr\/arts\/docteur-layla\/\">\n                    <div class=\"article-thumbnail\" style=\"background-image: url(\n\t\t\t\t\thttps:\/\/aeprilclinics.nl\/wp-content\/uploads\/2026\/07\/WhatsApp-Image-2026-07-14-at-17.23.36-1.jpeg                            );\"><\/div>\n\n\n                    <div class=\"content\">\n                         <h3>Docteur Layla<\/h3>\n                        <span><p>Hengelo et Utrecht<\/p>\n<\/span>\n                    <\/div>\n                <\/a>\n            <\/article>\n\t\t\t            <article class=\"arts-item\" style=\"background: \">\n                <a href=\"https:\/\/aeprilclinics.nl\/fr\/arts\/docteur-dorith\/\">\n                    <div class=\"article-thumbnail\" style=\"background-image: url(\n\t\t\t\t\thttps:\/\/aeprilclinics.nl\/wp-content\/uploads\/2025\/10\/PHOTO-2025-10-30-20-47-46-768x1024.jpg                            );\"><\/div>\n\n\n                    <div class=\"content\">\n                         <h3>Docteur Dorith<\/h3>\n                        <span><p>Hengelo et Utrecht<\/p>\n<\/span>\n                    <\/div>\n                <\/a>\n            <\/article>\n\t\t\t        <article class=\"arts-item\">\n            <a href=\"\/team\">\n                <div class=\"article-thumbnail\" style=\"background-image: url('https:\/\/aeprilclinics.nl\/wp-content\/uploads\/2026\/08\/IMG_6257-scaled.jpg');\"><\/div>\n\n\n            <div class=\"content\">\n\n                <h4>Notre \u00e9quipe<\/h4>\n\n                <span><\/p>\n\n<p class=\"wp-block-paragraph\">D\u00e9couvrez notre formidable \u00e9quipe de sp\u00e9cialistes.<\/p>\n\n<p class=\"wp-block-paragraph\"><\/span>\n            <\/div>\n            <\/a>\n        <\/article>\n            <\/div>\n\t<\/p>\n\n<div class=\"wp-block-cover alignfull is-light\" style=\"margin-top:var(--wp--preset--spacing--60);margin-bottom:var(--wp--preset--spacing--60)\"><span aria-hidden=\"true\" class=\"wp-block-cover__background has-accent-2-background-color has-background-dim-100 has-background-dim\"><\/span><div class=\"wp-block-cover__inner-container has-global-padding is-layout-constrained wp-block-cover-is-layout-constrained\">\n<h5 class=\"wp-block-heading has-text-align-center\">Informations<\/h5>\n\n\n\n<h2 class=\"wp-block-heading has-text-align-center\">Informations sur notre programme \u00ab Sant\u00e9, bien-\u00eatre et vitalit\u00e9 \u00bb<\/h2>\n\n\n\n<div class=\"wp-block-columns is-layout-flex wp-container-core-columns-is-layout-6c0c7bf9 wp-block-columns-is-layout-flex\" style=\"margin-top:var(--wp--preset--spacing--40);margin-bottom:var(--wp--preset--spacing--40)\">\n<div class=\"wp-block-column is-layout-flow wp-block-column-is-layout-flow\">\n<div class=\"wp-block-columns is-not-stacked-on-mobile is-layout-flex wp-container-core-columns-is-layout-3a88641f wp-block-columns-is-layout-flex\">\n<div class=\"wp-block-column is-layout-flow wp-block-column-is-layout-flow\" style=\"flex-basis:50px\">\n<figure class=\"wp-block-image size-full\"><img loading=\"lazy\" decoding=\"async\" width=\"300\" height=\"315\" src=\"https:\/\/aeprilclinics.nl\/wp-content\/uploads\/2025\/01\/icon-merk.png\" alt=\"\" class=\"wp-image-1001\" srcset=\"https:\/\/aeprilclinics.nl\/wp-content\/uploads\/2025\/01\/icon-merk.png 300w, https:\/\/aeprilclinics.nl\/wp-content\/uploads\/2025\/01\/icon-merk-286x300.png 286w, https:\/\/aeprilclinics.nl\/wp-content\/uploads\/2025\/01\/icon-merk-257x270.png 257w\" sizes=\"auto, (max-width: 300px) 100vw, 300px\" \/><\/figure>\n<\/div>\n\n\n\n<div class=\"wp-block-column is-layout-flow wp-block-column-is-layout-flow\">\n<h3 class=\"wp-block-heading\">Sommaire :<\/h3>\n\n\n\n<ul class=\"wp-block-list\">\n<li>Gestion m\u00e9dicale du poids pour les collaborateurs<\/li>\n\n\n\n<li>Entra\u00eenement personnalis\u00e9 et bilans de sant\u00e9 physique<\/li>\n\n\n\n<li>Coaching haute performance pour les \u00e9quipes<\/li>\n\n\n\n<li>Sant\u00e9 et performance des cadres<\/li>\n<\/ul>\n<\/div>\n<\/div>\n<\/div>\n\n\n\n<div class=\"wp-block-column is-layout-flow wp-block-column-is-layout-flow\">\n<div class=\"wp-block-columns is-not-stacked-on-mobile is-layout-flex wp-container-core-columns-is-layout-3a88641f wp-block-columns-is-layout-flex\">\n<div class=\"wp-block-column is-layout-flow wp-block-column-is-layout-flow\" style=\"flex-basis:50px\">\n<figure class=\"wp-block-image size-full\"><img loading=\"lazy\" decoding=\"async\" width=\"300\" height=\"315\" src=\"https:\/\/aeprilclinics.nl\/wp-content\/uploads\/2025\/01\/icon-behandeltijd.png\" alt=\"\" class=\"wp-image-1002\" srcset=\"https:\/\/aeprilclinics.nl\/wp-content\/uploads\/2025\/01\/icon-behandeltijd.png 300w, https:\/\/aeprilclinics.nl\/wp-content\/uploads\/2025\/01\/icon-behandeltijd-286x300.png 286w, https:\/\/aeprilclinics.nl\/wp-content\/uploads\/2025\/01\/icon-behandeltijd-257x270.png 257w\" sizes=\"auto, (max-width: 300px) 100vw, 300px\" \/><\/figure>\n<\/div>\n\n\n\n<div class=\"wp-block-column is-layout-flow wp-block-column-is-layout-flow\">\n<h3 class=\"wp-block-heading\">Dur\u00e9e du traitement<\/h3>\n\n\n\n<p class=\"wp-block-paragraph\">\u00c0 partir de 3 mois, avec un nombre illimit\u00e9 de programmes<\/p>\n<\/div>\n<\/div>\n<\/div>\n\n\n\n<div class=\"wp-block-column is-layout-flow wp-block-column-is-layout-flow\">\n<div class=\"wp-block-columns is-not-stacked-on-mobile is-layout-flex wp-container-core-columns-is-layout-3a88641f wp-block-columns-is-layout-flex\">\n<div class=\"wp-block-column is-layout-flow wp-block-column-is-layout-flow\" style=\"flex-basis:50px\">\n<figure class=\"wp-block-image size-full\"><img loading=\"lazy\" decoding=\"async\" width=\"61\" height=\"64\" src=\"https:\/\/aeprilclinics.nl\/wp-content\/uploads\/2025\/01\/icon-resultaat.png\" alt=\"\" class=\"wp-image-1003\"\/><\/figure>\n<\/div>\n\n\n\n<div class=\"wp-block-column is-layout-flow wp-block-column-is-layout-flow\">\n<h3 class=\"wp-block-heading\">R\u00e9sultat<\/h3>\n\n\n\n<p class=\"wp-block-paragraph\">En l&rsquo;espace de 3 mois, avec des r\u00e9sultats durables au bout de 9 \u00e0 12 mois<\/p>\n<\/div>\n<\/div>\n<\/div>\n\n\n\n<div class=\"wp-block-column is-layout-flow wp-block-column-is-layout-flow\">\n<div class=\"wp-block-columns is-not-stacked-on-mobile is-layout-flex wp-container-core-columns-is-layout-3a88641f wp-block-columns-is-layout-flex\">\n<div class=\"wp-block-column is-layout-flow wp-block-column-is-layout-flow\" style=\"flex-basis:50px\">\n<figure class=\"wp-block-image size-full\"><img loading=\"lazy\" decoding=\"async\" width=\"300\" height=\"315\" src=\"https:\/\/aeprilclinics.nl\/wp-content\/uploads\/2025\/01\/icon-prijs.png\" alt=\"\" class=\"wp-image-1004\" srcset=\"https:\/\/aeprilclinics.nl\/wp-content\/uploads\/2025\/01\/icon-prijs.png 300w, https:\/\/aeprilclinics.nl\/wp-content\/uploads\/2025\/01\/icon-prijs-286x300.png 286w, https:\/\/aeprilclinics.nl\/wp-content\/uploads\/2025\/01\/icon-prijs-257x270.png 257w\" sizes=\"auto, (max-width: 300px) 100vw, 300px\" \/><\/figure>\n<\/div>\n\n\n\n<div class=\"wp-block-column is-layout-flow wp-block-column-is-layout-flow\">\n<h3 class=\"wp-block-heading\">Co\u00fbts<\/h3>\n\n\n\n<p class=\"wp-block-paragraph\">Cela d\u00e9pend du parcours, du nombre de salari\u00e9s et des souhaits<\/p>\n<\/div>\n<\/div>\n<\/div>\n<\/div>\n<\/div><\/div>\n\n<div class=\"wp-block-columns is-layout-flex wp-container-core-columns-is-layout-3a88641f wp-block-columns-is-layout-flex\">\n<div class=\"wp-block-column is-layout-flow wp-block-column-is-layout-flow\">\n<h2 class=\"wp-block-heading\">Gestion m\u00e9dicale du poids pour les collaborateurs<\/h2>\n\n\n\n<p class=\"wp-block-paragraph\">Pour les collaborateurs en surpoids ou souffrant d\u2019ob\u00e9sit\u00e9, nous proposons <a href=\"https:\/\/aeprilclinics.nl\/fr\/soort-behandeling\/perte-de-poids-medicale\/\" data-type=\"soort-behandeling\" data-id=\"113\">un accompagnement professionnel visant \u00e0 atteindre et \u00e0 <\/a>maintenir un poids plus sain. Notre approche va au-del\u00e0 d\u2019un simple programme alimentaire. Un parcours personnalis\u00e9 peut inclure un suivi m\u00e9dical, des conseils nutritionnels, de l\u2019activit\u00e9 physique, un changement de mode de vie, des mesures corporelles et des \u00e9valuations p\u00e9riodiques. Lorsqu\u2019il existe une indication m\u00e9dicale, un m\u00e9decin peut en outre \u00e9valuer si un traitement m\u00e9dicamenteux est appropri\u00e9. Les d\u00e9cisions m\u00e9dicales sont toujours prises de mani\u00e8re ind\u00e9pendante entre le m\u00e9decin traitant et le participant. L\u2019employeur n\u2019a aucune influence sur ce processus et ne re\u00e7oit aucune information m\u00e9dicale individuelle.     <\/p>\n<\/div>\n<\/div>\n\n<div style=\"height:63px\" aria-hidden=\"true\" class=\"wp-block-spacer\"><\/div>\n\n<h2 class=\"wp-block-heading\">Entra\u00eenement personnalis\u00e9 et bilans de sant\u00e9 physique<\/h2>\n\n<p class=\"wp-block-paragraph\">Pour les organisations qui souhaitent investir davantage dans la sant\u00e9 physique et les performances de leurs collaborateurs, nos programmes peuvent \u00eatre compl\u00e9t\u00e9s par un accompagnement sportif personnalis\u00e9. L&rsquo;entra\u00eenement est adapt\u00e9 au niveau et aux objectifs personnels de chaque participant. <\/p>\n\n<p class=\"wp-block-paragraph\">Pensez \u00e0 :<\/p>\n\n<ul class=\"wp-block-list\">\n<li>Am\u00e9lioration de la condition physique ;<\/li>\n\n\n\n<li>D\u00e9velopper sa force ;<\/li>\n\n\n\n<li>Augmenter la capacit\u00e9 de travail quotidienne ;<\/li>\n\n\n\n<li>Am\u00e9lioration de la composition corporelle ;<\/li>\n\n\n\n<li>D\u00e9veloppement de la masse musculaire ;<\/li>\n\n\n\n<li>Pratiquer une activit\u00e9 physique de mani\u00e8re r\u00e9guli\u00e8re ;<\/li>\n\n\n\n<li>Mesures m\u00e9dicales ;<\/li>\n\n\n\n<li>Am\u00e9liorer les performances physiques g\u00e9n\u00e9rales.<\/li>\n<\/ul>\n\n<p class=\"wp-block-paragraph\">La combinaison d&rsquo;un accompagnement m\u00e9dical, d&rsquo;un mode de vie sain et d&rsquo;une activit\u00e9 physique permet de mettre en place une approche int\u00e9gr\u00e9e de la sant\u00e9.<\/p>\n\n<div style=\"height:59px\" aria-hidden=\"true\" class=\"wp-block-spacer\"><\/div>\n\n<h2 class=\"wp-block-heading\">Coaching de haute performance<\/h2>\n\n<p class=\"wp-block-paragraph\"><strong>Coaching destin\u00e9 aux collaborateurs, aux \u00e9quipes et aux dirigeants<\/strong><br\/><br\/>La sant\u00e9 et la performance ne d\u00e9pendent pas uniquement de facteurs physiques. Le comportement, la concentration, la collaboration, le leadership et la mani\u00e8re dont chacun g\u00e8re les responsabilit\u00e9s et la pression jouent \u00e9galement un r\u00f4le important. C&rsquo;est pourquoi <strong>le coaching de haute performance<\/strong> peut faire partie int\u00e9grante de nos programmes destin\u00e9s aux organisations. Le coaching individuel peut \u00eatre propos\u00e9 aux collaborateurs, \u00e0 titre individuel ou en \u00e9quipe, qui souhaitent travailler sur leur d\u00e9veloppement personnel et leurs performances.   <\/p>\n\n<p class=\"wp-block-paragraph\">En fonction de la personne et de ses objectifs, il est possible de se concentrer sur :<\/p>\n\n<ul class=\"wp-block-list\">\n<li>Efficacit\u00e9 personnelle ;<\/li>\n\n\n\n<li>Objectifs et priorit\u00e9s ;<\/li>\n\n\n\n<li>\u00c9nergie et performance ;<\/li>\n\n\n\n<li>G\u00e9rer la pression et les responsabilit\u00e9s ;<\/li>\n\n\n\n<li>Communication ;<\/li>\n\n\n\n<li>La confiance en soi ;<\/li>\n\n\n\n<li>Propri\u00e9t\u00e9 ;<\/li>\n\n\n\n<li>Adopter des habitudes efficaces ;<\/li>\n\n\n\n<li>\u00c9panouissement personnel et professionnel ;<\/li>\n\n\n\n<li>\u00c9quilibre entre l&rsquo;effort et la r\u00e9cup\u00e9ration.<\/li>\n<\/ul>\n\n<p class=\"wp-block-paragraph\">Le coaching peut \u00eatre propos\u00e9 sous forme de programme autonome ou \u00eatre associ\u00e9 \u00e0 un accompagnement en mati\u00e8re de sant\u00e9, de mode de vie et d&rsquo;activit\u00e9 physique.<\/p>\n\n<div style=\"height:76px\" aria-hidden=\"true\" class=\"wp-block-spacer\"><\/div>\n\n<div class=\"wp-block-media-text is-stacked-on-mobile is-image-fill-element\"><figure class=\"wp-block-media-text__media\"><img loading=\"lazy\" decoding=\"async\" width=\"1024\" height=\"544\" src=\"https:\/\/aeprilclinics.nl\/wp-content\/uploads\/2026\/08\/ChatGPT-Image-29-aug-2026-15_35_05-1-1024x544.png\" alt=\"\" class=\"wp-image-18919 size-full\" style=\"object-position:50% 50%\" srcset=\"https:\/\/aeprilclinics.nl\/wp-content\/uploads\/2026\/08\/ChatGPT-Image-29-aug-2026-15_35_05-1-1024x544.png 1024w, https:\/\/aeprilclinics.nl\/wp-content\/uploads\/2026\/08\/ChatGPT-Image-29-aug-2026-15_35_05-1-300x159.png 300w, https:\/\/aeprilclinics.nl\/wp-content\/uploads\/2026\/08\/ChatGPT-Image-29-aug-2026-15_35_05-1-768x408.png 768w, https:\/\/aeprilclinics.nl\/wp-content\/uploads\/2026\/08\/ChatGPT-Image-29-aug-2026-15_35_05-1-1536x816.png 1536w, https:\/\/aeprilclinics.nl\/wp-content\/uploads\/2026\/08\/ChatGPT-Image-29-aug-2026-15_35_05-1-508x270.png 508w, https:\/\/aeprilclinics.nl\/wp-content\/uploads\/2026\/08\/ChatGPT-Image-29-aug-2026-15_35_05-1.png 1720w\" sizes=\"auto, (max-width: 1024px) 100vw, 1024px\" \/><\/figure><div class=\"wp-block-media-text__content\">\n<h5 class=\"wp-block-heading\">La sant\u00e9 au sein de votre entreprise<\/h5>\n\n\n\n<h2 class=\"wp-block-heading\">La sant\u00e9, un atout pour attirer les candidats<\/h2>\n\n\n\n<p class=\"wp-block-paragraph\">Les employeurs cherchent de plus en plus souvent des moyens de soutenir leurs collaborateurs non seulement sur le plan financier, mais aussi en mati\u00e8re de sant\u00e9, de bien-\u00eatre et de d\u00e9veloppement.<\/p>\n\n\n\n<p class=\"wp-block-paragraph\">Un programme personnalis\u00e9 de sant\u00e9 et de performance peut s&rsquo;inscrire dans le cadre d&rsquo;une politique plus large en mati\u00e8re de <strong>vitalit\u00e9,<\/strong> de <strong>bien-\u00eatre,<\/strong> de <strong>d\u00e9veloppement des talents et d&#8217;employabilit\u00e9 durable<\/strong>.<\/p>\n\n\n\n<p class=\"wp-block-paragraph\">Les organisations peuvent, par exemple, proposer nos programmes sous la forme de :<\/p>\n\n\n\n<ul class=\"wp-block-list\">\n<li>Conditions de travail compl\u00e9mentaires ;<\/li>\n\n\n\n<li>Dans le cadre d&rsquo;un programme de vitalit\u00e9 ;<\/li>\n\n\n\n<li>Budget personnel d\u00e9di\u00e9 \u00e0 la sant\u00e9 ou au bien-\u00eatre ;<\/li>\n\n\n\n<li>Programme de sant\u00e9 volontaire ;<\/li>\n\n\n\n<li>Programme de pr\u00e9vention en mati\u00e8re de sant\u00e9 ;<\/li>\n\n\n\n<li>Avantage social haut de gamme ;<\/li>\n\n\n\n<li>Programme de coaching destin\u00e9 aux collaborateurs ;<\/li>\n\n\n\n<li>D\u00e9veloppement d&rsquo;\u00e9quipe ;<\/li>\n\n\n\n<li>D\u00e9veloppement du leadership ;<\/li>\n\n\n\n<li>Programme destin\u00e9 \u00e0 certains collaborateurs ou \u00e9quipes ;<\/li>\n\n\n\n<li>Executive Health &amp; Performance pour les dirigeants et les cadres.<\/li>\n<\/ul>\n\n\n\n<p class=\"wp-block-paragraph\">Ensemble, nous d\u00e9terminerons quelle formule correspond le mieux \u00e0 votre organisation.<\/p>\n<\/div><\/div>\n\n<div style=\"height:64px\" aria-hidden=\"true\" class=\"wp-block-spacer\"><\/div>\n\n<h2 class=\"wp-block-heading\">D\u2019un simple collaborateur \u00e0 un programme \u00e0 l\u2019\u00e9chelle de l\u2019organisation<\/h2>\n\n<p class=\"wp-block-paragraph\">Vous n&rsquo;\u00eates pas oblig\u00e9 de souscrire imm\u00e9diatement \u00e0 un programme destin\u00e9 \u00e0 l&rsquo;ensemble de l&rsquo;organisation. Aepril Clinics peut vous proposer diff\u00e9rentes formules de collaboration. Un employeur peut, par exemple, mettre \u00e0 disposition un budget d\u00e9di\u00e9 \u00e0 la sant\u00e9 ou au d\u00e9veloppement professionnel permettant aux collaborateurs de b\u00e9n\u00e9ficier de nos services. Par ailleurs, nous pouvons \u00e9laborer un programme destin\u00e9 \u00e0 un groupe de collaborateurs pr\u00e9s\u00e9lectionn\u00e9s ou mettre en place un parcours complet pour une \u00e9quipe, un service ou une organisation.   <\/p>\n\n<p class=\"wp-block-paragraph\">Il est \u00e9galement possible de commencer par <strong>un projet pilote.<\/strong> <\/p>\n\n<p class=\"wp-block-paragraph\">Souhaitez-vous d\u2019abord \u00e9valuer l\u2019accueil r\u00e9serv\u00e9 \u00e0 un programme de sant\u00e9 et de performance au sein de votre organisation ? Commencez par exemple avec <strong>10 \u00e0 20 collaborateurs<\/strong>. Pendant une p\u00e9riode convenue, nous accompagnons les participants dans la r\u00e9alisation de leurs objectifs individuels en mati\u00e8re de sant\u00e9 et de d\u00e9veloppement. En fonction de la formule choisie, un suivi m\u00e9dical, des conseils en mati\u00e8re de mode de vie, un entra\u00eenement personnalis\u00e9 et du coaching peuvent \u00eatre combin\u00e9s au sein d\u2019un m\u00eame projet pilote. Sur la base des retours d\u2019exp\u00e9rience, il sera ensuite possible de d\u00e9terminer si le programme sera propos\u00e9 \u00e0 plus grande \u00e9chelle au sein de l\u2019organisation.    <\/p>\n\n<div style=\"height:67px\" aria-hidden=\"true\" class=\"wp-block-spacer\"><\/div>\n\n<h2 class=\"wp-block-heading\">Collaboration avec les services des ressources humaines, \u00ab People &amp; Culture \u00bb et les services de sant\u00e9 et de s\u00e9curit\u00e9 au travail<\/h2>\n\n<p class=\"wp-block-paragraph\">Aepril Clinics collabore avec des organismes et des professionnels charg\u00e9s de la sant\u00e9, du d\u00e9veloppement et de l&#8217;employabilit\u00e9 des collaborateurs.<\/p>\n\n<p class=\"wp-block-paragraph\">Nous sommes ravis de vous accompagner dans :<\/p>\n\n<ul class=\"wp-block-list\">\n<li>Services des ressources humaines ;<\/li>\n\n\n\n<li>Personnes et culture ;<\/li>\n\n\n\n<li>Formation et d\u00e9veloppement ;<\/li>\n\n\n\n<li>Direction et \u00e9quipe de direction ;<\/li>\n\n\n\n<li>Responsables de la vitalit\u00e9 et du bien-\u00eatre ;<\/li>\n\n\n\n<li>M\u00e9decins du travail ;<\/li>\n\n\n\n<li>Services de sant\u00e9 et de s\u00e9curit\u00e9 au travail ;<\/li>\n\n\n\n<li>Employeurs et chefs d&rsquo;entreprise.<\/li>\n<\/ul>\n\n<p class=\"wp-block-paragraph\">Notre offre peut \u00eatre mise en \u0153uvre de mani\u00e8re autonome ou en tant qu&rsquo;intervention compl\u00e9mentaire dans le cadre de programmes existants consacr\u00e9s \u00e0 la vitalit\u00e9, au bien-\u00eatre, au d\u00e9veloppement du leadership et \u00e0 l&#8217;employabilit\u00e9 durable.<\/p>\n\n<div style=\"height:77px\" aria-hidden=\"true\" class=\"wp-block-spacer\"><\/div>\n\n<div class=\"wp-block-cover alignfull is-light\" style=\"margin-top:var(--wp--preset--spacing--60);margin-bottom:var(--wp--preset--spacing--60)\"><span aria-hidden=\"true\" class=\"wp-block-cover__background has-accent-2-background-color has-background-dim-100 has-background-dim\"><\/span><div class=\"wp-block-cover__inner-container has-global-padding is-layout-constrained wp-block-cover-is-layout-constrained\">\n<h5 class=\"wp-block-heading has-text-align-center\">Faq<\/h5>\n\n\n\n<h2 class=\"wp-block-heading has-text-align-center\" style=\"margin-bottom:var(--wp--preset--spacing--40)\">Questions fr\u00e9quemment pos\u00e9es<\/h2>\n\n\n<div  class=\"ewd-ufaq-faq-list ewd-ufaq-page-type-distinct ewd-ufaq-category-tabs-\" id='ewd-ufaq-faq-list'>\n\n\t<input type='hidden' name='show_on_load' value='' id='ewd-ufaq-show-on-load' \/>\n<input type='hidden' name='include_category' value='gezondheid-vitaliteit-welzijn-bedrijven' id='ewd-ufaq-include-category' \/>\n<input type='hidden' name='exclude_category' value='' id='ewd-ufaq-exclude-category' \/>\n<input type='hidden' name='orderby' value='date' id='ewd-ufaq-orderby' \/>\n<input type='hidden' name='order' value='asc' id='ewd-ufaq-order' \/>\n<input type='hidden' name='post_count' value='-1' id='ewd-ufaq-post-count' \/>\n<input type='hidden' name='current_url' value='\/fr\/wp-json\/wp\/v2\/pages\/19157' id='ewd-ufaq-current-url' \/>\n\t\n\t\n\t<div class='ewd-ufaq-faqs'>\n\n\t\t<div  class=\"ewd-ufaq-faq-div ewd-ufaq-faq-column-count-one ewd-ufaq-faq-responsive-columns- ewd-ufaq-faq-display-style-default ewd-ufaq-can-be-toggled\" id='ewd-ufaq-post-18933-TKaSJcMQcS' data-post_id='18933'>\n\n\t\t\n\t<div class='ewd-ufaq-faq-title ewd-ufaq-faq-toggle'>\n\t\n\t<a class='ewd-ufaq-post-margin'  href='#' role=\"button\">\n\n\t\t<div class='ewd-ufaq-post-margin-symbol ewd-ufaq-'>\n\t\t\t<span >a<\/span>\n\t\t<\/div>\n\n\t\t<div class='ewd-ufaq-faq-title-text'>\n\n\t\t\t<h4>\n\t\t\t\tQu&rsquo;est-ce qu&rsquo;un programme de bien-\u00eatre destin\u00e9 aux collaborateurs ?\t\t\t<\/h4>\n\n\t\t<\/div>\n\n\t\t<div class='ewd-ufaq-clear'><\/div>\n\n\t<\/a>\n\t\n<\/div>\n\t\n\t<div class='ewd-ufaq-faq-body ewd-ufaq-hidden' >\n\n\t\t\n\t\t\t\n\t\t\n\t\t\t<div class='ewd-ufaq-post-margin ewd-ufaq-faq-post'>\n\t\n<p class=\"wp-block-paragraph\">Un programme de vitalit\u00e9 destin\u00e9 aux collaborateurs est un programme par lequel un employeur aide ses salari\u00e9s \u00e0 am\u00e9liorer leur sant\u00e9, leur mode de vie et leur vitalit\u00e9. Chez Aepril Clinics, nous allions expertise m\u00e9dicale et accompagnement personnalis\u00e9 dans les domaines de la nutrition, de l&rsquo;activit\u00e9 physique, de la gestion du poids, de la condition physique, du sommeil, de la r\u00e9cup\u00e9ration et de la performance. Selon le programme choisi, des s\u00e9ances d\u2019entra\u00eenement personnalis\u00e9es et du coaching peuvent \u00e9galement faire partie du parcours.  <\/p>\n<\/div>\n\t\t\n\t\t\t\n\t\t\n\t\t\t\n\t\t\n\t\t\t\n\t\t\n\t\t\t\n\t\t\n\t\t\t\n\t\t\n\t\t\t\n\t\t\n\t\t\t\n\t\t\n\t\t\t\n\t\t\n\t<\/div>\n\n<\/div><div  class=\"ewd-ufaq-faq-div ewd-ufaq-faq-column-count-one ewd-ufaq-faq-responsive-columns- ewd-ufaq-faq-display-style-default ewd-ufaq-can-be-toggled\" id='ewd-ufaq-post-18943-KuBHzKt9se' data-post_id='18943'>\n\n\t\t\n\t<div class='ewd-ufaq-faq-title ewd-ufaq-faq-toggle'>\n\t\n\t<a class='ewd-ufaq-post-margin'  href='#' role=\"button\">\n\n\t\t<div class='ewd-ufaq-post-margin-symbol ewd-ufaq-'>\n\t\t\t<span >a<\/span>\n\t\t<\/div>\n\n\t\t<div class='ewd-ufaq-faq-title-text'>\n\n\t\t\t<h4>\n\t\t\t\tEn tant qu&#8217;employeur, comment puis-je am\u00e9liorer la sant\u00e9 et le bien-\u00eatre de mes collaborateurs ?\t\t\t<\/h4>\n\n\t\t<\/div>\n\n\t\t<div class='ewd-ufaq-clear'><\/div>\n\n\t<\/a>\n\t\n<\/div>\n\t\n\t<div class='ewd-ufaq-faq-body ewd-ufaq-hidden' >\n\n\t\t\n\t\t\t\n\t\t\n\t\t\t<div class='ewd-ufaq-post-margin ewd-ufaq-faq-post'>\n\t\n<p class=\"wp-block-paragraph\">Les employeurs peuvent favoriser la sant\u00e9 et le bien-\u00eatre de leurs collaborateurs en leur donnant acc\u00e8s \u00e0 un accompagnement professionnel adapt\u00e9 \u00e0 leurs besoins individuels. Cela peut aller des conseils en mati\u00e8re de mode de vie et d&rsquo;alimentation \u00e0 la prise en charge m\u00e9dicale de la gestion du poids, en passant par le coaching sportif et le coaching personnel. Aepril Clinics peut, \u00e0 cette fin, \u00e9laborer un programme de sant\u00e9 et de vitalit\u00e9 sur mesure destin\u00e9 \u00e0 des collaborateurs individuels, \u00e0 des \u00e9quipes ou \u00e0 l\u2019ensemble de l\u2019organisation.  <\/p>\n<\/div>\n\t\t\n\t\t\t\n\t\t\n\t\t\t\n\t\t\n\t\t\t\n\t\t\n\t\t\t\n\t\t\n\t\t\t\n\t\t\n\t\t\t\n\t\t\n\t\t\t\n\t\t\n\t\t\t\n\t\t\n\t<\/div>\n\n<\/div><div  class=\"ewd-ufaq-faq-div ewd-ufaq-faq-column-count-one ewd-ufaq-faq-responsive-columns- ewd-ufaq-faq-display-style-default ewd-ufaq-can-be-toggled\" id='ewd-ufaq-post-18972-ngA1FOTnp0' data-post_id='18972'>\n\n\t\t\n\t<div class='ewd-ufaq-faq-title ewd-ufaq-faq-toggle'>\n\t\n\t<a class='ewd-ufaq-post-margin'  href='#' role=\"button\">\n\n\t\t<div class='ewd-ufaq-post-margin-symbol ewd-ufaq-'>\n\t\t\t<span >a<\/span>\n\t\t<\/div>\n\n\t\t<div class='ewd-ufaq-faq-title-text'>\n\n\t\t\t<h4>\n\t\t\t\tUn employeur peut-il proposer \u00e0 ses salari\u00e9s un programme de perte de poids encadr\u00e9 par un professionnel de sant\u00e9 ?\t\t\t<\/h4>\n\n\t\t<\/div>\n\n\t\t<div class='ewd-ufaq-clear'><\/div>\n\n\t<\/a>\n\t\n<\/div>\n\t\n\t<div class='ewd-ufaq-faq-body ewd-ufaq-hidden' >\n\n\t\t\n\t\t\t\n\t\t\n\t\t\t<div class='ewd-ufaq-post-margin ewd-ufaq-faq-post'>\n\t\n<p class=\"wp-block-paragraph\">Oui, un employeur peut proposer \u00e0 ses salari\u00e9s l&rsquo;acc\u00e8s \u00e0 un programme m\u00e9dical de gestion du poids. Toutefois, l&rsquo;\u00e9valuation et le traitement m\u00e9dicaux rel\u00e8vent exclusivement de la relation entre le salari\u00e9 et son m\u00e9decin traitant. Lorsqu\u2019un traitement m\u00e9dicamenteux pour la perte de poids est envisag\u00e9, le m\u00e9decin d\u00e9termine au cas par cas s\u2019il existe une indication m\u00e9dicale \u00e0 cet effet. L\u2019employeur n\u2019a aucune influence sur cette d\u00e9cision et ne re\u00e7oit aucune information m\u00e9dicale individuelle.   <\/p>\n<\/div>\n\t\t\n\t\t\t\n\t\t\n\t\t\t\n\t\t\n\t\t\t\n\t\t\n\t\t\t\n\t\t\n\t\t\t\n\t\t\n\t\t\t\n\t\t\n\t\t\t\n\t\t\n\t\t\t\n\t\t\n\t<\/div>\n\n<\/div><div  class=\"ewd-ufaq-faq-div ewd-ufaq-faq-column-count-one ewd-ufaq-faq-responsive-columns- ewd-ufaq-faq-display-style-default ewd-ufaq-can-be-toggled\" id='ewd-ufaq-post-18957-VuSgkrCA3Z' data-post_id='18957'>\n\n\t\t\n\t<div class='ewd-ufaq-faq-title ewd-ufaq-faq-toggle'>\n\t\n\t<a class='ewd-ufaq-post-margin'  href='#' role=\"button\">\n\n\t\t<div class='ewd-ufaq-post-margin-symbol ewd-ufaq-'>\n\t\t\t<span >a<\/span>\n\t\t<\/div>\n\n\t\t<div class='ewd-ufaq-faq-title-text'>\n\n\t\t\t<h4>\n\t\t\t\tQu&rsquo;entend-on par \u00ab employabilit\u00e9 durable \u00bb des salari\u00e9s ?\t\t\t<\/h4>\n\n\t\t<\/div>\n\n\t\t<div class='ewd-ufaq-clear'><\/div>\n\n\t<\/a>\n\t\n<\/div>\n\t\n\t<div class='ewd-ufaq-faq-body ewd-ufaq-hidden' >\n\n\t\t\n\t\t\t\n\t\t\n\t\t\t<div class='ewd-ufaq-post-margin ewd-ufaq-faq-post'>\n\t\n<p class=\"wp-block-paragraph\">L&#8217;employabilit\u00e9 durable repose sur la capacit\u00e9 des salari\u00e9s \u00e0 rester en bonne sant\u00e9, motiv\u00e9s et aptes au travail tout au long de leur vie professionnelle. La sant\u00e9, le mode de vie, le d\u00e9veloppement personnel, les conditions de travail et le bien-\u00eatre peuvent tous jouer un r\u00f4le \u00e0 cet \u00e9gard. Un programme de sant\u00e9 et de vitalit\u00e9 peut s\u2019inscrire dans le cadre d\u2019une strat\u00e9gie plus large mise en place par un employeur en mati\u00e8re d\u2019employabilit\u00e9 durable.  <\/p>\n<\/div>\n\t\t\n\t\t\t\n\t\t\n\t\t\t\n\t\t\n\t\t\t\n\t\t\n\t\t\t\n\t\t\n\t\t\t\n\t\t\n\t\t\t\n\t\t\n\t\t\t\n\t\t\n\t\t\t\n\t\t\n\t<\/div>\n\n<\/div><div  class=\"ewd-ufaq-faq-div ewd-ufaq-faq-column-count-one ewd-ufaq-faq-responsive-columns- ewd-ufaq-faq-display-style-default ewd-ufaq-can-be-toggled\" id='ewd-ufaq-post-18962-I59ZxxWm7o' data-post_id='18962'>\n\n\t\t\n\t<div class='ewd-ufaq-faq-title ewd-ufaq-faq-toggle'>\n\t\n\t<a class='ewd-ufaq-post-margin'  href='#' role=\"button\">\n\n\t\t<div class='ewd-ufaq-post-margin-symbol ewd-ufaq-'>\n\t\t\t<span >a<\/span>\n\t\t<\/div>\n\n\t\t<div class='ewd-ufaq-faq-title-text'>\n\n\t\t\t<h4>\n\t\t\t\tLe coaching personnel peut-il s&rsquo;inscrire dans le cadre d&rsquo;un programme de bien-\u00eatre destin\u00e9 aux entreprises ?\t\t\t<\/h4>\n\n\t\t<\/div>\n\n\t\t<div class='ewd-ufaq-clear'><\/div>\n\n\t<\/a>\n\t\n<\/div>\n\t\n\t<div class='ewd-ufaq-faq-body ewd-ufaq-hidden' >\n\n\t\t\n\t\t\t\n\t\t\n\t\t\t<div class='ewd-ufaq-post-margin ewd-ufaq-faq-post'>\n\t\n<p class=\"wp-block-paragraph\">Oui. Aepril Clinics peut associer le coaching personnel \u00e0 un suivi m\u00e9dical, \u00e0 des conseils nutritionnels et \u00e0 des recommandations en mati\u00e8re de mode de vie. L&rsquo;entra\u00eenement est adapt\u00e9 au niveau et aux objectifs du participant et peut, par exemple, \u00eatre ax\u00e9 sur l&rsquo;endurance, la force, la composition corporelle, la masse musculaire et la condition physique g\u00e9n\u00e9rale. Il en r\u00e9sulte un programme personnalis\u00e9 alliant sant\u00e9 et performances physiques.   <\/p>\n<\/div>\n\t\t\n\t\t\t\n\t\t\n\t\t\t\n\t\t\n\t\t\t\n\t\t\n\t\t\t\n\t\t\n\t\t\t\n\t\t\n\t\t\t\n\t\t\n\t\t\t\n\t\t\n\t\t\t\n\t\t\n\t<\/div>\n\n<\/div><div  class=\"ewd-ufaq-faq-div ewd-ufaq-faq-column-count-one ewd-ufaq-faq-responsive-columns- ewd-ufaq-faq-display-style-default ewd-ufaq-can-be-toggled\" id='ewd-ufaq-post-18973-lz7QOQRoIA' data-post_id='18973'>\n\n\t\t\n\t<div class='ewd-ufaq-faq-title ewd-ufaq-faq-toggle'>\n\t\n\t<a class='ewd-ufaq-post-margin'  href='#' role=\"button\">\n\n\t\t<div class='ewd-ufaq-post-margin-symbol ewd-ufaq-'>\n\t\t\t<span >a<\/span>\n\t\t<\/div>\n\n\t\t<div class='ewd-ufaq-faq-title-text'>\n\n\t\t\t<h4>\n\t\t\t\tAepril Clinics propose-t-elle \u00e9galement des services de coaching pour les collaborateurs et les \u00e9quipes ?\t\t\t<\/h4>\n\n\t\t<\/div>\n\n\t\t<div class='ewd-ufaq-clear'><\/div>\n\n\t<\/a>\n\t\n<\/div>\n\t\n\t<div class='ewd-ufaq-faq-body ewd-ufaq-hidden' >\n\n\t\t\n\t\t\t\n\t\t\n\t\t\t<div class='ewd-ufaq-post-margin ewd-ufaq-faq-post'>\n\t\n<p class=\"wp-block-paragraph\">Oui. Outre un accompagnement m\u00e9dical et physique, Aepril Clinics propose un coaching de haute performance destin\u00e9 aux collaborateurs, aux \u00e9quipes et aux dirigeants. Le coaching peut notamment porter sur l&rsquo;efficacit\u00e9 personnelle, la concentration, la communication, la collaboration, la prise d&rsquo;initiative, le leadership ainsi que la gestion des responsabilit\u00e9s et de la pression. Cela permet de combiner sant\u00e9, d\u00e9veloppement personnel et performance au sein d&rsquo;un m\u00eame programme.   <\/p>\n<\/div>\n\t\t\n\t\t\t\n\t\t\n\t\t\t\n\t\t\n\t\t\t\n\t\t\n\t\t\t\n\t\t\n\t\t\t\n\t\t\n\t\t\t\n\t\t\n\t\t\t\n\t\t\n\t\t\t\n\t\t\n\t<\/div>\n\n<\/div><div  class=\"ewd-ufaq-faq-div ewd-ufaq-faq-column-count-one ewd-ufaq-faq-responsive-columns- ewd-ufaq-faq-display-style-default ewd-ufaq-can-be-toggled\" id='ewd-ufaq-post-18981-XMq00cj7TF' data-post_id='18981'>\n\n\t\t\n\t<div class='ewd-ufaq-faq-title ewd-ufaq-faq-toggle'>\n\t\n\t<a class='ewd-ufaq-post-margin'  href='#' role=\"button\">\n\n\t\t<div class='ewd-ufaq-post-margin-symbol ewd-ufaq-'>\n\t\t\t<span >a<\/span>\n\t\t<\/div>\n\n\t\t<div class='ewd-ufaq-faq-title-text'>\n\n\t\t\t<h4>\n\t\t\t\tQu&rsquo;est-ce que \u00ab Executive Health &#038; Performance \u00bb ?\t\t\t<\/h4>\n\n\t\t<\/div>\n\n\t\t<div class='ewd-ufaq-clear'><\/div>\n\n\t<\/a>\n\t\n<\/div>\n\t\n\t<div class='ewd-ufaq-faq-body ewd-ufaq-hidden' >\n\n\t\t\n\t\t\t\n\t\t\n\t\t\t<div class='ewd-ufaq-post-margin ewd-ufaq-faq-post'>\n\t\n<p class=\"wp-block-paragraph\">Executive Health &amp; Performance est un accompagnement personnalis\u00e9 intensif destin\u00e9 aux entrepreneurs, aux administrateurs, aux membres de la direction et aux cadres sup\u00e9rieurs. Ce programme peut associer un suivi m\u00e9dical \u00e0 des bilans de sant\u00e9, des conseils nutritionnels, la gestion du poids, un entra\u00eenement personnalis\u00e9, la gestion du sommeil et de la r\u00e9cup\u00e9ration, ainsi qu\u2019un coaching ax\u00e9 sur la haute performance ou le leadership. Le parcours est adapt\u00e9 \u00e0 l\u2019\u00e9tat de sant\u00e9, \u00e0 l\u2019emploi du temps, aux responsabilit\u00e9s et aux objectifs personnels du participant.  <\/p>\n<\/div>\n\t\t\n\t\t\t\n\t\t\n\t\t\t\n\t\t\n\t\t\t\n\t\t\n\t\t\t\n\t\t\n\t\t\t\n\t\t\n\t\t\t\n\t\t\n\t\t\t\n\t\t\n\t\t\t\n\t\t\n\t<\/div>\n\n<\/div><div  class=\"ewd-ufaq-faq-div ewd-ufaq-faq-column-count-one ewd-ufaq-faq-responsive-columns- ewd-ufaq-faq-display-style-default ewd-ufaq-can-be-toggled\" id='ewd-ufaq-post-18982-7h0xQ8DcW7' data-post_id='18982'>\n\n\t\t\n\t<div class='ewd-ufaq-faq-title ewd-ufaq-faq-toggle'>\n\t\n\t<a class='ewd-ufaq-post-margin'  href='#' role=\"button\">\n\n\t\t<div class='ewd-ufaq-post-margin-symbol ewd-ufaq-'>\n\t\t\t<span >a<\/span>\n\t\t<\/div>\n\n\t\t<div class='ewd-ufaq-faq-title-text'>\n\n\t\t\t<h4>\n\t\t\t\tUn employeur a-t-il acc\u00e8s aux donn\u00e9es m\u00e9dicales de ses salari\u00e9s ?\t\t\t<\/h4>\n\n\t\t<\/div>\n\n\t\t<div class='ewd-ufaq-clear'><\/div>\n\n\t<\/a>\n\t\n<\/div>\n\t\n\t<div class='ewd-ufaq-faq-body ewd-ufaq-hidden' >\n\n\t\t\n\t\t\t\n\t\t\n\t\t\t<div class='ewd-ufaq-post-margin ewd-ufaq-faq-post'>\n\t\n<p class=\"wp-block-paragraph\">Non. Les donn\u00e9es m\u00e9dicales individuelles, les diagnostics, les informations relatives aux consultations et les m\u00e9dicaments prescrits ne sont pas communiqu\u00e9s \u00e0 l&#8217;employeur. La relation m\u00e9dicale s&rsquo;\u00e9tablit entre le salari\u00e9 et le professionnel de sant\u00e9 traitant. Lorsque la communication d&rsquo;informations s&rsquo;inscrit dans le cadre d&rsquo;un programme d&rsquo;entreprise, il est possible, le cas \u00e9ch\u00e9ant, d&rsquo;utiliser des informations anonymis\u00e9es et agr\u00e9g\u00e9es afin d&rsquo;\u00e9valuer le programme sans partager les dossiers m\u00e9dicaux individuels avec l&#8217;employeur.   <\/p>\n<\/div>\n\t\t\n\t\t\t\n\t\t\n\t\t\t\n\t\t\n\t\t\t\n\t\t\n\t\t\t\n\t\t\n\t\t\t\n\t\t\n\t\t\t\n\t\t\n\t\t\t\n\t\t\n\t\t\t\n\t\t\n\t<\/div>\n\n<\/div><div  class=\"ewd-ufaq-faq-div ewd-ufaq-faq-column-count-one ewd-ufaq-faq-responsive-columns- ewd-ufaq-faq-display-style-default ewd-ufaq-can-be-toggled\" id='ewd-ufaq-post-18990-So3gaHJdP7' data-post_id='18990'>\n\n\t\t\n\t<div class='ewd-ufaq-faq-title ewd-ufaq-faq-toggle'>\n\t\n\t<a class='ewd-ufaq-post-margin'  href='#' role=\"button\">\n\n\t\t<div class='ewd-ufaq-post-margin-symbol ewd-ufaq-'>\n\t\t\t<span >a<\/span>\n\t\t<\/div>\n\n\t\t<div class='ewd-ufaq-faq-title-text'>\n\n\t\t\t<h4>\n\t\t\t\tCombien co\u00fbte un programme de bien-\u00eatre destin\u00e9 aux salari\u00e9s ?\t\t\t<\/h4>\n\n\t\t<\/div>\n\n\t\t<div class='ewd-ufaq-clear'><\/div>\n\n\t<\/a>\n\t\n<\/div>\n\t\n\t<div class='ewd-ufaq-faq-body ewd-ufaq-hidden' >\n\n\t\t\n\t\t\t\n\t\t\n\t\t\t<div class='ewd-ufaq-post-margin ewd-ufaq-faq-post'>\n\t\n<p class=\"wp-block-paragraph\">Le co\u00fbt d\u2019un programme de vitalit\u00e9 d\u00e9pend, entre autres, du nombre de participants, de la dur\u00e9e du programme et de l\u2019accompagnement souhait\u00e9. Un programme comprenant un suivi m\u00e9dical, des s\u00e9ances d\u2019entra\u00eenement personnalis\u00e9es et un coaching individuel pr\u00e9sente, par exemple, une structure diff\u00e9rente de celle d\u2019un programme de base ax\u00e9 sur la sant\u00e9 et le mode de vie. Aepril Clinics peut d\u00e9velopper aussi bien des projets pilotes destin\u00e9s \u00e0 un groupe restreint de collaborateurs que des programmes plus complets pour les organisations. Lors d&rsquo;un entretien de prise de contact sans engagement, nous discuterons des objectifs, de l&rsquo;accompagnement souhait\u00e9 et du budget disponible, puis nous \u00e9laborerons une proposition adapt\u00e9e.   <\/p>\n<\/div>\n\t\t\n\t\t\t\n\t\t\n\t\t\t\n\t\t\n\t\t\t\n\t\t\n\t\t\t\n\t\t\n\t\t\t\n\t\t\n\t\t\t\n\t\t\n\t\t\t\n\t\t\n\t\t\t\n\t\t\n\t<\/div>\n\n<\/div>\n\t<\/div>\n\n\t\n<\/div><\/div><\/div>\n\n<div style=\"height:25px\" aria-hidden=\"true\" class=\"wp-block-spacer\"><\/div>\n\n<div class=\"wp-block-columns is-layout-flex wp-container-core-columns-is-layout-3a88641f wp-block-columns-is-layout-flex\">\n<div class=\"wp-block-column is-layout-flow wp-block-column-is-layout-flow\">\n<h2 class=\"wp-block-heading\">Pourquoi choisir Aepril Clinics pour les entreprises ?<\/h2>\n\n\n\n<p class=\"wp-block-paragraph\"><strong>Expertise m\u00e9dicale : la sant\u00e9 <\/strong>ne se limite pas \u00e0 des conseils g\u00e9n\u00e9raux. Lorsqu&rsquo;une \u00e9valuation m\u00e9dicale s&rsquo;av\u00e8re n\u00e9cessaire, les participants sont pris en charge par des professionnels de sant\u00e9 qualifi\u00e9s. <\/p>\n\n\n\n<p class=\"wp-block-paragraph\"><strong>Une approche personnalis\u00e9e<\/strong>: tous les collaborateurs n&rsquo;ont pas le m\u00eame \u00e9tat de sant\u00e9, le m\u00eame mode de vie, les m\u00eames d\u00e9fis ni les m\u00eames objectifs. C&rsquo;est pourquoi l&rsquo;accompagnement individuel est au c\u0153ur de notre d\u00e9marche. <\/p>\n\n\n\n<p class=\"wp-block-paragraph\"><strong>Sant\u00e9 et performance : nous <\/strong>ne nous limitons pas \u00e0 la seule perte de poids. L&rsquo;alimentation, l&rsquo;activit\u00e9 physique, la condition physique, la force, la composition corporelle, le sommeil, la r\u00e9cup\u00e9ration, le d\u00e9veloppement personnel et la performance peuvent faire partie de notre accompagnement. <\/p>\n\n\n\n<p class=\"wp-block-paragraph\"><strong>Coaching : de l&#8217;employ\u00e9 au dirigeant : gr\u00e2ce <\/strong>au coaching de haute performance, nous pouvons non seulement accompagner les collaborateurs \u00e0 titre individuel, mais aussi soutenir les \u00e9quipes, les managers, les entrepreneurs et les cadres sup\u00e9rieurs dans leur d\u00e9veloppement.<\/p>\n\n\n\n<p class=\"wp-block-paragraph\"><strong>Pr\u00e9vention et sant\u00e9 durable : Nous <\/strong>voyons plus loin qu&rsquo;un simple d\u00e9fi ponctuel. L&rsquo;objectif est d&rsquo;aider les personnes \u00e0 travailler de mani\u00e8re structurelle \u00e0 leur sant\u00e9 et \u00e0 leur \u00e9panouissement. <\/p>\n\n\n\n<p class=\"wp-block-paragraph\"><strong>Approche int\u00e9gr\u00e9e : <\/strong>l&rsquo;accompagnement <strong>m\u00e9dical <\/strong>, les conseils en mati\u00e8re de mode de vie, le coaching personnel et le coaching de haut niveau peuvent \u00eatre regroup\u00e9s au sein d&rsquo;un m\u00eame programme.<\/p>\n\n\n\n<p class=\"wp-block-paragraph\"><strong>Une solution flexible pour les employeurs : qu&rsquo;il s&rsquo;agisse d&rsquo;<\/strong>un seul cadre, d&rsquo;un projet pilote pour 10 collaborateurs, d&rsquo;un accompagnement d&rsquo;\u00e9quipe ou <strong>d&rsquo;<\/strong>un programme plus large au sein de l&rsquo;organisation, nous \u00e9laborons une formule adapt\u00e9e \u00e0 votre entreprise.<\/p>\n<\/div>\n\n\n\n<div class=\"wp-block-column has-base-color has-contrast-background-color has-text-color has-background has-link-color wp-elements-40763f2823f25055f15892d49576b4dc is-layout-flow wp-block-column-is-layout-flow\" style=\"border-top-left-radius:20px;border-top-right-radius:20px;border-bottom-left-radius:20px;border-bottom-right-radius:20px;padding-top:var(--wp--preset--spacing--30);padding-right:var(--wp--preset--spacing--30);padding-bottom:var(--wp--preset--spacing--30);padding-left:var(--wp--preset--spacing--30)\">\n<h2 class=\"wp-block-heading has-base-color has-text-color has-link-color wp-elements-994c0f58db829a3ee10c799f66908c4b\" style=\"border-style:none;border-width:0px;border-top-left-radius:20px;border-top-right-radius:20px;border-bottom-left-radius:20px;border-bottom-right-radius:20px\">Un programme adapt\u00e9 \u00e0 votre organisation<\/h2>\n\n\n\n<p class=\"wp-block-paragraph\">Chaque organisation est diff\u00e9rente. C&rsquo;est pourquoi, lors d&rsquo;un premier entretien, nous commen\u00e7ons par examiner vos objectifs. Nous abordons notamment les points suivants :  <\/p>\n\n\n\n<ul class=\"wp-block-list\">\n<li>la taille de votre organisation ;<\/li>\n\n\n\n<li>le public cible ;<\/li>\n\n\n\n<li>objectifs en mati\u00e8re de sant\u00e9 et de vitalit\u00e9 ;<\/li>\n\n\n\n<li>objectifs de d\u00e9veloppement personnel et professionnel ;<\/li>\n\n\n\n<li>le nombre souhait\u00e9 de participants ;<\/li>\n\n\n\n<li>la dur\u00e9e souhait\u00e9e ;<\/li>\n\n\n\n<li>un suivi m\u00e9dical ;<\/li>\n\n\n\n<li>alimentation et mode de vie ;<\/li>\n\n\n\n<li>entra\u00eenement personnalis\u00e9 ;<\/li>\n\n\n\n<li>coaching ;<\/li>\n\n\n\n<li>d\u00e9veloppement d&rsquo;\u00e9quipe ;<\/li>\n\n\n\n<li>coaching en leadership ;<\/li>\n\n\n\n<li>les mesures de sant\u00e9 souhait\u00e9es ;<\/li>\n\n\n\n<li>les \u00e9ventuels programmes \u00ab Executive Health &amp; Performance \u00bb ;<\/li>\n\n\n\n<li>budget et possibilit\u00e9s de financement.<\/li>\n<\/ul>\n\n\n\n<p class=\"wp-block-paragraph\">Nous \u00e9laborons ensuite une proposition adapt\u00e9e \u00e0 votre organisation. Celle-ci peut aller d&rsquo;une contribution de l&#8217;employeur pour des collaborateurs individuels \u00e0 un programme enti\u00e8rement financ\u00e9 pour une \u00e9quipe ou une organisation. <\/p>\n\n\n\n<hr class=\"wp-block-separator has-alpha-channel-opacity\"\/>\n<\/div>\n<\/div>\n\n<div style=\"height:61px\" aria-hidden=\"true\" class=\"wp-block-spacer\"><\/div>\n\n<div class=\"wp-block-cover alignfull is-light wave\" style=\"margin-top:0;margin-bottom:0;padding-bottom:var(--wp--preset--spacing--30)\"><span aria-hidden=\"true\" class=\"wp-block-cover__background has-accent-background-color has-background-dim-100 has-background-dim\"><\/span><div class=\"wp-block-cover__inner-container has-global-padding is-layout-constrained wp-block-cover-is-layout-constrained\">\n<h2 class=\"wp-block-heading has-text-align-center\">Investir dans vos collaborateurs ?<\/h2>\n\n\n\n<p class=\"has-text-align-center wp-block-paragraph\">En tant qu&#8217;employeur, souhaitez-vous vous investir davantage dans les domaines de <strong>la sant\u00e9,<\/strong> de <strong>la vitalit\u00e9, du bien-\u00eatre, du leadership ou<\/strong> de <strong>l&#8217;employabilit\u00e9 durable<\/strong>? Aepril Clinics accompagne les organisations en proposant des programmes personnalis\u00e9s de sant\u00e9 et de performance destin\u00e9s aux collaborateurs, aux \u00e9quipes et aux dirigeants. De l&rsquo;accompagnement pr\u00e9ventif en mati\u00e8re de sant\u00e9 et de la prise en charge m\u00e9dicale de la gestion du poids jusqu&rsquo;au coaching personnel, au coaching de haute performance et aux programmes \u00ab Executive Health &amp; Performance \u00bb.    <strong>Prenez rendez-vous pour un entretien sans engagement avec Aepril Clinics.<\/strong><\/p>\n\n\n\n<div class=\"wp-block-buttons is-content-justification-center is-layout-flex wp-container-core-buttons-is-layout-0aa01211 wp-block-buttons-is-layout-flex\">\n<div class=\"wp-block-button\"><a class=\"wp-block-button__link has-base-color has-accent-3-background-color has-text-color has-background has-link-color wp-element-button\" href=\"https:\/\/aeprilclinics.nl\/fr\/contact\/\">Prendre rendez-vous pour un entretien-conseil sans engagement<\/a><\/div>\n<\/div>\n<\/div><\/div>\n\n<div style=\"height:78px\" aria-hidden=\"true\" class=\"wp-block-spacer\"><\/div>\n\n<style>.medical-review {\n        display: grid;\n        grid-template-columns: minmax(210px, 260px) minmax(0, 1fr);\n        gap: clamp(32px, 5vw, 72px);\n        align-items: start;\n        margin: 48px 0;\n        padding: clamp(32px, 5vw, 64px);\n        background: #f7f3ef;\n        border-radius: 32px;\n        color: #252321;\n    }\n\n    .medical-review__image {\n        width: 100%;\n        max-width: 260px;\n        margin: 0;\n    }\n\n    .medical-review__photo {\n        position: relative;\n        width: 100%;\n        aspect-ratio: 4 \/ 5;\n        overflow: hidden;\n        background: #eee9e4;\n        border-radius: 100px 100px 30px 30px;\n    }\n\n    .medical-review__photo img {\n        position: absolute !important;\n        inset: 0;\n        display: block !important;\n        width: 100% !important;\n        max-width: none !important;\n        height: 100% !important;\n        min-height: 100% !important;\n        margin: 0 !important;\n        padding: 0 !important;\n        object-fit: cover !important;\n        object-position: center 20% !important;\n        border: 0 !important;\n        border-radius: 0 !important;\n    }\n\n    .medical-review__identity {\n        display: block;\n        margin-top: 20px;\n    }\n\n    .medical-review__name {\n        display: block;\n        margin-bottom: 4px;\n        color: #252321;\n        font-size: 18px;\n        font-weight: 700;\n        line-height: 1.4;\n    }\n\n    .medical-review__role {\n        display: block;\n        color: #655f5a;\n        font-size: 15px;\n        line-height: 1.55;\n    }\n\n    .medical-review__quote {\n        position: relative;\n        margin: 26px 0 0;\n        padding: 0 0 0 18px;\n        color: #393633;\n        font-size: 17px;\n        font-style: italic;\n        line-height: 1.65;\n        border-left: 2px solid #d6bfa7;\n    }\n\n    .medical-review__quote cite {\n        display: block;\n        margin-top: 8px;\n        color: #77706a;\n        font-size: 13px;\n        font-style: normal;\n    }\n\n    .medical-review__content {\n        min-width: 0;\n    }\n\n    .medical-review__label {\n        display: inline-flex;\n        align-items: center;\n        margin-bottom: 18px;\n        padding: 8px 14px;\n        background: #d6bfa7;\n        color: #252321;\n        font-size: 14px;\n        font-weight: 700;\n        line-height: 1;\n        letter-spacing: 0.08em;\n        text-transform: uppercase;\n    }\n\n    .medical-review__content h2 {\n        margin: 0 0 24px;\n        color: #252321;\n        font-family: Georgia, \"Times New Roman\", serif;\n        font-size: clamp(34px, 4vw, 54px);\n        font-weight: 400;\n        line-height: 1.12;\n    }\n\n    .medical-review__content > p {\n        max-width: 1050px;\n        margin: 0 0 20px;\n        color: #2c2927;\n        font-size: 18px;\n        line-height: 1.75;\n    }\n\n    .medical-review a {\n        color: #94765f;\n        font-weight: 600;\n        text-decoration-thickness: 1px;\n        text-underline-offset: 3px;\n    }\n\n    .medical-review a:hover,\n    .medical-review a:focus-visible {\n        color: #6f5541;\n    }\n\n    .medical-review__specialisms {\n        margin-top: 28px;\n    }\n\n    .medical-review__specialisms-title {\n        display: block;\n        margin-bottom: 12px;\n        color: #252321;\n        font-size: 15px;\n        font-weight: 700;\n    }\n\n    .medical-review__specialisms-list {\n        display: flex;\n        flex-wrap: wrap;\n        gap: 10px;\n        margin: 0;\n        padding: 0;\n        list-style: none;\n    }\n\n    .medical-review__specialisms-list li {\n        margin: 0;\n        padding: 0;\n        list-style: none;\n    }\n\n    .medical-review__specialisms-list a {\n        display: inline-flex;\n        align-items: center;\n        justify-content: center;\n        padding: 9px 14px;\n        background: #eee4da;\n        border: 1px solid transparent;\n        border-radius: 999px;\n        color: #3b3734;\n        font-size: 14px;\n        font-weight: 600;\n        line-height: 1.2;\n        text-decoration: none;\n        transition:\n            background-color 0.2s ease,\n            border-color 0.2s ease,\n            color 0.2s ease,\n            transform 0.2s ease;\n    }\n\n    .medical-review__specialisms-list a:hover,\n    .medical-review__specialisms-list a:focus-visible {\n        background: #d6bfa7;\n        border-color: #c7aa8e;\n        color: #252321;\n        transform: translateY(-1px);\n    }\n\n    .medical-review__meta {\n        display: grid;\n        grid-template-columns: repeat(2, minmax(0, 1fr));\n        gap: 20px 40px;\n        margin-top: 34px;\n        padding-top: 30px;\n        border-top: 1px solid #ded7d0;\n    }\n\n    .medical-review__meta-item {\n        display: flex;\n        gap: 16px;\n        align-items: center;\n        min-width: 0;\n    }\n\n    .medical-review__meta-item p {\n        margin: 0;\n        color: #2c2927;\n        font-size: 16px;\n        line-height: 1.55;\n    }\n\n    .medical-review__icon {\n        display: inline-flex;\n        flex: 0 0 52px;\n        align-items: center;\n        justify-content: center;\n        width: 52px;\n        height: 52px;\n        background: #eee3d7;\n        border-radius: 50%;\n        color: #252321;\n    }\n\n    .medical-review__icon svg {\n        width: 24px;\n        height: 24px;\n        fill: none;\n        stroke: currentColor;\n        stroke-width: 1.8;\n        stroke-linecap: round;\n        stroke-linejoin: round;\n    }\n\n    .medical-review__links {\n        display: flex;\n        flex-wrap: wrap;\n        gap: 14px 28px;\n        align-items: center;\n        margin-top: 30px;\n    }\n\n    .medical-review__button {\n        display: inline-flex;\n        align-items: center;\n        justify-content: center;\n        min-height: 48px;\n        padding: 12px 20px;\n        background: #252321;\n        border: 1px solid #252321;\n        border-radius: 999px;\n        color: #ffffff !important;\n        font-size: 15px;\n        font-weight: 700;\n        line-height: 1.2;\n        text-align: center;\n        text-decoration: none !important;\n        transition:\n            background-color 0.2s ease,\n            color 0.2s ease;\n    }\n\n    .medical-review__button:hover,\n    .medical-review__button:focus-visible {\n        background: transparent;\n        color: #252321 !important;\n    }\n\n    .medical-review__text-link {\n        font-size: 15px;\n    }\n\n    @media (max-width: 900px) {\n        .medical-review {\n            grid-template-columns: 1fr;\n            gap: 36px;\n            border-radius: 24px;\n        }\n\n        .medical-review__image {\n            max-width: 240px;\n        }\n\n        .medical-review__content h2 {\n            font-size: clamp(32px, 7vw, 46px);\n        }\n    }\n\n    @media (max-width: 600px) {\n        .medical-review {\n            margin: 32px 0;\n            padding: 28px 22px;\n            border-radius: 22px;\n        }\n\n        .medical-review__image {\n            max-width: 220px;\n            margin-inline: auto;\n        }\n\n        .medical-review__content h2 {\n            margin-bottom: 20px;\n            font-size: 32px;\n            line-height: 1.16;\n        }\n\n        .medical-review__content > p {\n            font-size: 16px;\n            line-height: 1.7;\n        }\n\n        .medical-review__specialisms-list {\n            gap: 8px;\n        }\n\n        .medical-review__specialisms-list a {\n            padding: 8px 12px;\n            font-size: 13px;\n        }\n\n        .medical-review__meta {\n            grid-template-columns: 1fr;\n            gap: 20px;\n        }\n\n        .medical-review__links {\n            flex-direction: column;\n            align-items: stretch;\n        }\n\n        .medical-review__button {\n            width: 100%;\n        }\n\n        .medical-review__text-link {\n            display: inline-block;\n        }\n    }\n<\/style><aside class=\"medical-review\" aria-labelledby=\"medical-review-title\"><figure class=\"medical-review__image\"><div class=\"medical-review__photo\"><img decoding=\"async\" src=\"https:\/\/aeprilclinics.nl\/wp-content\/uploads\/2026\/07\/BN4A8634-scaled-1.jpg\" alt=\"Drs. Elnaz Alagha, BIG-geregistreerd cosmetisch arts en medisch directrice van Aepril Clinics\" loading=\"lazy\"\/><\/div><figcaption class=\"medical-review__identity\"><span class=\"medical-review__name\">drs. Elnaz Alagha\n            <\/span><span class=\"medical-review__role\">BIG-geregistreerd cosmetisch arts<br\/>Eigenaresse en medisch directrice\n            <\/span><\/figcaption><blockquote class=\"medical-review__quote\">\u201cSoms is geen behandeling de beste behandeling.\u201d\n            <cite>\u2014 drs. Elnaz Alagha<\/cite><\/blockquote><\/figure><div class=\"medical-review__content\"><span class=\"medical-review__label\">Medisch gecontroleerd\n        <\/span><h2 id=\"medical-review-title\">Medisch gecontroleerd door drs. Elnaz Alagha\n        <\/h2><p>De medische informatie op deze pagina is gecontroleerd door\n            <a href=\"https:\/\/aeprilclinics.nl\/fr\/docteur-elnaz-alagha\/\">drs. Elnaz Alagha\n            <\/a>,\n            BIG-geregistreerd cosmetisch arts, eigenaresse en medisch\n            directrice van Aepril Cosmetic Clinics.\n        <\/p><p>Drs. Elnaz Alagha beoordeelt de informatie op deze pagina op\n            medische juistheid, actualiteit en wetenschappelijke onderbouwing.\n            De inhoud wordt periodiek herzien aan de hand van relevante\n            medische inzichten en geldende kwaliteitskaders binnen de\n            cosmetische geneeskunde.\n        <\/p><div class=\"medical-review__specialisms\"><span class=\"medical-review__specialisms-title\">Specialisaties\n            <\/span><ul class=\"medical-review__specialisms-list\"><li><a href=\"https:\/\/aeprilclinics.nl\/fr\/botox\/\">Botulinetoxine\n                    <\/a><\/li><li><a href=\"https:\/\/aeprilclinics.nl\/fr\/produits-de-remplissage\/\">Fillers\n                    <\/a><\/li><li><a href=\"https:\/\/aeprilclinics.nl\/fr\/amelioration-de-la-peau\/\">Skinboosters\n                    <\/a><\/li><li><a href=\"https:\/\/aeprilclinics.nl\/fr\/amelioration-de-la-peau\/\">Biostimulatoren\n                    <\/a><\/li><li><a href=\"https:\/\/aeprilclinics.nl\/fr\/perte-de-poids-medicale-par-injections\/\">Medisch afvallen\n                    <\/a><\/li><\/ul><\/div><div class=\"medical-review__meta\"><div class=\"medical-review__meta-item\"><span class=\"medical-review__icon\" aria-hidden=\"true\"><svg viewbox=\"0 0 24 24\"><rect x=\"3\" y=\"5\" width=\"18\" height=\"16\" rx=\"2\"><\/rect><path d=\"M8 3v4\"><\/path><path d=\"M16 3v4\"><\/path><path d=\"M3 10h18\"><\/path><path d=\"M8 14h3v3H8z\"><\/path><\/svg><\/span><p><strong>Laatst medisch beoordeeld:<\/strong><br\/><time datetime=\"2026-07-26\">26 juli 2026\n                    <\/time><\/p><\/div><div class=\"medical-review__meta-item\"><span class=\"medical-review__icon\" aria-hidden=\"true\"><svg viewbox=\"0 0 24 24\"><path d=\"M12 3l7 3v5c0 4.8-2.9 8.7-7 10-4.1-1.3-7-5.2-7-10V6l7-3z\"><\/path><path d=\"M9 12l2 2 4-5\"><\/path><\/svg><\/span><p><strong>BIG-nummer:<\/strong><br\/>09932325201\n                <\/p><\/div><\/div><nav class=\"medical-review__links\" aria-label=\"Informatie over de medisch reviewer\"><a class=\"medical-review__button\" href=\"https:\/\/aeprilclinics.nl\/fr\/docteur-elnaz-alagha\/\">Bekijk het profiel van drs. Elnaz Alagha\n            <\/a><a class=\"medical-review__text-link\" href=\"https:\/\/zoeken.bigregister.nl\/zorgverlener\/f35d0627-bb20-405c-8b19-e61f66d43c35\" target=\"_blank\" rel=\"noopener noreferrer\">Controleer de BIG-registratie\n            <\/a><a class=\"medical-review__text-link\" href=\"https:\/\/aeprilclinics.nl\/fr\/informations-medicales\/\">Lees onze medische kwaliteitskaders\n            <\/a><\/nav><\/div><\/aside>\n","protected":false},"excerpt":{"rendered":"<p>Cliniques Aepril pour les entreprises Programme de long\u00e9vit\u00e9, de sant\u00e9 et de vitalit\u00e9 destin\u00e9 aux collaborateurs Aepril Clinics accompagne les entreprises et les organisations qui souhaitent investir dans la sant\u00e9, la vitalit\u00e9, le bien-\u00eatre et l&#8217;employabilit\u00e9 durable de leurs collaborateurs&#8230;.<\/p>\n","protected":false},"author":14,"featured_media":8996,"parent":0,"menu_order":0,"comment_status":"closed","ping_status":"closed","template":"","meta":{"_acf_changed":false,"footnotes":""},"class_list":["post-19157","page","type-page","status-publish","has-post-thumbnail","hentry"],"acf":[],"yoast_head":"<!-- This site is optimized with the Yoast SEO plugin v28.2 - https:\/\/yoast.com\/product\/yoast-seo-wordpress\/ -->\n<title>Programme de vitalit\u00e9 pour les collaborateurs | Aepril Longevity<\/title>\n<meta name=\"description\" content=\"Programmes personnalis\u00e9s de sant\u00e9 et de bien-\u00eatre destin\u00e9s aux collaborateurs : accompagnement m\u00e9dical, conseils en mati\u00e8re de mode de vie et coaching sportif, le tout dans un seul et m\u00eame parcours.\" \/>\n<meta name=\"robots\" content=\"index, follow, max-snippet:-1, max-image-preview:large, max-video-preview:-1\" \/>\n<link rel=\"canonical\" href=\"https:\/\/aeprilclinics.nl\/fr\/longevity-sante-vitalite-et-bien-etre-des-collaborateurs\/\" \/>\n<meta property=\"og:locale\" content=\"fr_FR\" \/>\n<meta property=\"og:type\" content=\"article\" \/>\n<meta property=\"og:title\" content=\"Programme de vitalit\u00e9 pour les collaborateurs | Aepril Longevity\" \/>\n<meta property=\"og:description\" content=\"Programmes personnalis\u00e9s de sant\u00e9 et de bien-\u00eatre destin\u00e9s aux collaborateurs : accompagnement m\u00e9dical, conseils en mati\u00e8re de mode de vie et coaching sportif, le tout dans un seul et m\u00eame parcours.\" \/>\n<meta property=\"og:url\" content=\"https:\/\/aeprilclinics.nl\/fr\/longevity-sante-vitalite-et-bien-etre-des-collaborateurs\/\" \/>\n<meta property=\"og:site_name\" content=\"Aepril\" \/>\n<meta property=\"article:modified_time\" content=\"2026-08-30T16:21:24+00:00\" \/>\n<meta property=\"og:image\" content=\"https:\/\/aeprilclinics.nl\/wp-content\/uploads\/2025\/02\/aesthe-clinics-Final-07.png\" \/>\n\t<meta property=\"og:image:width\" content=\"6667\" \/>\n\t<meta property=\"og:image:height\" content=\"5001\" \/>\n\t<meta property=\"og:image:type\" content=\"image\/png\" \/>\n<meta name=\"twitter:card\" content=\"summary_large_image\" \/>\n<meta name=\"twitter:label1\" content=\"Dur\u00e9e de lecture estim\u00e9e\" \/>\n\t<meta name=\"twitter:data1\" content=\"10 minutes\" \/>\n<script type=\"application\/ld+json\" class=\"yoast-schema-graph\">{\"@context\":\"https:\\\/\\\/schema.org\",\"@graph\":[{\"@type\":\"WebPage\",\"@id\":\"https:\\\/\\\/aeprilclinics.nl\\\/fr\\\/longevity-sante-vitalite-et-bien-etre-des-collaborateurs\\\/\",\"url\":\"https:\\\/\\\/aeprilclinics.nl\\\/fr\\\/longevity-sante-vitalite-et-bien-etre-des-collaborateurs\\\/\",\"name\":\"Programme de vitalit\u00e9 pour les collaborateurs | Aepril Longevity\",\"isPartOf\":{\"@id\":\"https:\\\/\\\/aeprilclinics.nl\\\/fr\\\/#website\"},\"primaryImageOfPage\":{\"@id\":\"https:\\\/\\\/aeprilclinics.nl\\\/fr\\\/longevity-sante-vitalite-et-bien-etre-des-collaborateurs\\\/#primaryimage\"},\"image\":{\"@id\":\"https:\\\/\\\/aeprilclinics.nl\\\/fr\\\/longevity-sante-vitalite-et-bien-etre-des-collaborateurs\\\/#primaryimage\"},\"thumbnailUrl\":\"https:\\\/\\\/aeprilclinics.nl\\\/wp-content\\\/uploads\\\/2025\\\/02\\\/aesthe-clinics-Final-07.png\",\"datePublished\":\"2026-08-29T12:48:38+00:00\",\"dateModified\":\"2026-08-30T16:21:24+00:00\",\"description\":\"Programmes personnalis\u00e9s de sant\u00e9 et de bien-\u00eatre destin\u00e9s aux collaborateurs : accompagnement m\u00e9dical, conseils en mati\u00e8re de mode de vie et coaching sportif, le tout dans un seul et m\u00eame parcours.\",\"breadcrumb\":{\"@id\":\"https:\\\/\\\/aeprilclinics.nl\\\/fr\\\/longevity-sante-vitalite-et-bien-etre-des-collaborateurs\\\/#breadcrumb\"},\"inLanguage\":\"fr-FR\",\"potentialAction\":[{\"@type\":\"ReadAction\",\"target\":[\"https:\\\/\\\/aeprilclinics.nl\\\/fr\\\/longevity-sante-vitalite-et-bien-etre-des-collaborateurs\\\/\"]}]},{\"@type\":\"ImageObject\",\"inLanguage\":\"fr-FR\",\"@id\":\"https:\\\/\\\/aeprilclinics.nl\\\/fr\\\/longevity-sante-vitalite-et-bien-etre-des-collaborateurs\\\/#primaryimage\",\"url\":\"https:\\\/\\\/aeprilclinics.nl\\\/wp-content\\\/uploads\\\/2025\\\/02\\\/aesthe-clinics-Final-07.png\",\"contentUrl\":\"https:\\\/\\\/aeprilclinics.nl\\\/wp-content\\\/uploads\\\/2025\\\/02\\\/aesthe-clinics-Final-07.png\",\"width\":6667,\"height\":5001},{\"@type\":\"BreadcrumbList\",\"@id\":\"https:\\\/\\\/aeprilclinics.nl\\\/fr\\\/longevity-sante-vitalite-et-bien-etre-des-collaborateurs\\\/#breadcrumb\",\"itemListElement\":[{\"@type\":\"ListItem\",\"position\":1,\"name\":\"Home\",\"item\":\"https:\\\/\\\/aeprilclinics.nl\\\/fr\\\/\"},{\"@type\":\"ListItem\",\"position\":2,\"name\":\"Longevity : programme de vitalit\u00e9 destin\u00e9 aux collaborateurs\"}]},{\"@type\":\"WebSite\",\"@id\":\"https:\\\/\\\/aeprilclinics.nl\\\/fr\\\/#website\",\"url\":\"https:\\\/\\\/aeprilclinics.nl\\\/fr\\\/\",\"name\":\"Aepril\",\"description\":\"\",\"potentialAction\":[{\"@type\":\"SearchAction\",\"target\":{\"@type\":\"EntryPoint\",\"urlTemplate\":\"https:\\\/\\\/aeprilclinics.nl\\\/fr\\\/?s={search_term_string}\"},\"query-input\":{\"@type\":\"PropertyValueSpecification\",\"valueRequired\":true,\"valueName\":\"search_term_string\"}}],\"inLanguage\":\"fr-FR\"}]}<\/script>\n<!-- \/ Yoast SEO plugin. -->","yoast_head_json":{"title":"Programme de vitalit\u00e9 pour les collaborateurs | Aepril Longevity","description":"Programmes personnalis\u00e9s de sant\u00e9 et de bien-\u00eatre destin\u00e9s aux collaborateurs : accompagnement m\u00e9dical, conseils en mati\u00e8re de mode de vie et coaching sportif, le tout dans un seul et m\u00eame parcours.","robots":{"index":"index","follow":"follow","max-snippet":"max-snippet:-1","max-image-preview":"max-image-preview:large","max-video-preview":"max-video-preview:-1"},"canonical":"https:\/\/aeprilclinics.nl\/fr\/longevity-sante-vitalite-et-bien-etre-des-collaborateurs\/","og_locale":"fr_FR","og_type":"article","og_title":"Programme de vitalit\u00e9 pour les collaborateurs | Aepril Longevity","og_description":"Programmes personnalis\u00e9s de sant\u00e9 et de bien-\u00eatre destin\u00e9s aux collaborateurs : accompagnement m\u00e9dical, conseils en mati\u00e8re de mode de vie et coaching sportif, le tout dans un seul et m\u00eame parcours.","og_url":"https:\/\/aeprilclinics.nl\/fr\/longevity-sante-vitalite-et-bien-etre-des-collaborateurs\/","og_site_name":"Aepril","article_modified_time":"2026-08-30T16:21:24+00:00","og_image":[{"width":6667,"height":5001,"url":"https:\/\/aeprilclinics.nl\/wp-content\/uploads\/2025\/02\/aesthe-clinics-Final-07.png","type":"image\/png"}],"twitter_card":"summary_large_image","twitter_misc":{"Dur\u00e9e de lecture estim\u00e9e":"10 minutes"},"schema":{"@context":"https:\/\/schema.org","@graph":[{"@type":"WebPage","@id":"https:\/\/aeprilclinics.nl\/fr\/longevity-sante-vitalite-et-bien-etre-des-collaborateurs\/","url":"https:\/\/aeprilclinics.nl\/fr\/longevity-sante-vitalite-et-bien-etre-des-collaborateurs\/","name":"Programme de vitalit\u00e9 pour les collaborateurs | Aepril Longevity","isPartOf":{"@id":"https:\/\/aeprilclinics.nl\/fr\/#website"},"primaryImageOfPage":{"@id":"https:\/\/aeprilclinics.nl\/fr\/longevity-sante-vitalite-et-bien-etre-des-collaborateurs\/#primaryimage"},"image":{"@id":"https:\/\/aeprilclinics.nl\/fr\/longevity-sante-vitalite-et-bien-etre-des-collaborateurs\/#primaryimage"},"thumbnailUrl":"https:\/\/aeprilclinics.nl\/wp-content\/uploads\/2025\/02\/aesthe-clinics-Final-07.png","datePublished":"2026-08-29T12:48:38+00:00","dateModified":"2026-08-30T16:21:24+00:00","description":"Programmes personnalis\u00e9s de sant\u00e9 et de bien-\u00eatre destin\u00e9s aux collaborateurs : accompagnement m\u00e9dical, conseils en mati\u00e8re de mode de vie et coaching sportif, le tout dans un seul et m\u00eame parcours.","breadcrumb":{"@id":"https:\/\/aeprilclinics.nl\/fr\/longevity-sante-vitalite-et-bien-etre-des-collaborateurs\/#breadcrumb"},"inLanguage":"fr-FR","potentialAction":[{"@type":"ReadAction","target":["https:\/\/aeprilclinics.nl\/fr\/longevity-sante-vitalite-et-bien-etre-des-collaborateurs\/"]}]},{"@type":"ImageObject","inLanguage":"fr-FR","@id":"https:\/\/aeprilclinics.nl\/fr\/longevity-sante-vitalite-et-bien-etre-des-collaborateurs\/#primaryimage","url":"https:\/\/aeprilclinics.nl\/wp-content\/uploads\/2025\/02\/aesthe-clinics-Final-07.png","contentUrl":"https:\/\/aeprilclinics.nl\/wp-content\/uploads\/2025\/02\/aesthe-clinics-Final-07.png","width":6667,"height":5001},{"@type":"BreadcrumbList","@id":"https:\/\/aeprilclinics.nl\/fr\/longevity-sante-vitalite-et-bien-etre-des-collaborateurs\/#breadcrumb","itemListElement":[{"@type":"ListItem","position":1,"name":"Home","item":"https:\/\/aeprilclinics.nl\/fr\/"},{"@type":"ListItem","position":2,"name":"Longevity : programme de vitalit\u00e9 destin\u00e9 aux collaborateurs"}]},{"@type":"WebSite","@id":"https:\/\/aeprilclinics.nl\/fr\/#website","url":"https:\/\/aeprilclinics.nl\/fr\/","name":"Aepril","description":"","potentialAction":[{"@type":"SearchAction","target":{"@type":"EntryPoint","urlTemplate":"https:\/\/aeprilclinics.nl\/fr\/?s={search_term_string}"},"query-input":{"@type":"PropertyValueSpecification","valueRequired":true,"valueName":"search_term_string"}}],"inLanguage":"fr-FR"}]}},"_links":{"self":[{"href":"https:\/\/aeprilclinics.nl\/fr\/wp-json\/wp\/v2\/pages\/19157","targetHints":{"allow":["GET"]}}],"collection":[{"href":"https:\/\/aeprilclinics.nl\/fr\/wp-json\/wp\/v2\/pages"}],"about":[{"href":"https:\/\/aeprilclinics.nl\/fr\/wp-json\/wp\/v2\/types\/page"}],"author":[{"embeddable":true,"href":"https:\/\/aeprilclinics.nl\/fr\/wp-json\/wp\/v2\/users\/14"}],"replies":[{"embeddable":true,"href":"https:\/\/aeprilclinics.nl\/fr\/wp-json\/wp\/v2\/comments?post=19157"}],"version-history":[{"count":5,"href":"https:\/\/aeprilclinics.nl\/fr\/wp-json\/wp\/v2\/pages\/19157\/revisions"}],"predecessor-version":[{"id":19201,"href":"https:\/\/aeprilclinics.nl\/fr\/wp-json\/wp\/v2\/pages\/19157\/revisions\/19201"}],"wp:featuredmedia":[{"embeddable":true,"href":"https:\/\/aeprilclinics.nl\/fr\/wp-json\/wp\/v2\/media\/8996"}],"wp:attachment":[{"href":"https:\/\/aeprilclinics.nl\/fr\/wp-json\/wp\/v2\/media?parent=19157"}],"curies":[{"name":"wp","href":"https:\/\/api.w.org\/{rel}","templated":true}]}}