{"id":19140,"date":"2026-08-29T12:49:18","date_gmt":"2026-08-29T12:49:18","guid":{"rendered":"https:\/\/aeprilclinics.nl\/longevity-la-vitalite-au-service-des-entreprises\/"},"modified":"2026-08-30T16:10:15","modified_gmt":"2026-08-30T16:10:15","slug":"longevity-la-vitalite-au-service-des-entreprises","status":"publish","type":"page","link":"https:\/\/aeprilclinics.nl\/fr\/longevity-la-vitalite-au-service-des-entreprises\/","title":{"rendered":"Longevity : la vitalit\u00e9 au service des entreprises"},"content":{"rendered":"\n<div class=\"wp-block-media-text has-media-on-the-right is-stacked-on-mobile is-image-fill-element\" style=\"margin-bottom:var(--wp--preset--spacing--60)\"><div class=\"wp-block-media-text__content\">\n<h5 class=\"wp-block-heading\">D\u00e9couvrez ce qu&rsquo;Aepril Clinics peut apporter \u00e0 votre organisation<\/h5>\n\n\n\n<h2 class=\"wp-block-heading\">Travailler ensemble pour la long\u00e9vit\u00e9 : sant\u00e9, vitalit\u00e9 et d\u00e9veloppement<\/h2>\n\n\n\n<p class=\"wp-block-paragraph\">Aepril Clinics collabore avec des entreprises et des organisations qui souhaitent investir dans leurs collaborateurs, leurs \u00e9quipes et leurs dirigeants. De la sant\u00e9 et de la vitalit\u00e9 au d\u00e9veloppement personnel et \u00e0 la performance : nous allions <strong>expertise m\u00e9dicale, accompagnement personnalis\u00e9 et solutions sur mesure<\/strong> dans le cadre de programmes adapt\u00e9s aux besoins de votre organisation. Il peut s&rsquo;agir d&rsquo;un parcours destin\u00e9 \u00e0 un seul collaborateur ou cadre dirigeant, mais aussi d&rsquo;un projet pilote, d&rsquo;un programme d&rsquo;\u00e9quipe ou d&rsquo;une collaboration plus large impliquant plusieurs collaborateurs.  <\/p>\n\n\n\n<p class=\"has-text-align-center wp-block-paragraph\"><em>D\u00e9couvrez ce qu&rsquo;Aepril Clinics peut apporter \u00e0 votre organisation.<\/em><\/p>\n\n\n\n<h2 class=\"wp-block-heading\">Que pouvons-nous apporter \u00e0 votre organisation ?<\/h2>\n\n\n\n<p class=\"wp-block-paragraph\">Chaque organisation est unique. C&rsquo;est pourquoi nous ne nous contentons pas d&rsquo;une offre standard, mais nous nous attachons \u00e0 cerner les besoins sp\u00e9cifiques de chaque organisation. Souhaitez-vous accompagner vos collaborateurs en mati\u00e8re de sant\u00e9 ? Int\u00e9grer la vitalit\u00e9 de mani\u00e8re structurelle \u00e0 vos conditions de travail ? Proposer un accompagnement suppl\u00e9mentaire aux collaborateurs qui souhaitent agir sur leur poids ou leur mode de vie ? Investir dans le leadership et la performance ? Ou recherchez-vous un accompagnement personnel intensif pour la direction et les cadres sup\u00e9rieurs ? Ensemble, nous d\u00e9terminons quelle forme d\u2019accompagnement vous convient le mieux.       <\/p>\n<\/div><figure class=\"wp-block-media-text__media\"><img loading=\"lazy\" decoding=\"async\" width=\"1024\" height=\"544\" src=\"https:\/\/aeprilclinics.nl\/wp-content\/uploads\/2026\/08\/ChatGPT-Image-29-aug-2026-15_35_05-1-1024x544.png\" alt=\"\" class=\"wp-image-18919 size-full\" style=\"object-position:50% 50%\" srcset=\"https:\/\/aeprilclinics.nl\/wp-content\/uploads\/2026\/08\/ChatGPT-Image-29-aug-2026-15_35_05-1-1024x544.png 1024w, https:\/\/aeprilclinics.nl\/wp-content\/uploads\/2026\/08\/ChatGPT-Image-29-aug-2026-15_35_05-1-300x159.png 300w, https:\/\/aeprilclinics.nl\/wp-content\/uploads\/2026\/08\/ChatGPT-Image-29-aug-2026-15_35_05-1-768x408.png 768w, https:\/\/aeprilclinics.nl\/wp-content\/uploads\/2026\/08\/ChatGPT-Image-29-aug-2026-15_35_05-1-1536x816.png 1536w, https:\/\/aeprilclinics.nl\/wp-content\/uploads\/2026\/08\/ChatGPT-Image-29-aug-2026-15_35_05-1-508x270.png 508w, https:\/\/aeprilclinics.nl\/wp-content\/uploads\/2026\/08\/ChatGPT-Image-29-aug-2026-15_35_05-1.png 1720w\" sizes=\"auto, (max-width: 1024px) 100vw, 1024px\" \/><\/figure><\/div>\n\n<h2 class=\"wp-block-heading\">Notre \u00e9quipe de sp\u00e9cialistes<\/h2>\n\n<p class=\"wp-block-paragraph\">    <div class=\"artsen-block locatie-Utrecht count-4\">\n\t\t            <article class=\"arts-item\" style=\"background: \">\n                <a href=\"https:\/\/aeprilclinics.nl\/fr\/arts\/le-docteur-murin\/\">\n                    <div class=\"article-thumbnail\" style=\"background-image: url(\n\t\t\t\t\thttps:\/\/aeprilclinics.nl\/wp-content\/uploads\/2025\/12\/WhatsApp-Image-2025-12-23-at-17.19.48-1-1024x826.jpeg                            );\"><\/div>\n\n\n                    <div class=\"content\">\n                         <h3>Le docteur Murin<\/h3>\n                        <span><p>Utrecht<\/p>\n<\/span>\n                    <\/div>\n                <\/a>\n            <\/article>\n\t\t\t            <article class=\"arts-item\" style=\"background: \">\n                <a href=\"https:\/\/aeprilclinics.nl\/fr\/arts\/le-docteur-sameer\/\">\n                    <div class=\"article-thumbnail\" style=\"background-image: url(\n\t\t\t\t\thttps:\/\/aeprilclinics.nl\/wp-content\/uploads\/2026\/08\/Ontwerp-zonder-titel-1-706x1024.png                            );\"><\/div>\n\n\n                    <div class=\"content\">\n                         <h3>Le docteur Sameer<\/h3>\n                        <span><p>Hengelo et Utrecht<\/p>\n<\/span>\n                    <\/div>\n                <\/a>\n            <\/article>\n\t\t\t            <article class=\"arts-item\" style=\"background: \">\n                <a href=\"https:\/\/aeprilclinics.nl\/fr\/arts\/docteur-layla\/\">\n                    <div class=\"article-thumbnail\" style=\"background-image: url(\n\t\t\t\t\thttps:\/\/aeprilclinics.nl\/wp-content\/uploads\/2026\/07\/WhatsApp-Image-2026-07-14-at-17.23.36-1.jpeg                            );\"><\/div>\n\n\n                    <div class=\"content\">\n                         <h3>Docteur Layla<\/h3>\n                        <span><p>Hengelo et Utrecht<\/p>\n<\/span>\n                    <\/div>\n                <\/a>\n            <\/article>\n\t\t\t            <article class=\"arts-item\" style=\"background: \">\n                <a href=\"https:\/\/aeprilclinics.nl\/fr\/arts\/docteur-dorith\/\">\n                    <div class=\"article-thumbnail\" style=\"background-image: url(\n\t\t\t\t\thttps:\/\/aeprilclinics.nl\/wp-content\/uploads\/2025\/10\/PHOTO-2025-10-30-20-47-46-768x1024.jpg                            );\"><\/div>\n\n\n                    <div class=\"content\">\n                         <h3>Docteur Dorith<\/h3>\n                        <span><p>Hengelo et Utrecht<\/p>\n<\/span>\n                    <\/div>\n                <\/a>\n            <\/article>\n\t\t\t        <article class=\"arts-item\">\n            <a href=\"\/team\">\n                <div class=\"article-thumbnail\" style=\"background-image: url('https:\/\/aeprilclinics.nl\/wp-content\/uploads\/2026\/08\/IMG_6257-scaled.jpg');\"><\/div>\n\n\n            <div class=\"content\">\n\n                <h4>Notre \u00e9quipe<\/h4>\n\n                <span><\/p>\n\n<p class=\"wp-block-paragraph\">D\u00e9couvrez notre formidable \u00e9quipe de sp\u00e9cialistes.<\/p>\n\n<p class=\"wp-block-paragraph\"><\/span>\n            <\/div>\n            <\/a>\n        <\/article>\n            <\/div>\n\t<\/p>\n\n<p class=\"wp-block-paragraph\"><\/p>\n\n<div class=\"wp-block-buttons is-content-justification-center is-layout-flex wp-container-core-buttons-is-layout-0aa01211 wp-block-buttons-is-layout-flex\">\n<div class=\"wp-block-button\"><a class=\"wp-block-button__link wp-element-button\" href=\"https:\/\/aeprilclinics.nl\/fr\/contact\/\">Prenez rendez-vous d\u00e8s maintenant pour un entretien-conseil<\/a><\/div>\n<\/div>\n\n<div class=\"wp-block-cover alignfull is-light\" style=\"margin-top:var(--wp--preset--spacing--60);margin-bottom:var(--wp--preset--spacing--60)\"><span aria-hidden=\"true\" class=\"wp-block-cover__background has-accent-2-background-color has-background-dim-100 has-background-dim\"><\/span><div class=\"wp-block-cover__inner-container has-global-padding is-layout-constrained wp-block-cover-is-layout-constrained\">\n<h5 class=\"wp-block-heading has-text-align-center\">Parcours<\/h5>\n\n\n\n<h2 class=\"wp-block-heading has-text-align-center\">Informations sur nos parcours<\/h2>\n\n\n\n<div class=\"wp-block-columns is-layout-flex wp-container-core-columns-is-layout-6c0c7bf9 wp-block-columns-is-layout-flex\" style=\"margin-top:var(--wp--preset--spacing--40);margin-bottom:var(--wp--preset--spacing--40)\">\n<div class=\"wp-block-column is-layout-flow wp-block-column-is-layout-flow\">\n<div class=\"wp-block-columns is-not-stacked-on-mobile is-layout-flex wp-container-core-columns-is-layout-3a88641f wp-block-columns-is-layout-flex\">\n<div class=\"wp-block-column is-layout-flow wp-block-column-is-layout-flow\" style=\"flex-basis:50px\">\n<figure class=\"wp-block-image size-full\"><img loading=\"lazy\" decoding=\"async\" width=\"300\" height=\"315\" src=\"https:\/\/aeprilclinics.nl\/wp-content\/uploads\/2025\/01\/icon-merk.png\" alt=\"\" class=\"wp-image-1001\" srcset=\"https:\/\/aeprilclinics.nl\/wp-content\/uploads\/2025\/01\/icon-merk.png 300w, https:\/\/aeprilclinics.nl\/wp-content\/uploads\/2025\/01\/icon-merk-286x300.png 286w, https:\/\/aeprilclinics.nl\/wp-content\/uploads\/2025\/01\/icon-merk-257x270.png 257w\" sizes=\"auto, (max-width: 300px) 100vw, 300px\" \/><\/figure>\n<\/div>\n\n\n\n<div class=\"wp-block-column is-layout-flow wp-block-column-is-layout-flow\">\n<h3 class=\"wp-block-heading\">Parcours :<\/h3>\n\n\n\n<ul class=\"wp-block-list\">\n<li><a href=\"https:\/\/aeprilclinics.nl\/fr\/longevity-sante-vitalite-et-bien-etre-des-collaborateurs\/\" data-type=\"page\" data-id=\"18872\">Longevit\u00e9 : sant\u00e9 et vitalit\u00e9 pour les entreprises<\/a><\/li>\n\n\n\n<li><a href=\"https:\/\/aeprilclinics.nl\/fr\/partenaire-medical-pour-la-vitalite-et-la-longevite\/\" data-type=\"page\" data-id=\"19056\">Suivi m\u00e9dical<\/a><\/li>\n<\/ul>\n<\/div>\n<\/div>\n<\/div>\n\n\n\n<div class=\"wp-block-column is-layout-flow wp-block-column-is-layout-flow\">\n<div class=\"wp-block-columns is-not-stacked-on-mobile is-layout-flex wp-container-core-columns-is-layout-3a88641f wp-block-columns-is-layout-flex\">\n<div class=\"wp-block-column is-layout-flow wp-block-column-is-layout-flow\" style=\"flex-basis:50px\">\n<figure class=\"wp-block-image size-full\"><img loading=\"lazy\" decoding=\"async\" width=\"300\" height=\"315\" src=\"https:\/\/aeprilclinics.nl\/wp-content\/uploads\/2025\/01\/icon-behandeltijd.png\" alt=\"\" class=\"wp-image-1002\" srcset=\"https:\/\/aeprilclinics.nl\/wp-content\/uploads\/2025\/01\/icon-behandeltijd.png 300w, https:\/\/aeprilclinics.nl\/wp-content\/uploads\/2025\/01\/icon-behandeltijd-286x300.png 286w, https:\/\/aeprilclinics.nl\/wp-content\/uploads\/2025\/01\/icon-behandeltijd-257x270.png 257w\" sizes=\"auto, (max-width: 300px) 100vw, 300px\" \/><\/figure>\n<\/div>\n\n\n\n<div class=\"wp-block-column is-layout-flow wp-block-column-is-layout-flow\">\n<h3 class=\"wp-block-heading\">Dur\u00e9e du traitement<\/h3>\n\n\n\n<p class=\"wp-block-paragraph\">\u00c0 partir de 3 mois, avec un nombre illimit\u00e9 de programmes<\/p>\n<\/div>\n<\/div>\n<\/div>\n\n\n\n<div class=\"wp-block-column is-layout-flow wp-block-column-is-layout-flow\">\n<div class=\"wp-block-columns is-not-stacked-on-mobile is-layout-flex wp-container-core-columns-is-layout-3a88641f wp-block-columns-is-layout-flex\">\n<div class=\"wp-block-column is-layout-flow wp-block-column-is-layout-flow\" style=\"flex-basis:50px\">\n<figure class=\"wp-block-image size-full\"><img loading=\"lazy\" decoding=\"async\" width=\"61\" height=\"64\" src=\"https:\/\/aeprilclinics.nl\/wp-content\/uploads\/2025\/01\/icon-resultaat.png\" alt=\"\" class=\"wp-image-1003\"\/><\/figure>\n<\/div>\n\n\n\n<div class=\"wp-block-column is-layout-flow wp-block-column-is-layout-flow\">\n<h3 class=\"wp-block-heading\">R\u00e9sultat<\/h3>\n\n\n\n<p class=\"wp-block-paragraph\">En l&rsquo;espace de 3 mois, avec des r\u00e9sultats durables au bout de 9 \u00e0 12 mois<\/p>\n<\/div>\n<\/div>\n<\/div>\n\n\n\n<div class=\"wp-block-column is-layout-flow wp-block-column-is-layout-flow\">\n<div class=\"wp-block-columns is-not-stacked-on-mobile is-layout-flex wp-container-core-columns-is-layout-3a88641f wp-block-columns-is-layout-flex\">\n<div class=\"wp-block-column is-layout-flow wp-block-column-is-layout-flow\" style=\"flex-basis:50px\">\n<figure class=\"wp-block-image size-full\"><img loading=\"lazy\" decoding=\"async\" width=\"300\" height=\"315\" src=\"https:\/\/aeprilclinics.nl\/wp-content\/uploads\/2025\/01\/icon-prijs.png\" alt=\"\" class=\"wp-image-1004\" srcset=\"https:\/\/aeprilclinics.nl\/wp-content\/uploads\/2025\/01\/icon-prijs.png 300w, https:\/\/aeprilclinics.nl\/wp-content\/uploads\/2025\/01\/icon-prijs-286x300.png 286w, https:\/\/aeprilclinics.nl\/wp-content\/uploads\/2025\/01\/icon-prijs-257x270.png 257w\" sizes=\"auto, (max-width: 300px) 100vw, 300px\" \/><\/figure>\n<\/div>\n\n\n\n<div class=\"wp-block-column is-layout-flow wp-block-column-is-layout-flow\">\n<h3 class=\"wp-block-heading\">Co\u00fbts<\/h3>\n\n\n\n<p class=\"wp-block-paragraph\">Cela d\u00e9pend du parcours, du nombre de salari\u00e9s et des souhaits<\/p>\n<\/div>\n<\/div>\n<\/div>\n<\/div>\n<\/div><\/div>\n\n<div class=\"wp-block-columns is-layout-flex wp-container-core-columns-is-layout-3a88641f wp-block-columns-is-layout-flex\">\n<div class=\"wp-block-column is-layout-flow wp-block-column-is-layout-flow\">\n<h2 class=\"wp-block-heading\">Sant\u00e9, vitalit\u00e9 et bien-\u00eatre<\/h2>\n\n\n\n<p class=\"wp-block-paragraph\">Pour les organisations qui souhaitent investir dans la sant\u00e9 et le bien-\u00eatre de leurs collaborateurs, nous proposons des programmes de sant\u00e9 personnalis\u00e9s alliant accompagnement m\u00e9dical, mode de vie et pr\u00e9vention. En fonction de la formule choisie, le programme peut notamment inclure l&rsquo;alimentation, l&rsquo;activit\u00e9 physique, la gestion du poids, le sommeil, la r\u00e9cup\u00e9ration, la condition physique, le coaching sportif et l&rsquo;accompagnement personnalis\u00e9.   <strong><a href=\"https:\/\/aeprilclinics.nl\/fr\/longevity-sante-vitalite-et-bien-etre-des-collaborateurs\/\" data-type=\"page\" data-id=\"18872\">Pour en savoir plus sur la sant\u00e9, la vitalit\u00e9 et le bien-\u00eatre des collaborateurs.<\/a><\/strong><\/p>\n\n\n\n<div style=\"height:47px\" aria-hidden=\"true\" class=\"wp-block-spacer\"><\/div>\n<\/div>\n<\/div>\n\n<h2 class=\"wp-block-heading\">Prise en charge m\u00e9dicale du poids<\/h2>\n\n<p class=\"wp-block-paragraph\">Aepril Clinics propose des programmes de gestion du poids sous suivi m\u00e9dical destin\u00e9s aux personnes en surpoids ou ob\u00e8ses. Les employeurs peuvent permettre \u00e0 leurs salari\u00e9s d\u2019acc\u00e9der \u00e0 cet accompagnement dans le cadre d\u2019un programme de sant\u00e9, d\u2019un avantage social compl\u00e9mentaire ou d\u2019une contribution de l\u2019employeur. L\u2019\u00e9valuation m\u00e9dicale et le traitement restent toujours enti\u00e8rement confidentiels entre le participant et le m\u00e9decin traitant. <strong>En savoir plus sur <a href=\"https:\/\/aeprilclinics.nl\/fr\/soort-behandeling\/perte-de-poids-medicale\/\" data-type=\"soort-behandeling\" data-id=\"113\">la prise en charge m\u00e9dicale de la perte de poids.<\/a><\/strong>  <\/p>\n\n<div style=\"height:70px\" aria-hidden=\"true\" class=\"wp-block-spacer\"><\/div>\n\n<h2 class=\"wp-block-heading\">Accompagnement et d\u00e9veloppement<\/h2>\n\n<p class=\"wp-block-paragraph\">Outre la sant\u00e9, nous accompagnons les collaborateurs, les \u00e9quipes et les dirigeants dans leur d\u00e9veloppement personnel et professionnel. <strong>Bahman Zarghami<\/strong>, cofondateur et coach en haute performance, propose du coaching individuel, du coaching d&rsquo;\u00e9quipe ainsi que du coaching en leadership et pour cadres dirigeants. Ces parcours peuvent \u00eatre mis en place dans le cadre du d\u00e9veloppement personnel, du leadership, de la collaboration et de la performance durable, et peuvent \u00eatre propos\u00e9s de mani\u00e8re autonome ou en compl\u00e9ment de nos programmes de sant\u00e9.  <\/p>\n\n<div style=\"height:63px\" aria-hidden=\"true\" class=\"wp-block-spacer\"><\/div>\n\n<h2 class=\"wp-block-heading\">Sant\u00e9 et performance des cadres<\/h2>\n\n<p class=\"wp-block-paragraph\">Nous proposons aux entrepreneurs, aux dirigeants et aux cadres sup\u00e9rieurs un accompagnement personnalis\u00e9 plus intensif, alliant sant\u00e9 et performance. En fonction des objectifs, un accompagnement m\u00e9dical, des bilans de sant\u00e9, des conseils nutritionnels, des activit\u00e9s physiques, un entra\u00eenement personnalis\u00e9, des soins de r\u00e9cup\u00e9ration et du coaching de cadres peuvent \u00eatre combin\u00e9s au sein d&rsquo;un programme personnalis\u00e9 unique.   <\/p>\n\n<div style=\"height:100px\" aria-hidden=\"true\" class=\"wp-block-spacer\"><\/div>\n\n<div class=\"wp-block-media-text is-stacked-on-mobile is-image-fill-element\"><figure class=\"wp-block-media-text__media\"><img loading=\"lazy\" decoding=\"async\" width=\"1024\" height=\"683\" src=\"https:\/\/aeprilclinics.nl\/wp-content\/uploads\/2026\/08\/ChatGPT-Image-29-aug-2026-15_32_15-1024x683.png\" alt=\"\" class=\"wp-image-18900 size-full\" style=\"object-position:50% 50%\" srcset=\"https:\/\/aeprilclinics.nl\/wp-content\/uploads\/2026\/08\/ChatGPT-Image-29-aug-2026-15_32_15-1024x683.png 1024w, https:\/\/aeprilclinics.nl\/wp-content\/uploads\/2026\/08\/ChatGPT-Image-29-aug-2026-15_32_15-300x200.png 300w, https:\/\/aeprilclinics.nl\/wp-content\/uploads\/2026\/08\/ChatGPT-Image-29-aug-2026-15_32_15-768x512.png 768w, https:\/\/aeprilclinics.nl\/wp-content\/uploads\/2026\/08\/ChatGPT-Image-29-aug-2026-15_32_15-405x270.png 405w, https:\/\/aeprilclinics.nl\/wp-content\/uploads\/2026\/08\/ChatGPT-Image-29-aug-2026-15_32_15.png 1536w\" sizes=\"auto, (max-width: 1024px) 100vw, 1024px\" \/><\/figure><div class=\"wp-block-media-text__content\">\n<h5 class=\"wp-block-heading\">\u00c0 qui s&rsquo;adressent ces parcours ?<\/h5>\n\n\n\n<h2 class=\"wp-block-heading\">De l&rsquo;accompagnement individuel \u00e0 une collaboration au niveau de l&rsquo;organisation<\/h2>\n\n\n\n<p class=\"wp-block-paragraph\">Nos services aux entreprises peuvent \u00eatre organis\u00e9s de mani\u00e8re flexible. Une collaboration peut par exemple prendre la forme de parcours individuels pour les collaborateurs, d&rsquo;une contribution de l&#8217;employeur \u00e0 certains services, d&rsquo;un projet pilote destin\u00e9 \u00e0 un groupe s\u00e9lectionn\u00e9, d&rsquo;un accompagnement d&rsquo;une \u00e9quipe ou d&rsquo;un programme plus complet au sein de l&rsquo;organisation. Il est \u00e9galement possible de combiner diff\u00e9rents \u00e9l\u00e9ments. Ainsi, une organisation peut proposer un programme plus large en mati\u00e8re de sant\u00e9 et de vitalit\u00e9 \u00e0 ses collaborateurs, tandis que les cadres et la direction b\u00e9n\u00e9ficient d\u2019un accompagnement compl\u00e9mentaire ou du programme \u00ab Executive Health &amp; Performance \u00bb. Nous nous ferons un plaisir de vous aider \u00e0 d\u00e9finir une formule adapt\u00e9e \u00e0 votre organisation, \u00e0 vos collaborateurs et au budget dont vous disposez.    <\/p>\n\n\n\n<hr class=\"wp-block-separator has-alpha-channel-opacity\"\/>\n\n\n\n<h2 class=\"wp-block-heading\">Pour les collaborateurs, les \u00e9quipes et les dirigeants<\/h2>\n\n\n\n<p class=\"wp-block-paragraph\">La sant\u00e9 et le d\u00e9veloppement jouent un r\u00f4le diff\u00e9rent \u00e0 chaque niveau au sein d&rsquo;une organisation. C&rsquo;est pourquoi Aepril Clinics peut apporter son soutien \u00e0 : <\/p>\n\n\n\n<ul class=\"wp-block-list\">\n<li>chaque collaborateur ;<\/li>\n\n\n\n<li>\u00e9quipes ;<\/li>\n\n\n\n<li>les cadres et les responsables ;<\/li>\n\n\n\n<li>direction et cadres sup\u00e9rieurs ;<\/li>\n\n\n\n<li>entrepreneurs et partenaires.<\/li>\n<\/ul>\n\n\n\n<p class=\"wp-block-paragraph\">L&rsquo;accompagnement est adapt\u00e9 \u00e0 la personne ou au groupe ainsi qu&rsquo;aux objectifs du parcours.<\/p>\n<\/div><\/div>\n\n<div style=\"height:59px\" aria-hidden=\"true\" class=\"wp-block-spacer\"><\/div>\n\n<h2 class=\"wp-block-heading\">La sant\u00e9 et le d\u00e9veloppement en tant que condition d&#8217;emploi<\/h2>\n\n<p class=\"wp-block-paragraph\">Les employeurs cherchent de plus en plus souvent des moyens d&rsquo;offrir \u00e0 leurs collaborateurs un soutien suppl\u00e9mentaire en mati\u00e8re de sant\u00e9, de bien-\u00eatre et de d\u00e9veloppement. Nos services peuvent donc \u00e9galement s\u2019inscrire dans le cadre d\u2019un ensemble plus large d\u2019avantages sociaux ou de prestations destin\u00e9es aux salari\u00e9s. Citons par exemple un budget sant\u00e9 personnel, une contribution de l\u2019employeur, un programme de bien-\u00eatre, un budget de coaching ou l\u2019acc\u00e8s \u00e0 certains services d\u2019Aepril Clinics. Nous pouvons d\u00e9terminer avec le service des ressources humaines ou le service People &amp; Culture quelle formule convient le mieux \u00e0 votre organisation.   <\/p>\n\n<div style=\"height:53px\" aria-hidden=\"true\" class=\"wp-block-spacer\"><\/div>\n\n<h2 class=\"wp-block-heading\">Commencez modestement par un projet pilote<\/h2>\n\n<p class=\"wp-block-paragraph\">Une collaboration ne doit pas n\u00e9cessairement s&rsquo;\u00e9tendre d&#8217;embl\u00e9e \u00e0 l&rsquo;ensemble de l&rsquo;organisation.<\/p>\n\n<p class=\"wp-block-paragraph\">Pour les organisations qui souhaitent d&rsquo;abord se familiariser avec notre approche, nous pouvons mettre en place un projet pilote destin\u00e9 \u00e0 un groupe restreint de collaborateurs.<\/p>\n\n<p class=\"wp-block-paragraph\">Cela permettra \u00e0 votre organisation de d\u00e9couvrir l&rsquo;accompagnement propos\u00e9 par Aepril Clinics et d&rsquo;\u00e9valuer quels modules correspondent le mieux aux besoins de vos collaborateurs.<\/p>\n\n<p class=\"wp-block-paragraph\">Sur cette base, un programme pourra \u00eatre \u00e9tendu ult\u00e9rieurement.<\/p>\n\n<div style=\"height:65px\" aria-hidden=\"true\" class=\"wp-block-spacer\"><\/div>\n\n<div class=\"wp-block-cover alignfull is-light\" style=\"margin-top:var(--wp--preset--spacing--60);margin-bottom:var(--wp--preset--spacing--60)\"><span aria-hidden=\"true\" class=\"wp-block-cover__background has-accent-2-background-color has-background-dim-100 has-background-dim\"><\/span><div class=\"wp-block-cover__inner-container has-global-padding is-layout-constrained wp-block-cover-is-layout-constrained\">\n<h5 class=\"wp-block-heading has-text-align-center\">Faq<\/h5>\n\n\n\n<h2 class=\"wp-block-heading has-text-align-center\" style=\"margin-bottom:var(--wp--preset--spacing--40)\">Questions fr\u00e9quemment pos\u00e9es<\/h2>\n\n\n<div  class=\"ewd-ufaq-faq-list ewd-ufaq-page-type-distinct ewd-ufaq-category-tabs-\" id='ewd-ufaq-faq-list'>\n\n\t<input type='hidden' name='show_on_load' value='' id='ewd-ufaq-show-on-load' \/>\n<input type='hidden' name='include_category' value='aepril-voor-bedrijven' id='ewd-ufaq-include-category' \/>\n<input type='hidden' name='exclude_category' value='' id='ewd-ufaq-exclude-category' \/>\n<input type='hidden' name='orderby' value='date' id='ewd-ufaq-orderby' \/>\n<input type='hidden' name='order' value='asc' id='ewd-ufaq-order' \/>\n<input type='hidden' name='post_count' value='-1' id='ewd-ufaq-post-count' \/>\n<input type='hidden' name='current_url' value='\/fr\/wp-json\/wp\/v2\/pages\/19140' id='ewd-ufaq-current-url' \/>\n\t\n\t\n\t<div class='ewd-ufaq-faqs'>\n\n\t\t<div  class=\"ewd-ufaq-faq-div ewd-ufaq-faq-column-count-one ewd-ufaq-faq-responsive-columns- ewd-ufaq-faq-display-style-default ewd-ufaq-can-be-toggled\" id='ewd-ufaq-post-18997-aQ78HQLdTO' data-post_id='18997'>\n\n\t\t\n\t<div class='ewd-ufaq-faq-title ewd-ufaq-faq-toggle'>\n\t\n\t<a class='ewd-ufaq-post-margin'  href='#' role=\"button\">\n\n\t\t<div class='ewd-ufaq-post-margin-symbol ewd-ufaq-'>\n\t\t\t<span >a<\/span>\n\t\t<\/div>\n\n\t\t<div class='ewd-ufaq-faq-title-text'>\n\n\t\t\t<h4>\n\t\t\t\tQue propose Aepril Clinics aux entreprises ?\t\t\t<\/h4>\n\n\t\t<\/div>\n\n\t\t<div class='ewd-ufaq-clear'><\/div>\n\n\t<\/a>\n\t\n<\/div>\n\t\n\t<div class='ewd-ufaq-faq-body ewd-ufaq-hidden' >\n\n\t\t\n\t\t\t\n\t\t\n\t\t\t<div class='ewd-ufaq-post-margin ewd-ufaq-faq-post'>\n\t\n<p class=\"wp-block-paragraph\">Aepril Clinics propose aux entreprises diff\u00e9rentes solutions pour investir dans la sant\u00e9, la vitalit\u00e9, le d\u00e9veloppement et la performance de leurs collaborateurs, \u00e9quipes et dirigeants. En fonction de leurs besoins, les organisations peuvent recourir \u00e0 des programmes de sant\u00e9 et de vitalit\u00e9, \u00e0 la prise en charge m\u00e9dicale de la gestion du poids, au coaching personnel, ainsi qu\u2019aux services \u00ab Executive Health &amp; Performance \u00bb. Nous \u00e9laborons aussi bien des parcours individuels que des programmes destin\u00e9s aux \u00e9quipes et aux groupes plus importants de collaborateurs.  <\/p>\n<\/div>\n\t\t\n\t\t\t\n\t\t\n\t\t\t\n\t\t\n\t\t\t\n\t\t\n\t\t\t\n\t\t\n\t\t\t\n\t\t\n\t\t\t\n\t\t\n\t\t\t\n\t\t\n\t\t\t\n\t\t\n\t<\/div>\n\n<\/div><div  class=\"ewd-ufaq-faq-div ewd-ufaq-faq-column-count-one ewd-ufaq-faq-responsive-columns- ewd-ufaq-faq-display-style-default ewd-ufaq-can-be-toggled\" id='ewd-ufaq-post-19006-aNWhTyvOug' data-post_id='19006'>\n\n\t\t\n\t<div class='ewd-ufaq-faq-title ewd-ufaq-faq-toggle'>\n\t\n\t<a class='ewd-ufaq-post-margin'  href='#' role=\"button\">\n\n\t\t<div class='ewd-ufaq-post-margin-symbol ewd-ufaq-'>\n\t\t\t<span >a<\/span>\n\t\t<\/div>\n\n\t\t<div class='ewd-ufaq-faq-title-text'>\n\n\t\t\t<h4>\n\t\t\t\t\u00c0 quelles entreprises les programmes professionnels d&rsquo;Aepril Clinics s&rsquo;adressent-ils ?\t\t\t<\/h4>\n\n\t\t<\/div>\n\n\t\t<div class='ewd-ufaq-clear'><\/div>\n\n\t<\/a>\n\t\n<\/div>\n\t\n\t<div class='ewd-ufaq-faq-body ewd-ufaq-hidden' >\n\n\t\t\n\t\t\t\n\t\t\n\t\t\t<div class='ewd-ufaq-post-margin ewd-ufaq-faq-post'>\n\t\n<p class=\"wp-block-paragraph\">Nos services aux entreprises s&rsquo;adressent aussi bien aux petites et moyennes entreprises qu&rsquo;aux grandes organisations. Nous travaillons avec des organisations qui souhaitent investir dans la sant\u00e9, la vitalit\u00e9, le bien-\u00eatre, l&#8217;employabilit\u00e9 durable, le d\u00e9veloppement personnel ou le leadership. La collaboration est adapt\u00e9e \u00e0 la taille, aux objectifs et aux besoins de l&rsquo;organisation.  <\/p>\n<\/div>\n\t\t\n\t\t\t\n\t\t\n\t\t\t\n\t\t\n\t\t\t\n\t\t\n\t\t\t\n\t\t\n\t\t\t\n\t\t\n\t\t\t\n\t\t\n\t\t\t\n\t\t\n\t\t\t\n\t\t\n\t<\/div>\n\n<\/div><div  class=\"ewd-ufaq-faq-div ewd-ufaq-faq-column-count-one ewd-ufaq-faq-responsive-columns- ewd-ufaq-faq-display-style-default ewd-ufaq-can-be-toggled\" id='ewd-ufaq-post-19007-VXN7rxQaxD' data-post_id='19007'>\n\n\t\t\n\t<div class='ewd-ufaq-faq-title ewd-ufaq-faq-toggle'>\n\t\n\t<a class='ewd-ufaq-post-margin'  href='#' role=\"button\">\n\n\t\t<div class='ewd-ufaq-post-margin-symbol ewd-ufaq-'>\n\t\t\t<span >a<\/span>\n\t\t<\/div>\n\n\t\t<div class='ewd-ufaq-faq-title-text'>\n\n\t\t\t<h4>\n\t\t\t\tEn tant qu&#8217;employeur, pouvons-nous d\u00e9cider nous-m\u00eames des services que nous proposons ?\t\t\t<\/h4>\n\n\t\t<\/div>\n\n\t\t<div class='ewd-ufaq-clear'><\/div>\n\n\t<\/a>\n\t\n<\/div>\n\t\n\t<div class='ewd-ufaq-faq-body ewd-ufaq-hidden' >\n\n\t\t\n\t\t\t\n\t\t\n\t\t\t<div class='ewd-ufaq-post-margin ewd-ufaq-faq-post'>\n\t\n<p class=\"wp-block-paragraph\">Oui. Nos programmes destin\u00e9s aux entreprises sont con\u00e7us sur mesure. Une organisation peut, par exemple, proposer exclusivement un accompagnement en mati\u00e8re de sant\u00e9 ou combiner diff\u00e9rents services, tels que l&rsquo;accompagnement en mati\u00e8re de mode de vie, la prise en charge m\u00e9dicale de la gestion du poids, le coaching sportif et le coaching personnel. Il est \u00e9galement possible de proposer diff\u00e9rents programmes \u00e0 diff\u00e9rents groupes au sein de l&rsquo;organisation.   <\/p>\n<\/div>\n\t\t\n\t\t\t\n\t\t\n\t\t\t\n\t\t\n\t\t\t\n\t\t\n\t\t\t\n\t\t\n\t\t\t\n\t\t\n\t\t\t\n\t\t\n\t\t\t\n\t\t\n\t\t\t\n\t\t\n\t<\/div>\n\n<\/div><div  class=\"ewd-ufaq-faq-div ewd-ufaq-faq-column-count-one ewd-ufaq-faq-responsive-columns- ewd-ufaq-faq-display-style-default ewd-ufaq-can-be-toggled\" id='ewd-ufaq-post-19025-YhDgvN923L' data-post_id='19025'>\n\n\t\t\n\t<div class='ewd-ufaq-faq-title ewd-ufaq-faq-toggle'>\n\t\n\t<a class='ewd-ufaq-post-margin'  href='#' role=\"button\">\n\n\t\t<div class='ewd-ufaq-post-margin-symbol ewd-ufaq-'>\n\t\t\t<span >a<\/span>\n\t\t<\/div>\n\n\t\t<div class='ewd-ufaq-faq-title-text'>\n\n\t\t\t<h4>\n\t\t\t\tPourrions-nous commencer par mettre en place un projet pilote ?\t\t\t<\/h4>\n\n\t\t<\/div>\n\n\t\t<div class='ewd-ufaq-clear'><\/div>\n\n\t<\/a>\n\t\n<\/div>\n\t\n\t<div class='ewd-ufaq-faq-body ewd-ufaq-hidden' >\n\n\t\t\n\t\t\t\n\t\t\n\t\t\t<div class='ewd-ufaq-post-margin ewd-ufaq-faq-post'>\n\t\n<p class=\"wp-block-paragraph\">Oui. Les organisations peuvent commencer par mettre en place un projet pilote destin\u00e9 \u00e0 un groupe restreint de collaborateurs. Cela vous permettra de vous familiariser avec notre m\u00e9thode de travail avant de d\u00e9cider de proposer le programme \u00e0 plus grande \u00e9chelle au sein de l&rsquo;organisation. L&rsquo;ampleur, le contenu et la dur\u00e9e du projet pilote seront d\u00e9termin\u00e9s d&rsquo;un commun accord.   <\/p>\n<\/div>\n\t\t\n\t\t\t\n\t\t\n\t\t\t\n\t\t\n\t\t\t\n\t\t\n\t\t\t\n\t\t\n\t\t\t\n\t\t\n\t\t\t\n\t\t\n\t\t\t\n\t\t\n\t\t\t\n\t\t\n\t<\/div>\n\n<\/div><div  class=\"ewd-ufaq-faq-div ewd-ufaq-faq-column-count-one ewd-ufaq-faq-responsive-columns- ewd-ufaq-faq-display-style-default ewd-ufaq-can-be-toggled\" id='ewd-ufaq-post-19024-L9kyVR8WJy' data-post_id='19024'>\n\n\t\t\n\t<div class='ewd-ufaq-faq-title ewd-ufaq-faq-toggle'>\n\t\n\t<a class='ewd-ufaq-post-margin'  href='#' role=\"button\">\n\n\t\t<div class='ewd-ufaq-post-margin-symbol ewd-ufaq-'>\n\t\t\t<span >a<\/span>\n\t\t<\/div>\n\n\t\t<div class='ewd-ufaq-faq-title-text'>\n\n\t\t\t<h4>\n\t\t\t\tLes collaborateurs peuvent-ils recourir \u00e0 Aepril Clinics \u00e0 titre individuel ?\t\t\t<\/h4>\n\n\t\t<\/div>\n\n\t\t<div class='ewd-ufaq-clear'><\/div>\n\n\t<\/a>\n\t\n<\/div>\n\t\n\t<div class='ewd-ufaq-faq-body ewd-ufaq-hidden' >\n\n\t\t\n\t\t\t\n\t\t\n\t\t\t<div class='ewd-ufaq-post-margin ewd-ufaq-faq-post'>\n\t\n<p class=\"wp-block-paragraph\">Oui. Un employeur n&rsquo;est pas tenu de souscrire imm\u00e9diatement \u00e0 un programme \u00e0 l&rsquo;\u00e9chelle de l&rsquo;entreprise. Il est \u00e9galement possible d&rsquo;accorder \u00e0 certains salari\u00e9s l&rsquo;acc\u00e8s \u00e0 des services sp\u00e9cifiques, ou de mettre \u00e0 leur disposition une contribution de l&#8217;employeur ou un budget sant\u00e9 individuel. Nous serions ravis de discuter avec vous de la formule la mieux adapt\u00e9e \u00e0 vos conditions de travail et \u00e0 votre organisation.   <\/p>\n<\/div>\n\t\t\n\t\t\t\n\t\t\n\t\t\t\n\t\t\n\t\t\t\n\t\t\n\t\t\t\n\t\t\n\t\t\t\n\t\t\n\t\t\t\n\t\t\n\t\t\t\n\t\t\n\t\t\t\n\t\t\n\t<\/div>\n\n<\/div><div  class=\"ewd-ufaq-faq-div ewd-ufaq-faq-column-count-one ewd-ufaq-faq-responsive-columns- ewd-ufaq-faq-display-style-default ewd-ufaq-can-be-toggled\" id='ewd-ufaq-post-19037-d9s7SrhLm7' data-post_id='19037'>\n\n\t\t\n\t<div class='ewd-ufaq-faq-title ewd-ufaq-faq-toggle'>\n\t\n\t<a class='ewd-ufaq-post-margin'  href='#' role=\"button\">\n\n\t\t<div class='ewd-ufaq-post-margin-symbol ewd-ufaq-'>\n\t\t\t<span >a<\/span>\n\t\t<\/div>\n\n\t\t<div class='ewd-ufaq-faq-title-text'>\n\n\t\t\t<h4>\n\t\t\t\tAepril Clinics propose-t-elle \u00e9galement des programmes destin\u00e9s \u00e0 la direction et aux cadres sup\u00e9rieurs ?\t\t\t<\/h4>\n\n\t\t<\/div>\n\n\t\t<div class='ewd-ufaq-clear'><\/div>\n\n\t<\/a>\n\t\n<\/div>\n\t\n\t<div class='ewd-ufaq-faq-body ewd-ufaq-hidden' >\n\n\t\t\n\t\t\t\n\t\t\n\t\t\t<div class='ewd-ufaq-post-margin ewd-ufaq-faq-post'>\n\t\n<p class=\"wp-block-paragraph\">Oui. Avec Executive Health &amp; Performance, nous proposons un accompagnement personnalis\u00e9 plus intensif destin\u00e9 aux entrepreneurs, aux dirigeants, aux associ\u00e9s et aux cadres sup\u00e9rieurs. En fonction des objectifs, la sant\u00e9, l\u2019accompagnement m\u00e9dical, la nutrition, l\u2019entra\u00eenement physique, la r\u00e9cup\u00e9ration et le coaching de cadres peuvent \u00eatre combin\u00e9s au sein d\u2019un programme personnalis\u00e9 unique.  <\/p>\n<\/div>\n\t\t\n\t\t\t\n\t\t\n\t\t\t\n\t\t\n\t\t\t\n\t\t\n\t\t\t\n\t\t\n\t\t\t\n\t\t\n\t\t\t\n\t\t\n\t\t\t\n\t\t\n\t\t\t\n\t\t\n\t<\/div>\n\n<\/div><div  class=\"ewd-ufaq-faq-div ewd-ufaq-faq-column-count-one ewd-ufaq-faq-responsive-columns- ewd-ufaq-faq-display-style-default ewd-ufaq-can-be-toggled\" id='ewd-ufaq-post-19033-MDRjgbjhbK' data-post_id='19033'>\n\n\t\t\n\t<div class='ewd-ufaq-faq-title ewd-ufaq-faq-toggle'>\n\t\n\t<a class='ewd-ufaq-post-margin'  href='#' role=\"button\">\n\n\t\t<div class='ewd-ufaq-post-margin-symbol ewd-ufaq-'>\n\t\t\t<span >a<\/span>\n\t\t<\/div>\n\n\t\t<div class='ewd-ufaq-faq-title-text'>\n\n\t\t\t<h4>\n\t\t\t\tAepril Clinics propose-t-elle \u00e9galement des services de coaching pour les collaborateurs et les \u00e9quipes ?\t\t\t<\/h4>\n\n\t\t<\/div>\n\n\t\t<div class='ewd-ufaq-clear'><\/div>\n\n\t<\/a>\n\t\n<\/div>\n\t\n\t<div class='ewd-ufaq-faq-body ewd-ufaq-hidden' >\n\n\t\t\n\t\t\t\n\t\t\n\t\t\t<div class='ewd-ufaq-post-margin ewd-ufaq-faq-post'>\n\t\n<p class=\"wp-block-paragraph\">Oui. Outre nos programmes de sant\u00e9, nous proposons un accompagnement individuel aux collaborateurs, aux \u00e9quipes et aux dirigeants. Bahman Zarghami, cofondateur et coach en haute performance, anime des parcours ax\u00e9s notamment sur le d\u00e9veloppement personnel, la collaboration, le leadership, la concentration, la prise de responsabilit\u00e9 et la performance durable. Le coaching peut \u00eatre utilis\u00e9 de mani\u00e8re autonome ou en combinaison avec d&rsquo;autres programmes.   <\/p>\n<\/div>\n\t\t\n\t\t\t\n\t\t\n\t\t\t\n\t\t\n\t\t\t\n\t\t\n\t\t\t\n\t\t\n\t\t\t\n\t\t\n\t\t\t\n\t\t\n\t\t\t\n\t\t\n\t\t\t\n\t\t\n\t<\/div>\n\n<\/div><div  class=\"ewd-ufaq-faq-div ewd-ufaq-faq-column-count-one ewd-ufaq-faq-responsive-columns- ewd-ufaq-faq-display-style-default ewd-ufaq-can-be-toggled\" id='ewd-ufaq-post-19043-QE3dXnH9cr' data-post_id='19043'>\n\n\t\t\n\t<div class='ewd-ufaq-faq-title ewd-ufaq-faq-toggle'>\n\t\n\t<a class='ewd-ufaq-post-margin'  href='#' role=\"button\">\n\n\t\t<div class='ewd-ufaq-post-margin-symbol ewd-ufaq-'>\n\t\t\t<span >a<\/span>\n\t\t<\/div>\n\n\t\t<div class='ewd-ufaq-faq-title-text'>\n\n\t\t\t<h4>\n\t\t\t\tComment la vie priv\u00e9e des collaborateurs est-elle garantie ?\t\t\t<\/h4>\n\n\t\t<\/div>\n\n\t\t<div class='ewd-ufaq-clear'><\/div>\n\n\t<\/a>\n\t\n<\/div>\n\t\n\t<div class='ewd-ufaq-faq-body ewd-ufaq-hidden' >\n\n\t\t\n\t\t\t\n\t\t\n\t\t\t<div class='ewd-ufaq-post-margin ewd-ufaq-faq-post'>\n\t\n<p class=\"wp-block-paragraph\">Lorsqu&rsquo;un salari\u00e9 b\u00e9n\u00e9ficie d&rsquo;un suivi m\u00e9dical, ses donn\u00e9es m\u00e9dicales restent confidentielles. Les informations m\u00e9dicales individuelles, les diagnostics, les donn\u00e9es relatives aux consultations et les m\u00e9dicaments prescrits ne sont pas communiqu\u00e9s \u00e0 l\u2019employeur. La relation m\u00e9dicale s\u2019\u00e9tablit entre le participant et le professionnel de sant\u00e9 traitant. Le cas \u00e9ch\u00e9ant, dans le cadre de programmes de plus grande envergure, il est possible de recourir \u00e0 des rapports anonymis\u00e9s et agr\u00e9g\u00e9s adapt\u00e9s.   <\/p>\n<\/div>\n\t\t\n\t\t\t\n\t\t\n\t\t\t\n\t\t\n\t\t\t\n\t\t\n\t\t\t\n\t\t\n\t\t\t\n\t\t\n\t\t\t\n\t\t\n\t\t\t\n\t\t\n\t\t\t\n\t\t\n\t<\/div>\n\n<\/div><div  class=\"ewd-ufaq-faq-div ewd-ufaq-faq-column-count-one ewd-ufaq-faq-responsive-columns- ewd-ufaq-faq-display-style-default ewd-ufaq-can-be-toggled\" id='ewd-ufaq-post-19042-AQw7CxaIn6' data-post_id='19042'>\n\n\t\t\n\t<div class='ewd-ufaq-faq-title ewd-ufaq-faq-toggle'>\n\t\n\t<a class='ewd-ufaq-post-margin'  href='#' role=\"button\">\n\n\t\t<div class='ewd-ufaq-post-margin-symbol ewd-ufaq-'>\n\t\t\t<span >a<\/span>\n\t\t<\/div>\n\n\t\t<div class='ewd-ufaq-faq-title-text'>\n\n\t\t\t<h4>\n\t\t\t\tCombien co\u00fbte un programme professionnel chez Aepril Clinics ?\t\t\t<\/h4>\n\n\t\t<\/div>\n\n\t\t<div class='ewd-ufaq-clear'><\/div>\n\n\t<\/a>\n\t\n<\/div>\n\t\n\t<div class='ewd-ufaq-faq-body ewd-ufaq-hidden' >\n\n\t\t\n\t\t\t\n\t\t\n\t\t\t<div class='ewd-ufaq-post-margin ewd-ufaq-faq-post'>\n\t\n<p class=\"wp-block-paragraph\">Les co\u00fbts d\u00e9pendent des services choisis, du nombre de participants, de l&rsquo;intensit\u00e9 de l&rsquo;accompagnement et de la dur\u00e9e du programme. Nous proposons aussi bien des parcours individuels et des projets pilotes que des collaborations plus \u00e9tendues. \u00c0 l&rsquo;issue d&rsquo;un entretien pr\u00e9liminaire, nous pourrons vous proposer une offre sur mesure adapt\u00e9e \u00e0 votre organisation.  <\/p>\n<\/div>\n\t\t\n\t\t\t\n\t\t\n\t\t\t\n\t\t\n\t\t\t\n\t\t\n\t\t\t\n\t\t\n\t\t\t\n\t\t\n\t\t\t\n\t\t\n\t\t\t\n\t\t\n\t\t\t\n\t\t\n\t<\/div>\n\n<\/div><div  class=\"ewd-ufaq-faq-div ewd-ufaq-faq-column-count-one ewd-ufaq-faq-responsive-columns- ewd-ufaq-faq-display-style-default ewd-ufaq-can-be-toggled\" id='ewd-ufaq-post-19052-PHp31vKwCe' data-post_id='19052'>\n\n\t\t\n\t<div class='ewd-ufaq-faq-title ewd-ufaq-faq-toggle'>\n\t\n\t<a class='ewd-ufaq-post-margin'  href='#' role=\"button\">\n\n\t\t<div class='ewd-ufaq-post-margin-symbol ewd-ufaq-'>\n\t\t\t<span >a<\/span>\n\t\t<\/div>\n\n\t\t<div class='ewd-ufaq-faq-title-text'>\n\n\t\t\t<h4>\n\t\t\t\tEn tant qu&rsquo;entreprise, comment pouvons-nous collaborer avec Aepril Clinics ?\t\t\t<\/h4>\n\n\t\t<\/div>\n\n\t\t<div class='ewd-ufaq-clear'><\/div>\n\n\t<\/a>\n\t\n<\/div>\n\t\n\t<div class='ewd-ufaq-faq-body ewd-ufaq-hidden' >\n\n\t\t\n\t\t\t\n\t\t\n\t\t\t<div class='ewd-ufaq-post-margin ewd-ufaq-faq-post'>\n\t\n<p class=\"wp-block-paragraph\">Une collaboration commence par un entretien pr\u00e9liminaire sans engagement. Nous y discuterons des besoins de votre organisation, du public cible vis\u00e9, des objectifs et du budget disponible. Nous vous conseillerons ensuite sur les services et la forme de collaboration les mieux adapt\u00e9s et pourrons vous proposer une offre sur mesure.  <\/p>\n<\/div>\n\t\t\n\t\t\t\n\t\t\n\t\t\t\n\t\t\n\t\t\t\n\t\t\n\t\t\t\n\t\t\n\t\t\t\n\t\t\n\t\t\t\n\t\t\n\t\t\t\n\t\t\n\t\t\t\n\t\t\n\t<\/div>\n\n<\/div>\n\t<\/div>\n\n\t\n<\/div><\/div><\/div>\n\n<h2 class=\"wp-block-heading has-text-align-center\">Nos sp\u00e9cialistes d&rsquo;Aepril au service des entreprises<\/h2>\n\n<p class=\"wp-block-paragraph\">    <div class=\"artsen-block locatie-Aepril voor Bedrijven count-0\">\n\t\t        <article class=\"arts-item\">\n            <a href=\"\/team\">\n                <div class=\"article-thumbnail\" style=\"background-image: url('https:\/\/aeprilclinics.nl\/wp-content\/uploads\/2026\/08\/IMG_6257-scaled.jpg');\"><\/div>\n\n\n            <div class=\"content\">\n\n                <h4>Notre \u00e9quipe<\/h4>\n\n                <span><\/p>\n\n<p class=\"wp-block-paragraph\">D\u00e9couvrez notre formidable \u00e9quipe de sp\u00e9cialistes.<\/p>\n\n<p class=\"wp-block-paragraph\"><\/span>\n            <\/div>\n            <\/a>\n        <\/article>\n            <\/div>\n\t<\/p>\n\n<div style=\"height:60px\" aria-hidden=\"true\" class=\"wp-block-spacer\"><\/div>\n\n<div class=\"wp-block-columns is-layout-flex wp-container-core-columns-is-layout-3a88641f wp-block-columns-is-layout-flex\">\n<div class=\"wp-block-column is-layout-flow wp-block-column-is-layout-flow\">\n<h2 class=\"wp-block-heading\">Pourquoi collaborer avec Aepril Clinics ?<\/h2>\n\n\n\n<p class=\"wp-block-paragraph\"><strong>Expertise m\u00e9dicale : Nos <\/strong>programmes m\u00e9dicaux sont \u00e9labor\u00e9s et mis en \u0153uvre sous la supervision de professionnels de sant\u00e9. Nous avons recours \u00e0 des analyses sanguines r\u00e9alis\u00e9es par notre laboratoire partenaire. <\/p>\n\n\n\n<p class=\"wp-block-paragraph\"><strong>Une approche personnalis\u00e9e : Aucune <\/strong>organisation ni aucun collaborateur ne se ressemble. C&rsquo;est pourquoi nous prenons en compte les besoins individuels et les objectifs de l&rsquo;organisation. <\/p>\n\n\n\n<p class=\"wp-block-paragraph\"><strong>Un seul partenaire pour r\u00e9pondre \u00e0 divers besoins :<\/strong> la sant\u00e9, le mode de vie, la gestion du poids, le d\u00e9veloppement physique, le coaching et l&rsquo;accompagnement des cadres peuvent \u00eatre organis\u00e9s dans le cadre d&rsquo;un seul partenariat.<\/p>\n\n\n\n<p class=\"wp-block-paragraph\"><strong>Une collaboration flexible : qu&rsquo;il s&rsquo;agisse d&rsquo;<\/strong>un seul collaborateur ou cadre, d&rsquo;un projet pilote, d&rsquo;un parcours d&rsquo;\u00e9quipe ou d&rsquo;un programme plus large \u00e0 l&rsquo;\u00e9chelle de l&rsquo;organisation.<\/p>\n\n\n\n<p class=\"wp-block-paragraph\"><strong>Une approche \u00e0 long terme<\/strong>: nous ne visons pas une action ponctuelle, mais un accompagnement susceptible de s&rsquo;int\u00e9grer v\u00e9ritablement dans la mani\u00e8re dont une organisation investit dans son personnel.<\/p>\n<\/div>\n\n\n\n<div class=\"wp-block-column has-base-color has-contrast-background-color has-text-color has-background has-link-color wp-elements-71c56fe5a6a230739fdaf675768d520a is-layout-flow wp-block-column-is-layout-flow\" style=\"border-top-left-radius:20px;border-top-right-radius:20px;border-bottom-left-radius:20px;border-bottom-right-radius:20px;padding-top:var(--wp--preset--spacing--30);padding-right:var(--wp--preset--spacing--30);padding-bottom:var(--wp--preset--spacing--30);padding-left:var(--wp--preset--spacing--30)\">\n<h2 class=\"wp-block-heading has-base-color has-text-color has-link-color wp-elements-e91778467bc8eae86ae35f8401c127fe\" style=\"border-style:none;border-width:0px;border-top-left-radius:20px;border-top-right-radius:20px;border-bottom-left-radius:20px;border-bottom-right-radius:20px\">Collaboration avec les services des ressources humaines, \u00ab People &amp; Culture \u00bb et les services de sant\u00e9 et de s\u00e9curit\u00e9 au travail<\/h2>\n\n\n\n<p class=\"wp-block-paragraph\">Nous appr\u00e9cions de collaborer avec des professionnels et des organisations qui \u0153uvrent dans les domaines de la sant\u00e9, du d\u00e9veloppement et de l&#8217;employabilit\u00e9 durable.<\/p>\n\n\n\n<p class=\"wp-block-paragraph\">Pensez \u00e0 :<\/p>\n\n\n\n<ul class=\"wp-block-list\">\n<li>Ressources humaines et People &amp; Culture ;<\/li>\n\n\n\n<li>Formation et d\u00e9veloppement ;<\/li>\n\n\n\n<li>direction et cadres ;<\/li>\n\n\n\n<li>les professionnels de la vitalit\u00e9 et du bien-\u00eatre ;<\/li>\n\n\n\n<li>m\u00e9decins du travail ;<\/li>\n\n\n\n<li>services de sant\u00e9 et de s\u00e9curit\u00e9 au travail ;<\/li>\n\n\n\n<li>les employeurs et les chefs d&rsquo;entreprise.<\/li>\n<\/ul>\n\n\n\n<p class=\"wp-block-paragraph\">Aepril Clinics peut \u00eatre mise en \u0153uvre de mani\u00e8re autonome ou s&rsquo;inscrire dans le cadre d&rsquo;initiatives existantes au sein de votre organisation.<\/p>\n<\/div>\n<\/div>\n\n<div style=\"height:75px\" aria-hidden=\"true\" class=\"wp-block-spacer\"><\/div>\n\n<div class=\"wp-block-cover alignfull is-light wave\" style=\"margin-top:0;margin-bottom:0;padding-bottom:var(--wp--preset--spacing--30)\"><span aria-hidden=\"true\" class=\"wp-block-cover__background has-accent-background-color has-background-dim-100 has-background-dim\"><\/span><div class=\"wp-block-cover__inner-container has-global-padding is-layout-constrained wp-block-cover-is-layout-constrained\">\n<h2 class=\"wp-block-heading has-text-align-center\">D\u00e9couvrez ce que nous pouvons apporter \u00e0 votre organisation.<\/h2>\n\n\n\n<p class=\"has-text-align-center wp-block-paragraph\">Souhaitez-vous savoir comment Aepril Clinics peut accompagner vos collaborateurs, vos \u00e9quipes ou vos dirigeants ? Nous serions ravis de r\u00e9fl\u00e9chir avec vous \u00e0 une collaboration adapt\u00e9e \u00e0 votre organisation. Lors d&rsquo;un entretien de prise de contact sans engagement, nous discuterons de votre demande, de vos objectifs, de votre public cible et des diff\u00e9rentes possibilit\u00e9s.    <strong>N&rsquo;h\u00e9sitez pas \u00e0 nous contacter pour un entretien professionnel sans engagement.<\/strong><\/p>\n\n\n\n<div class=\"wp-block-buttons is-content-justification-center is-layout-flex wp-container-core-buttons-is-layout-0aa01211 wp-block-buttons-is-layout-flex\">\n<div class=\"wp-block-button\"><a class=\"wp-block-button__link has-base-color has-accent-3-background-color has-text-color has-background has-link-color wp-element-button\" href=\"https:\/\/aeprilclinics.nl\/fr\/reservez-une-consultation-gratuite\/\">Prenez rendez-vous pour un entretien de conseil sans engagement<\/a><\/div>\n<\/div>\n<\/div><\/div>\n\n<style>.medical-review {\n        display: grid;\n        grid-template-columns: minmax(210px, 260px) minmax(0, 1fr);\n        gap: clamp(32px, 5vw, 72px);\n        align-items: start;\n        margin: 48px 0;\n        padding: clamp(32px, 5vw, 64px);\n        background: #f7f3ef;\n        border-radius: 32px;\n        color: #252321;\n    }\n\n    .medical-review__image {\n        width: 100%;\n        max-width: 260px;\n        margin: 0;\n    }\n\n    .medical-review__photo {\n        position: relative;\n        width: 100%;\n        aspect-ratio: 4 \/ 5;\n        overflow: hidden;\n        background: #eee9e4;\n        border-radius: 100px 100px 30px 30px;\n    }\n\n    .medical-review__photo img {\n        position: absolute !important;\n        inset: 0;\n        display: block !important;\n        width: 100% !important;\n        max-width: none !important;\n        height: 100% !important;\n        min-height: 100% !important;\n        margin: 0 !important;\n        padding: 0 !important;\n        object-fit: cover !important;\n        object-position: center 20% !important;\n        border: 0 !important;\n        border-radius: 0 !important;\n    }\n\n    .medical-review__identity {\n        display: block;\n        margin-top: 20px;\n    }\n\n    .medical-review__name {\n        display: block;\n        margin-bottom: 4px;\n        color: #252321;\n        font-size: 18px;\n        font-weight: 700;\n        line-height: 1.4;\n    }\n\n    .medical-review__role {\n        display: block;\n        color: #655f5a;\n        font-size: 15px;\n        line-height: 1.55;\n    }\n\n    .medical-review__quote {\n        position: relative;\n        margin: 26px 0 0;\n        padding: 0 0 0 18px;\n        color: #393633;\n        font-size: 17px;\n        font-style: italic;\n        line-height: 1.65;\n        border-left: 2px solid #d6bfa7;\n    }\n\n    .medical-review__quote cite {\n        display: block;\n        margin-top: 8px;\n        color: #77706a;\n        font-size: 13px;\n        font-style: normal;\n    }\n\n    .medical-review__content {\n        min-width: 0;\n    }\n\n    .medical-review__label {\n        display: inline-flex;\n        align-items: center;\n        margin-bottom: 18px;\n        padding: 8px 14px;\n        background: #d6bfa7;\n        color: #252321;\n        font-size: 14px;\n        font-weight: 700;\n        line-height: 1;\n        letter-spacing: 0.08em;\n        text-transform: uppercase;\n    }\n\n    .medical-review__content h2 {\n        margin: 0 0 24px;\n        color: #252321;\n        font-family: Georgia, \"Times New Roman\", serif;\n        font-size: clamp(34px, 4vw, 54px);\n        font-weight: 400;\n        line-height: 1.12;\n    }\n\n    .medical-review__content > p {\n        max-width: 1050px;\n        margin: 0 0 20px;\n        color: #2c2927;\n        font-size: 18px;\n        line-height: 1.75;\n    }\n\n    .medical-review a {\n        color: #94765f;\n        font-weight: 600;\n        text-decoration-thickness: 1px;\n        text-underline-offset: 3px;\n    }\n\n    .medical-review a:hover,\n    .medical-review a:focus-visible {\n        color: #6f5541;\n    }\n\n    .medical-review__specialisms {\n        margin-top: 28px;\n    }\n\n    .medical-review__specialisms-title {\n        display: block;\n        margin-bottom: 12px;\n        color: #252321;\n        font-size: 15px;\n        font-weight: 700;\n    }\n\n    .medical-review__specialisms-list {\n        display: flex;\n        flex-wrap: wrap;\n        gap: 10px;\n        margin: 0;\n        padding: 0;\n        list-style: none;\n    }\n\n    .medical-review__specialisms-list li {\n        margin: 0;\n        padding: 0;\n        list-style: none;\n    }\n\n    .medical-review__specialisms-list a {\n        display: inline-flex;\n        align-items: center;\n        justify-content: center;\n        padding: 9px 14px;\n        background: #eee4da;\n        border: 1px solid transparent;\n        border-radius: 999px;\n        color: #3b3734;\n        font-size: 14px;\n        font-weight: 600;\n        line-height: 1.2;\n        text-decoration: none;\n        transition:\n            background-color 0.2s ease,\n            border-color 0.2s ease,\n            color 0.2s ease,\n            transform 0.2s ease;\n    }\n\n    .medical-review__specialisms-list a:hover,\n    .medical-review__specialisms-list a:focus-visible {\n        background: #d6bfa7;\n        border-color: #c7aa8e;\n        color: #252321;\n        transform: translateY(-1px);\n    }\n\n    .medical-review__meta {\n        display: grid;\n        grid-template-columns: repeat(2, minmax(0, 1fr));\n        gap: 20px 40px;\n        margin-top: 34px;\n        padding-top: 30px;\n        border-top: 1px solid #ded7d0;\n    }\n\n    .medical-review__meta-item {\n        display: flex;\n        gap: 16px;\n        align-items: center;\n        min-width: 0;\n    }\n\n    .medical-review__meta-item p {\n        margin: 0;\n        color: #2c2927;\n        font-size: 16px;\n        line-height: 1.55;\n    }\n\n    .medical-review__icon {\n        display: inline-flex;\n        flex: 0 0 52px;\n        align-items: center;\n        justify-content: center;\n        width: 52px;\n        height: 52px;\n        background: #eee3d7;\n        border-radius: 50%;\n        color: #252321;\n    }\n\n    .medical-review__icon svg {\n        width: 24px;\n        height: 24px;\n        fill: none;\n        stroke: currentColor;\n        stroke-width: 1.8;\n        stroke-linecap: round;\n        stroke-linejoin: round;\n    }\n\n    .medical-review__links {\n        display: flex;\n        flex-wrap: wrap;\n        gap: 14px 28px;\n        align-items: center;\n        margin-top: 30px;\n    }\n\n    .medical-review__button {\n        display: inline-flex;\n        align-items: center;\n        justify-content: center;\n        min-height: 48px;\n        padding: 12px 20px;\n        background: #252321;\n        border: 1px solid #252321;\n        border-radius: 999px;\n        color: #ffffff !important;\n        font-size: 15px;\n        font-weight: 700;\n        line-height: 1.2;\n        text-align: center;\n        text-decoration: none !important;\n        transition:\n            background-color 0.2s ease,\n            color 0.2s ease;\n    }\n\n    .medical-review__button:hover,\n    .medical-review__button:focus-visible {\n        background: transparent;\n        color: #252321 !important;\n    }\n\n    .medical-review__text-link {\n        font-size: 15px;\n    }\n\n    @media (max-width: 900px) {\n        .medical-review {\n            grid-template-columns: 1fr;\n            gap: 36px;\n            border-radius: 24px;\n        }\n\n        .medical-review__image {\n            max-width: 240px;\n        }\n\n        .medical-review__content h2 {\n            font-size: clamp(32px, 7vw, 46px);\n        }\n    }\n\n    @media (max-width: 600px) {\n        .medical-review {\n            margin: 32px 0;\n            padding: 28px 22px;\n            border-radius: 22px;\n        }\n\n        .medical-review__image {\n            max-width: 220px;\n            margin-inline: auto;\n        }\n\n        .medical-review__content h2 {\n            margin-bottom: 20px;\n            font-size: 32px;\n            line-height: 1.16;\n        }\n\n        .medical-review__content > p {\n            font-size: 16px;\n            line-height: 1.7;\n        }\n\n        .medical-review__specialisms-list {\n            gap: 8px;\n        }\n\n        .medical-review__specialisms-list a {\n            padding: 8px 12px;\n            font-size: 13px;\n        }\n\n        .medical-review__meta {\n            grid-template-columns: 1fr;\n            gap: 20px;\n        }\n\n        .medical-review__links {\n            flex-direction: column;\n            align-items: stretch;\n        }\n\n        .medical-review__button {\n            width: 100%;\n        }\n\n        .medical-review__text-link {\n            display: inline-block;\n        }\n    }\n<\/style><aside class=\"medical-review\" aria-labelledby=\"medical-review-title\"><figure class=\"medical-review__image\"><div class=\"medical-review__photo\"><img decoding=\"async\" src=\"https:\/\/aeprilclinics.nl\/wp-content\/uploads\/2026\/07\/BN4A8634-scaled-1.jpg\" alt=\"Drs. Elnaz Alagha, BIG-geregistreerd cosmetisch arts en medisch directrice van Aepril Clinics\" loading=\"lazy\"\/><\/div><figcaption class=\"medical-review__identity\"><span class=\"medical-review__name\">drs. Elnaz Alagha\n            <\/span><span class=\"medical-review__role\">BIG-geregistreerd cosmetisch arts<br\/>Eigenaresse en medisch directrice\n            <\/span><\/figcaption><blockquote class=\"medical-review__quote\">\u201cSoms is geen behandeling de beste behandeling.\u201d\n            <cite>\u2014 drs. Elnaz Alagha<\/cite><\/blockquote><\/figure><div class=\"medical-review__content\"><span class=\"medical-review__label\">Medisch gecontroleerd\n        <\/span><h2 id=\"medical-review-title\">Medisch gecontroleerd door drs. Elnaz Alagha\n        <\/h2><p>De medische informatie op deze pagina is gecontroleerd door\n            <a href=\"https:\/\/aeprilclinics.nl\/fr\/docteur-elnaz-alagha\/\">drs. Elnaz Alagha\n            <\/a>,\n            BIG-geregistreerd cosmetisch arts, eigenaresse en medisch\n            directrice van Aepril Cosmetic Clinics.\n        <\/p><p>Drs. Elnaz Alagha beoordeelt de informatie op deze pagina op\n            medische juistheid, actualiteit en wetenschappelijke onderbouwing.\n            De inhoud wordt periodiek herzien aan de hand van relevante\n            medische inzichten en geldende kwaliteitskaders binnen de\n            cosmetische geneeskunde.\n        <\/p><div class=\"medical-review__specialisms\"><span class=\"medical-review__specialisms-title\">Specialisaties\n            <\/span><ul class=\"medical-review__specialisms-list\"><li><a href=\"https:\/\/aeprilclinics.nl\/fr\/botox\/\">Botulinetoxine\n                    <\/a><\/li><li><a href=\"https:\/\/aeprilclinics.nl\/fr\/produits-de-remplissage\/\">Fillers\n                    <\/a><\/li><li><a href=\"https:\/\/aeprilclinics.nl\/fr\/amelioration-de-la-peau\/\">Skinboosters\n                    <\/a><\/li><li><a href=\"https:\/\/aeprilclinics.nl\/fr\/amelioration-de-la-peau\/\">Biostimulatoren\n                    <\/a><\/li><li><a href=\"https:\/\/aeprilclinics.nl\/fr\/perte-de-poids-medicale-par-injections\/\">Medisch afvallen\n                    <\/a><\/li><\/ul><\/div><div class=\"medical-review__meta\"><div class=\"medical-review__meta-item\"><span class=\"medical-review__icon\" aria-hidden=\"true\"><svg viewbox=\"0 0 24 24\"><rect x=\"3\" y=\"5\" width=\"18\" height=\"16\" rx=\"2\"><\/rect><path d=\"M8 3v4\"><\/path><path d=\"M16 3v4\"><\/path><path d=\"M3 10h18\"><\/path><path d=\"M8 14h3v3H8z\"><\/path><\/svg><\/span><p><strong>Laatst medisch beoordeeld:<\/strong><br\/><time datetime=\"2026-07-26\">26 juli 2026\n                    <\/time><\/p><\/div><div class=\"medical-review__meta-item\"><span class=\"medical-review__icon\" aria-hidden=\"true\"><svg viewbox=\"0 0 24 24\"><path d=\"M12 3l7 3v5c0 4.8-2.9 8.7-7 10-4.1-1.3-7-5.2-7-10V6l7-3z\"><\/path><path d=\"M9 12l2 2 4-5\"><\/path><\/svg><\/span><p><strong>BIG-nummer:<\/strong><br\/>09932325201\n                <\/p><\/div><\/div><nav class=\"medical-review__links\" aria-label=\"Informatie over de medisch reviewer\"><a class=\"medical-review__button\" href=\"https:\/\/aeprilclinics.nl\/fr\/docteur-elnaz-alagha\/\">Bekijk het profiel van drs. Elnaz Alagha\n            <\/a><a class=\"medical-review__text-link\" href=\"https:\/\/zoeken.bigregister.nl\/zorgverlener\/f35d0627-bb20-405c-8b19-e61f66d43c35\" target=\"_blank\" rel=\"noopener noreferrer\">Controleer de BIG-registratie\n            <\/a><a class=\"medical-review__text-link\" href=\"https:\/\/aeprilclinics.nl\/fr\/informations-medicales\/\">Lees onze medische kwaliteitskaders\n            <\/a><\/nav><\/div><\/aside>\n","protected":false},"excerpt":{"rendered":"<p>D\u00e9couvrez ce qu&rsquo;Aepril Clinics peut apporter \u00e0 votre organisation Travailler ensemble pour la long\u00e9vit\u00e9 : sant\u00e9, vitalit\u00e9 et d\u00e9veloppement Aepril Clinics collabore avec des entreprises et des organisations qui souhaitent investir dans leurs collaborateurs, leurs \u00e9quipes et leurs dirigeants. De&#8230;<\/p>\n","protected":false},"author":14,"featured_media":8996,"parent":0,"menu_order":0,"comment_status":"closed","ping_status":"closed","template":"","meta":{"_acf_changed":false,"footnotes":""},"class_list":["post-19140","page","type-page","status-publish","has-post-thumbnail","hentry"],"acf":[],"yoast_head":"<!-- This site is optimized with the Yoast SEO plugin v28.2 - https:\/\/yoast.com\/product\/yoast-seo-wordpress\/ -->\n<title>Longevity : Sant\u00e9 et vitalit\u00e9 pour les entreprises<\/title>\n<meta name=\"description\" content=\"Investissez dans la sant\u00e9, la vitalit\u00e9 et les performances de vos collaborateurs. D\u00e9couvrez les programmes \u00ab Longevity \u00bb destin\u00e9s aux entreprises propos\u00e9s par Aepril Clinics.\" \/>\n<meta name=\"robots\" content=\"index, follow, max-snippet:-1, max-image-preview:large, max-video-preview:-1\" \/>\n<link rel=\"canonical\" href=\"https:\/\/aeprilclinics.nl\/fr\/longevity-la-vitalite-au-service-des-entreprises\/\" \/>\n<meta property=\"og:locale\" content=\"fr_FR\" \/>\n<meta property=\"og:type\" content=\"article\" \/>\n<meta property=\"og:title\" content=\"Longevity : Sant\u00e9 et vitalit\u00e9 pour les entreprises\" \/>\n<meta property=\"og:description\" content=\"Investissez dans la sant\u00e9, la vitalit\u00e9 et les performances de vos collaborateurs. D\u00e9couvrez les programmes \u00ab Longevity \u00bb destin\u00e9s aux entreprises propos\u00e9s par Aepril Clinics.\" \/>\n<meta property=\"og:url\" content=\"https:\/\/aeprilclinics.nl\/fr\/longevity-la-vitalite-au-service-des-entreprises\/\" \/>\n<meta property=\"og:site_name\" content=\"Aepril\" \/>\n<meta property=\"article:modified_time\" content=\"2026-08-30T16:10:15+00:00\" \/>\n<meta property=\"og:image\" content=\"https:\/\/aeprilclinics.nl\/wp-content\/uploads\/2025\/02\/aesthe-clinics-Final-07.png\" \/>\n\t<meta property=\"og:image:width\" content=\"6667\" \/>\n\t<meta property=\"og:image:height\" content=\"5001\" \/>\n\t<meta property=\"og:image:type\" content=\"image\/png\" \/>\n<meta name=\"twitter:card\" content=\"summary_large_image\" \/>\n<meta name=\"twitter:label1\" content=\"Dur\u00e9e de lecture estim\u00e9e\" \/>\n\t<meta name=\"twitter:data1\" content=\"7 minutes\" \/>\n<script type=\"application\/ld+json\" class=\"yoast-schema-graph\">{\"@context\":\"https:\\\/\\\/schema.org\",\"@graph\":[{\"@type\":\"WebPage\",\"@id\":\"https:\\\/\\\/aeprilclinics.nl\\\/fr\\\/longevity-la-vitalite-au-service-des-entreprises\\\/\",\"url\":\"https:\\\/\\\/aeprilclinics.nl\\\/fr\\\/longevity-la-vitalite-au-service-des-entreprises\\\/\",\"name\":\"Longevity : Sant\u00e9 et vitalit\u00e9 pour les entreprises\",\"isPartOf\":{\"@id\":\"https:\\\/\\\/aeprilclinics.nl\\\/fr\\\/#website\"},\"primaryImageOfPage\":{\"@id\":\"https:\\\/\\\/aeprilclinics.nl\\\/fr\\\/longevity-la-vitalite-au-service-des-entreprises\\\/#primaryimage\"},\"image\":{\"@id\":\"https:\\\/\\\/aeprilclinics.nl\\\/fr\\\/longevity-la-vitalite-au-service-des-entreprises\\\/#primaryimage\"},\"thumbnailUrl\":\"https:\\\/\\\/aeprilclinics.nl\\\/wp-content\\\/uploads\\\/2025\\\/02\\\/aesthe-clinics-Final-07.png\",\"datePublished\":\"2026-08-29T12:49:18+00:00\",\"dateModified\":\"2026-08-30T16:10:15+00:00\",\"description\":\"Investissez dans la sant\u00e9, la vitalit\u00e9 et les performances de vos collaborateurs. D\u00e9couvrez les programmes \u00ab Longevity \u00bb destin\u00e9s aux entreprises propos\u00e9s par Aepril Clinics.\",\"breadcrumb\":{\"@id\":\"https:\\\/\\\/aeprilclinics.nl\\\/fr\\\/longevity-la-vitalite-au-service-des-entreprises\\\/#breadcrumb\"},\"inLanguage\":\"fr-FR\",\"potentialAction\":[{\"@type\":\"ReadAction\",\"target\":[\"https:\\\/\\\/aeprilclinics.nl\\\/fr\\\/longevity-la-vitalite-au-service-des-entreprises\\\/\"]}]},{\"@type\":\"ImageObject\",\"inLanguage\":\"fr-FR\",\"@id\":\"https:\\\/\\\/aeprilclinics.nl\\\/fr\\\/longevity-la-vitalite-au-service-des-entreprises\\\/#primaryimage\",\"url\":\"https:\\\/\\\/aeprilclinics.nl\\\/wp-content\\\/uploads\\\/2025\\\/02\\\/aesthe-clinics-Final-07.png\",\"contentUrl\":\"https:\\\/\\\/aeprilclinics.nl\\\/wp-content\\\/uploads\\\/2025\\\/02\\\/aesthe-clinics-Final-07.png\",\"width\":6667,\"height\":5001},{\"@type\":\"BreadcrumbList\",\"@id\":\"https:\\\/\\\/aeprilclinics.nl\\\/fr\\\/longevity-la-vitalite-au-service-des-entreprises\\\/#breadcrumb\",\"itemListElement\":[{\"@type\":\"ListItem\",\"position\":1,\"name\":\"Home\",\"item\":\"https:\\\/\\\/aeprilclinics.nl\\\/fr\\\/\"},{\"@type\":\"ListItem\",\"position\":2,\"name\":\"Longevity : la vitalit\u00e9 au service des entreprises\"}]},{\"@type\":\"WebSite\",\"@id\":\"https:\\\/\\\/aeprilclinics.nl\\\/fr\\\/#website\",\"url\":\"https:\\\/\\\/aeprilclinics.nl\\\/fr\\\/\",\"name\":\"Aepril\",\"description\":\"\",\"potentialAction\":[{\"@type\":\"SearchAction\",\"target\":{\"@type\":\"EntryPoint\",\"urlTemplate\":\"https:\\\/\\\/aeprilclinics.nl\\\/fr\\\/?s={search_term_string}\"},\"query-input\":{\"@type\":\"PropertyValueSpecification\",\"valueRequired\":true,\"valueName\":\"search_term_string\"}}],\"inLanguage\":\"fr-FR\"}]}<\/script>\n<!-- \/ Yoast SEO plugin. -->","yoast_head_json":{"title":"Longevity : Sant\u00e9 et vitalit\u00e9 pour les entreprises","description":"Investissez dans la sant\u00e9, la vitalit\u00e9 et les performances de vos collaborateurs. D\u00e9couvrez les programmes \u00ab Longevity \u00bb destin\u00e9s aux entreprises propos\u00e9s par Aepril Clinics.","robots":{"index":"index","follow":"follow","max-snippet":"max-snippet:-1","max-image-preview":"max-image-preview:large","max-video-preview":"max-video-preview:-1"},"canonical":"https:\/\/aeprilclinics.nl\/fr\/longevity-la-vitalite-au-service-des-entreprises\/","og_locale":"fr_FR","og_type":"article","og_title":"Longevity : Sant\u00e9 et vitalit\u00e9 pour les entreprises","og_description":"Investissez dans la sant\u00e9, la vitalit\u00e9 et les performances de vos collaborateurs. D\u00e9couvrez les programmes \u00ab Longevity \u00bb destin\u00e9s aux entreprises propos\u00e9s par Aepril Clinics.","og_url":"https:\/\/aeprilclinics.nl\/fr\/longevity-la-vitalite-au-service-des-entreprises\/","og_site_name":"Aepril","article_modified_time":"2026-08-30T16:10:15+00:00","og_image":[{"width":6667,"height":5001,"url":"https:\/\/aeprilclinics.nl\/wp-content\/uploads\/2025\/02\/aesthe-clinics-Final-07.png","type":"image\/png"}],"twitter_card":"summary_large_image","twitter_misc":{"Dur\u00e9e de lecture estim\u00e9e":"7 minutes"},"schema":{"@context":"https:\/\/schema.org","@graph":[{"@type":"WebPage","@id":"https:\/\/aeprilclinics.nl\/fr\/longevity-la-vitalite-au-service-des-entreprises\/","url":"https:\/\/aeprilclinics.nl\/fr\/longevity-la-vitalite-au-service-des-entreprises\/","name":"Longevity : Sant\u00e9 et vitalit\u00e9 pour les entreprises","isPartOf":{"@id":"https:\/\/aeprilclinics.nl\/fr\/#website"},"primaryImageOfPage":{"@id":"https:\/\/aeprilclinics.nl\/fr\/longevity-la-vitalite-au-service-des-entreprises\/#primaryimage"},"image":{"@id":"https:\/\/aeprilclinics.nl\/fr\/longevity-la-vitalite-au-service-des-entreprises\/#primaryimage"},"thumbnailUrl":"https:\/\/aeprilclinics.nl\/wp-content\/uploads\/2025\/02\/aesthe-clinics-Final-07.png","datePublished":"2026-08-29T12:49:18+00:00","dateModified":"2026-08-30T16:10:15+00:00","description":"Investissez dans la sant\u00e9, la vitalit\u00e9 et les performances de vos collaborateurs. D\u00e9couvrez les programmes \u00ab Longevity \u00bb destin\u00e9s aux entreprises propos\u00e9s par Aepril Clinics.","breadcrumb":{"@id":"https:\/\/aeprilclinics.nl\/fr\/longevity-la-vitalite-au-service-des-entreprises\/#breadcrumb"},"inLanguage":"fr-FR","potentialAction":[{"@type":"ReadAction","target":["https:\/\/aeprilclinics.nl\/fr\/longevity-la-vitalite-au-service-des-entreprises\/"]}]},{"@type":"ImageObject","inLanguage":"fr-FR","@id":"https:\/\/aeprilclinics.nl\/fr\/longevity-la-vitalite-au-service-des-entreprises\/#primaryimage","url":"https:\/\/aeprilclinics.nl\/wp-content\/uploads\/2025\/02\/aesthe-clinics-Final-07.png","contentUrl":"https:\/\/aeprilclinics.nl\/wp-content\/uploads\/2025\/02\/aesthe-clinics-Final-07.png","width":6667,"height":5001},{"@type":"BreadcrumbList","@id":"https:\/\/aeprilclinics.nl\/fr\/longevity-la-vitalite-au-service-des-entreprises\/#breadcrumb","itemListElement":[{"@type":"ListItem","position":1,"name":"Home","item":"https:\/\/aeprilclinics.nl\/fr\/"},{"@type":"ListItem","position":2,"name":"Longevity : la vitalit\u00e9 au service des entreprises"}]},{"@type":"WebSite","@id":"https:\/\/aeprilclinics.nl\/fr\/#website","url":"https:\/\/aeprilclinics.nl\/fr\/","name":"Aepril","description":"","potentialAction":[{"@type":"SearchAction","target":{"@type":"EntryPoint","urlTemplate":"https:\/\/aeprilclinics.nl\/fr\/?s={search_term_string}"},"query-input":{"@type":"PropertyValueSpecification","valueRequired":true,"valueName":"search_term_string"}}],"inLanguage":"fr-FR"}]}},"_links":{"self":[{"href":"https:\/\/aeprilclinics.nl\/fr\/wp-json\/wp\/v2\/pages\/19140","targetHints":{"allow":["GET"]}}],"collection":[{"href":"https:\/\/aeprilclinics.nl\/fr\/wp-json\/wp\/v2\/pages"}],"about":[{"href":"https:\/\/aeprilclinics.nl\/fr\/wp-json\/wp\/v2\/types\/page"}],"author":[{"embeddable":true,"href":"https:\/\/aeprilclinics.nl\/fr\/wp-json\/wp\/v2\/users\/14"}],"replies":[{"embeddable":true,"href":"https:\/\/aeprilclinics.nl\/fr\/wp-json\/wp\/v2\/comments?post=19140"}],"version-history":[{"count":2,"href":"https:\/\/aeprilclinics.nl\/fr\/wp-json\/wp\/v2\/pages\/19140\/revisions"}],"predecessor-version":[{"id":19182,"href":"https:\/\/aeprilclinics.nl\/fr\/wp-json\/wp\/v2\/pages\/19140\/revisions\/19182"}],"wp:featuredmedia":[{"embeddable":true,"href":"https:\/\/aeprilclinics.nl\/fr\/wp-json\/wp\/v2\/media\/8996"}],"wp:attachment":[{"href":"https:\/\/aeprilclinics.nl\/fr\/wp-json\/wp\/v2\/media?parent=19140"}],"curies":[{"name":"wp","href":"https:\/\/api.w.org\/{rel}","templated":true}]}}