{"id":19155,"date":"2026-08-29T12:48:38","date_gmt":"2026-08-29T12:48:38","guid":{"rendered":"https:\/\/aeprilclinics.nl\/longevity-gesundheit-vitalitaet-und-wohlbefinden-fuer-mitarbeiter\/"},"modified":"2026-08-30T16:21:24","modified_gmt":"2026-08-30T16:21:24","slug":"longevity-gesundheit-vitalitaet-und-wohlbefinden-fuer-mitarbeiter","status":"publish","type":"page","link":"https:\/\/aeprilclinics.nl\/de\/longevity-gesundheit-vitalitaet-und-wohlbefinden-fuer-mitarbeiter\/","title":{"rendered":"Longevity: Vitalit\u00e4tsprogramm f\u00fcr Mitarbeiter"},"content":{"rendered":"\n<div class=\"wp-block-media-text has-media-on-the-right is-stacked-on-mobile is-image-fill-element\" style=\"margin-bottom:var(--wp--preset--spacing--60);grid-template-columns:auto 53%\"><div class=\"wp-block-media-text__content\">\n<h5 class=\"wp-block-heading\">aepril-Kliniken f\u00fcr Unternehmen<\/h5>\n\n\n\n<h2 class=\"wp-block-heading\">Programm f\u00fcr Langlebigkeit, Gesundheit und Vitalit\u00e4t f\u00fcr Mitarbeiter<\/h2>\n\n\n\n<p class=\"wp-block-paragraph\">Aepril Clinics unterst\u00fctzt Unternehmen und Organisationen, die in die Gesundheit, Vitalit\u00e4t, das Wohlbefinden und die nachhaltige Besch\u00e4ftigungsf\u00e4higkeit ihrer Mitarbeiter investieren m\u00f6chten. Unser Ansatz geht \u00fcber herk\u00f6mmliche betriebliche Fitnessma\u00dfnahmen oder einmalige Vitalit\u00e4tsprogramme hinaus. Wir kombinieren <strong>medizinisches Fachwissen, Lebensstilberatung, <a href=\"https:\/\/aeprilclinics.nl\/de\/soort-behandeling\/medizinischer-gewichtsverlust\/\" data-type=\"soort-behandeling\" data-id=\"113\">medizinisches Gewichtsmanagement,<\/a> k\u00f6rperliches Training und Hochleistungscoaching<\/strong> in Programmen, die auf die Bed\u00fcrfnisse von Mitarbeitern, Teams und F\u00fchrungskr\u00e4ften zugeschnitten sind.    <\/p>\n\n\n\n<p class=\"wp-block-paragraph\">Von einem individuellen Gesundheitsprogramm f\u00fcr Mitarbeiter bis hin zur intensiven Begleitung der Gesch\u00e4ftsleitung und des Senior Managements: Gemeinsam mit Ihrem Unternehmen entwickeln wir ein Programm, das auf Ihre Mitarbeiter, Ziele und Ambitionen zugeschnitten ist. Ges\u00fcndere Menschen. St\u00e4rkere Teams. Nachhaltige Leistung.   <\/p>\n\n\n\n<p class=\"wp-block-paragraph\">Sind Sie auf der Suche nach einem <a href=\"https:\/\/aeprilclinics.nl\/de\/medizinischer-partner-fuer-vitalitaet-und-langlebigkeit\/\" data-type=\"page\" data-id=\"19056\">medizinischen Partner oder <\/a>m\u00f6chten Sie mehr \u00fcber <a href=\"https:\/\/aeprilclinics.nl\/locatie\/aepril-voor-bedrijven\/\" data-type=\"locatie\" data-id=\"281\">Aepril Clincis f\u00fcr Unternehmen erfahren ?<\/a><\/p>\n\n\n\n<h2 class=\"wp-block-heading\">Gesunde Mitarbeiter, gesunde Unternehmen<\/h2>\n\n\n\n<p class=\"wp-block-paragraph\">Unternehmen investieren zunehmend in die Gesundheit und Vitalit\u00e4t ihrer Mitarbeiter. Das ist nicht verwunderlich. Arbeit und Gesundheit sind eng miteinander verbunden. Ern\u00e4hrung, Bewegung, Gewicht, Schlaf, Stress, Erholung und k\u00f6rperliche Fitness spielen alle eine Rolle dabei, wie sich Menschen f\u00fchlen und wie sie funktionieren. Gleichzeitig unterscheiden sich die Bed\u00fcrfnisse der Mitarbeiter stark voneinander. W\u00e4hrend der eine Mitarbeiter an einem gesunden Gewicht arbeiten m\u00f6chte, m\u00f6chte ein anderer fitter werden, sich mehr bewegen, kr\u00e4ftiger werden oder sich systematisch mit Ern\u00e4hrung, Schlaf und Erholung besch\u00e4ftigen. Andere wiederum m\u00f6chten an ihrer pers\u00f6nlichen Effektivit\u00e4t, ihrer Konzentration, ihren F\u00fchrungsqualit\u00e4ten, ihrer Zusammenarbeit oder dem Umgang mit Verantwortung und Druck arbeiten.      <\/p>\n\n\n\n<p class=\"wp-block-paragraph\">Aus diesem Grund bietet Aepril Clinics Unternehmen Zugang zu <strong>individuellen, professionell begleiteten Gesundheits- und Leistungsprogrammen<\/strong>. Wir betrachten nicht nur, was jemand heute \u00e4ndern m\u00f6chte, sondern vor allem, wie Entwicklung und gesundheitliche Verbesserungen langfristig aufrechterhalten werden k\u00f6nnen. <\/p>\n<\/div><figure class=\"wp-block-media-text__media\"><img loading=\"lazy\" decoding=\"async\" width=\"683\" height=\"1024\" src=\"https:\/\/aeprilclinics.nl\/wp-content\/uploads\/2026\/08\/ChatGPT-Image-29-aug-2026-15_40_53-683x1024.png\" alt=\"\" class=\"wp-image-18925 size-full\" style=\"object-position:50% 50%\" srcset=\"https:\/\/aeprilclinics.nl\/wp-content\/uploads\/2026\/08\/ChatGPT-Image-29-aug-2026-15_40_53-683x1024.png 683w, https:\/\/aeprilclinics.nl\/wp-content\/uploads\/2026\/08\/ChatGPT-Image-29-aug-2026-15_40_53-200x300.png 200w, https:\/\/aeprilclinics.nl\/wp-content\/uploads\/2026\/08\/ChatGPT-Image-29-aug-2026-15_40_53-768x1152.png 768w, https:\/\/aeprilclinics.nl\/wp-content\/uploads\/2026\/08\/ChatGPT-Image-29-aug-2026-15_40_53-180x270.png 180w, https:\/\/aeprilclinics.nl\/wp-content\/uploads\/2026\/08\/ChatGPT-Image-29-aug-2026-15_40_53.png 1024w\" sizes=\"auto, (max-width: 683px) 100vw, 683px\" \/><\/figure><\/div>\n\n<div class=\"wp-block-media-text is-stacked-on-mobile is-image-fill-element\" style=\"margin-bottom:var(--wp--preset--spacing--60)\"><figure class=\"wp-block-media-text__media\"><img loading=\"lazy\" decoding=\"async\" width=\"1024\" height=\"683\" src=\"https:\/\/aeprilclinics.nl\/wp-content\/uploads\/2026\/08\/ChatGPT-Image-29-aug-2026-14_56_17-1-1024x683.png\" alt=\"\" class=\"wp-image-18894 size-full\" style=\"object-position:50% 50%\" srcset=\"https:\/\/aeprilclinics.nl\/wp-content\/uploads\/2026\/08\/ChatGPT-Image-29-aug-2026-14_56_17-1-1024x683.png 1024w, https:\/\/aeprilclinics.nl\/wp-content\/uploads\/2026\/08\/ChatGPT-Image-29-aug-2026-14_56_17-1-300x200.png 300w, https:\/\/aeprilclinics.nl\/wp-content\/uploads\/2026\/08\/ChatGPT-Image-29-aug-2026-14_56_17-1-768x512.png 768w, https:\/\/aeprilclinics.nl\/wp-content\/uploads\/2026\/08\/ChatGPT-Image-29-aug-2026-14_56_17-1-405x270.png 405w, https:\/\/aeprilclinics.nl\/wp-content\/uploads\/2026\/08\/ChatGPT-Image-29-aug-2026-14_56_17-1.png 1536w\" sizes=\"auto, (max-width: 1024px) 100vw, 1024px\" \/><\/figure><div class=\"wp-block-media-text__content\">\n<h5 class=\"wp-block-heading\">Was bieten wir an?<\/h5>\n\n\n\n<h2 class=\"wp-block-heading\">Was bietet Aepril Clinics Unternehmen?<\/h2>\n\n\n\n<p class=\"wp-block-paragraph\">Ein medizinisch betreutes Gesundheits- und Vitalit\u00e4tsprogramm f\u00fcr Mitarbeiter, die aktiv an ihrer Gesundheit arbeiten m\u00f6chten. Je nach Programm k\u00f6nnen die Teilnehmer Unterst\u00fctzung in folgenden Bereichen erhalten: <\/p>\n\n\n\n<ul class=\"wp-block-list\">\n<li>Gesundheit und Pr\u00e4vention;<\/li>\n\n\n\n<li>Ern\u00e4hrung und Lebensweise;<\/li>\n\n\n\n<li>Bewegung;<\/li>\n\n\n\n<li>Gewicht;<\/li>\n\n\n\n<li>K\u00f6rperzusammensetzung;<\/li>\n\n\n\n<li>Ausdauer und Kraft;<\/li>\n\n\n\n<li>Schlaf und Erholung;<\/li>\n\n\n\n<li>Energie und Vitalit\u00e4t;<\/li>\n\n\n\n<li>Nachhaltige, gesunde Gewohnheiten.<\/li>\n<\/ul>\n\n\n\n<p class=\"wp-block-paragraph\">Das Programm kann einzelnen Mitarbeitern, bestimmten Teams oder einer gr\u00f6\u00dferen Gruppe innerhalb der Organisation angeboten werden.<\/p>\n<\/div><\/div>\n\n<div class=\"wp-block-buttons is-content-justification-center is-layout-flex wp-container-core-buttons-is-layout-0aa01211 wp-block-buttons-is-layout-flex\">\n<div class=\"wp-block-button\"><a class=\"wp-block-button__link wp-element-button\" href=\"https:\/\/aeprilclinics.nl\/de\/kontakt\/\">Vereinbaren Sie jetzt einen Beratungstermin<\/a><\/div>\n<\/div>\n\n<div style=\"height:50px\" aria-hidden=\"true\" class=\"wp-block-spacer\"><\/div>\n\n<h2 class=\"wp-block-heading has-text-align-center\">Unsere Experten f\u00fcr Gesundheit, Vitalit\u00e4t und Wohlbefinden<\/h2>\n\n<p class=\"wp-block-paragraph\">    <div class=\"artsen-block locatie-Utrecht count-4\">\n\t\t            <article class=\"arts-item\" style=\"background: \">\n                <a href=\"https:\/\/aeprilclinics.nl\/de\/arts\/dr-murin\/\">\n                    <div class=\"article-thumbnail\" style=\"background-image: url(\n\t\t\t\t\thttps:\/\/aeprilclinics.nl\/wp-content\/uploads\/2025\/12\/WhatsApp-Image-2025-12-23-at-17.19.48-1-1024x826.jpeg                            );\"><\/div>\n\n\n                    <div class=\"content\">\n                         <h3>Dr. Murin<\/h3>\n                        <span><p>Utrecht<\/p>\n<\/span>\n                    <\/div>\n                <\/a>\n            <\/article>\n\t\t\t            <article class=\"arts-item\" style=\"background: \">\n                <a href=\"https:\/\/aeprilclinics.nl\/de\/arts\/dr-sameer\/\">\n                    <div class=\"article-thumbnail\" style=\"background-image: url(\n\t\t\t\t\thttps:\/\/aeprilclinics.nl\/wp-content\/uploads\/2026\/08\/Ontwerp-zonder-titel-1-706x1024.png                            );\"><\/div>\n\n\n                    <div class=\"content\">\n                         <h3>Dr. Sameer<\/h3>\n                        <span><p>Hengelo und Utrecht<\/p>\n<\/span>\n                    <\/div>\n                <\/a>\n            <\/article>\n\t\t\t            <article class=\"arts-item\" style=\"background: \">\n                <a href=\"https:\/\/aeprilclinics.nl\/de\/arts\/dr-layla\/\">\n                    <div class=\"article-thumbnail\" style=\"background-image: url(\n\t\t\t\t\thttps:\/\/aeprilclinics.nl\/wp-content\/uploads\/2026\/07\/WhatsApp-Image-2026-07-14-at-17.23.36-1.jpeg                            );\"><\/div>\n\n\n                    <div class=\"content\">\n                         <h3>Dr. Layla<\/h3>\n                        <span><p>Hengelo und Utrecht<\/p>\n<\/span>\n                    <\/div>\n                <\/a>\n            <\/article>\n\t\t\t            <article class=\"arts-item\" style=\"background: \">\n                <a href=\"https:\/\/aeprilclinics.nl\/de\/arts\/dr-dorith\/\">\n                    <div class=\"article-thumbnail\" style=\"background-image: url(\n\t\t\t\t\thttps:\/\/aeprilclinics.nl\/wp-content\/uploads\/2025\/10\/PHOTO-2025-10-30-20-47-46-768x1024.jpg                            );\"><\/div>\n\n\n                    <div class=\"content\">\n                         <h3>Dr. Dorith<\/h3>\n                        <span><p>Hengelo und Utrecht<\/p>\n<\/span>\n                    <\/div>\n                <\/a>\n            <\/article>\n\t\t\t        <article class=\"arts-item\">\n            <a href=\"\/team\">\n                <div class=\"article-thumbnail\" style=\"background-image: url('https:\/\/aeprilclinics.nl\/wp-content\/uploads\/2026\/08\/IMG_6257-scaled.jpg');\"><\/div>\n\n\n            <div class=\"content\">\n\n                <h4>Unser Team<\/h4>\n\n                <span><\/p>\n\n<p class=\"wp-block-paragraph\">Erfahren Sie mehr \u00fcber unser gro\u00dfartiges Team aus Fachleuten.<\/p>\n\n<p class=\"wp-block-paragraph\"><\/span>\n            <\/div>\n            <\/a>\n        <\/article>\n            <\/div>\n\t<\/p>\n\n<div class=\"wp-block-cover alignfull is-light\" style=\"margin-top:var(--wp--preset--spacing--60);margin-bottom:var(--wp--preset--spacing--60)\"><span aria-hidden=\"true\" class=\"wp-block-cover__background has-accent-2-background-color has-background-dim-100 has-background-dim\"><\/span><div class=\"wp-block-cover__inner-container has-global-padding is-layout-constrained wp-block-cover-is-layout-constrained\">\n<h5 class=\"wp-block-heading has-text-align-center\">Informationen<\/h5>\n\n\n\n<h2 class=\"wp-block-heading has-text-align-center\">Informationen zu unserem Programm \u201eGesundheit, Wohlbefinden und Vitalit\u00e4t\u201c<\/h2>\n\n\n\n<div class=\"wp-block-columns is-layout-flex wp-container-core-columns-is-layout-6c0c7bf9 wp-block-columns-is-layout-flex\" style=\"margin-top:var(--wp--preset--spacing--40);margin-bottom:var(--wp--preset--spacing--40)\">\n<div class=\"wp-block-column is-layout-flow wp-block-column-is-layout-flow\">\n<div class=\"wp-block-columns is-not-stacked-on-mobile is-layout-flex wp-container-core-columns-is-layout-3a88641f wp-block-columns-is-layout-flex\">\n<div class=\"wp-block-column is-layout-flow wp-block-column-is-layout-flow\" style=\"flex-basis:50px\">\n<figure class=\"wp-block-image size-full\"><img loading=\"lazy\" decoding=\"async\" width=\"300\" height=\"315\" src=\"https:\/\/aeprilclinics.nl\/wp-content\/uploads\/2025\/01\/icon-merk.png\" alt=\"\" class=\"wp-image-1001\" srcset=\"https:\/\/aeprilclinics.nl\/wp-content\/uploads\/2025\/01\/icon-merk.png 300w, https:\/\/aeprilclinics.nl\/wp-content\/uploads\/2025\/01\/icon-merk-286x300.png 286w, https:\/\/aeprilclinics.nl\/wp-content\/uploads\/2025\/01\/icon-merk-257x270.png 257w\" sizes=\"auto, (max-width: 300px) 100vw, 300px\" \/><\/figure>\n<\/div>\n\n\n\n<div class=\"wp-block-column is-layout-flow wp-block-column-is-layout-flow\">\n<h3 class=\"wp-block-heading\">Inhalt:<\/h3>\n\n\n\n<ul class=\"wp-block-list\">\n<li>Medizinisches Gewichtsmanagement f\u00fcr Mitarbeiter<\/li>\n\n\n\n<li>Personal Training &amp; Messungen der k\u00f6rperlichen Gesundheit<\/li>\n\n\n\n<li>Hochleistungscoaching f\u00fcr Teams<\/li>\n\n\n\n<li>Executive Health &amp; Performance<\/li>\n<\/ul>\n<\/div>\n<\/div>\n<\/div>\n\n\n\n<div class=\"wp-block-column is-layout-flow wp-block-column-is-layout-flow\">\n<div class=\"wp-block-columns is-not-stacked-on-mobile is-layout-flex wp-container-core-columns-is-layout-3a88641f wp-block-columns-is-layout-flex\">\n<div class=\"wp-block-column is-layout-flow wp-block-column-is-layout-flow\" style=\"flex-basis:50px\">\n<figure class=\"wp-block-image size-full\"><img loading=\"lazy\" decoding=\"async\" width=\"300\" height=\"315\" src=\"https:\/\/aeprilclinics.nl\/wp-content\/uploads\/2025\/01\/icon-behandeltijd.png\" alt=\"\" class=\"wp-image-1002\" srcset=\"https:\/\/aeprilclinics.nl\/wp-content\/uploads\/2025\/01\/icon-behandeltijd.png 300w, https:\/\/aeprilclinics.nl\/wp-content\/uploads\/2025\/01\/icon-behandeltijd-286x300.png 286w, https:\/\/aeprilclinics.nl\/wp-content\/uploads\/2025\/01\/icon-behandeltijd-257x270.png 257w\" sizes=\"auto, (max-width: 300px) 100vw, 300px\" \/><\/figure>\n<\/div>\n\n\n\n<div class=\"wp-block-column is-layout-flow wp-block-column-is-layout-flow\">\n<h3 class=\"wp-block-heading\">Behandlungszeit<\/h3>\n\n\n\n<p class=\"wp-block-paragraph\">Ab 3 Monaten bis hin zu unbegrenzten Programmen<\/p>\n<\/div>\n<\/div>\n<\/div>\n\n\n\n<div class=\"wp-block-column is-layout-flow wp-block-column-is-layout-flow\">\n<div class=\"wp-block-columns is-not-stacked-on-mobile is-layout-flex wp-container-core-columns-is-layout-3a88641f wp-block-columns-is-layout-flex\">\n<div class=\"wp-block-column is-layout-flow wp-block-column-is-layout-flow\" style=\"flex-basis:50px\">\n<figure class=\"wp-block-image size-full\"><img loading=\"lazy\" decoding=\"async\" width=\"61\" height=\"64\" src=\"https:\/\/aeprilclinics.nl\/wp-content\/uploads\/2025\/01\/icon-resultaat.png\" alt=\"\" class=\"wp-image-1003\"\/><\/figure>\n<\/div>\n\n\n\n<div class=\"wp-block-column is-layout-flow wp-block-column-is-layout-flow\">\n<h3 class=\"wp-block-heading\">Ergebnis<\/h3>\n\n\n\n<p class=\"wp-block-paragraph\">Innerhalb von 3 Monaten, mit nachhaltigem Ergebnis nach 9 bis 12 Monaten<\/p>\n<\/div>\n<\/div>\n<\/div>\n\n\n\n<div class=\"wp-block-column is-layout-flow wp-block-column-is-layout-flow\">\n<div class=\"wp-block-columns is-not-stacked-on-mobile is-layout-flex wp-container-core-columns-is-layout-3a88641f wp-block-columns-is-layout-flex\">\n<div class=\"wp-block-column is-layout-flow wp-block-column-is-layout-flow\" style=\"flex-basis:50px\">\n<figure class=\"wp-block-image size-full\"><img loading=\"lazy\" decoding=\"async\" width=\"300\" height=\"315\" src=\"https:\/\/aeprilclinics.nl\/wp-content\/uploads\/2025\/01\/icon-prijs.png\" alt=\"\" class=\"wp-image-1004\" srcset=\"https:\/\/aeprilclinics.nl\/wp-content\/uploads\/2025\/01\/icon-prijs.png 300w, https:\/\/aeprilclinics.nl\/wp-content\/uploads\/2025\/01\/icon-prijs-286x300.png 286w, https:\/\/aeprilclinics.nl\/wp-content\/uploads\/2025\/01\/icon-prijs-257x270.png 257w\" sizes=\"auto, (max-width: 300px) 100vw, 300px\" \/><\/figure>\n<\/div>\n\n\n\n<div class=\"wp-block-column is-layout-flow wp-block-column-is-layout-flow\">\n<h3 class=\"wp-block-heading\">Kosten<\/h3>\n\n\n\n<p class=\"wp-block-paragraph\">H\u00e4ngen von der Strecke, der Anzahl der Mitarbeiter und den W\u00fcnschen ab<\/p>\n<\/div>\n<\/div>\n<\/div>\n<\/div>\n<\/div><\/div>\n\n<div class=\"wp-block-columns is-layout-flex wp-container-core-columns-is-layout-3a88641f wp-block-columns-is-layout-flex\">\n<div class=\"wp-block-column is-layout-flow wp-block-column-is-layout-flow\">\n<h2 class=\"wp-block-heading\">Medizinisches Gewichtsmanagement f\u00fcr Mitarbeiter<\/h2>\n\n\n\n<p class=\"wp-block-paragraph\">F\u00fcr Mitarbeiter mit \u00dcbergewicht oder Adipositas bieten wir <a href=\"https:\/\/aeprilclinics.nl\/de\/soort-behandeling\/medizinischer-gewichtsverlust\/\" data-type=\"soort-behandeling\" data-id=\"113\">professionelle Begleitung beim <\/a>Erreichen und Halten eines ges\u00fcnderen Gewichts an. Unser Ansatz geht \u00fcber einen reinen Ern\u00e4hrungsplan hinaus. Ein individueller Begleitplan kann medizinische Betreuung, Ern\u00e4hrungsberatung, Bewegung, \u00c4nderungen des Lebensstils, K\u00f6rpermessungen und regelm\u00e4\u00dfige Bewertungen umfassen. Liegt eine medizinische Indikation vor, kann ein Arzt dar\u00fcber hinaus beurteilen, ob eine medikament\u00f6se Unterst\u00fctzung angebracht ist. Medizinische Entscheidungen werden stets unabh\u00e4ngig zwischen dem behandelnden Arzt und dem Teilnehmer getroffen. Der Arbeitgeber hat hierauf keinen Einfluss und erh\u00e4lt keine individuellen medizinischen Informationen.     <\/p>\n<\/div>\n<\/div>\n\n<div style=\"height:63px\" aria-hidden=\"true\" class=\"wp-block-spacer\"><\/div>\n\n<h2 class=\"wp-block-heading\">Personal Training &amp; Messungen der k\u00f6rperlichen Gesundheit<\/h2>\n\n<p class=\"wp-block-paragraph\">F\u00fcr Unternehmen, die verst\u00e4rkt in die k\u00f6rperliche Gesundheit und Leistungsf\u00e4higkeit ihrer Mitarbeiter investieren m\u00f6chten, k\u00f6nnen unsere Programme um Personal Training erweitert werden. Das Training wird auf das Leistungsniveau und die pers\u00f6nlichen Ziele des Teilnehmers abgestimmt. <\/p>\n\n<p class=\"wp-block-paragraph\">Beachten Sie bitte Folgendes:<\/p>\n\n<ul class=\"wp-block-list\">\n<li>Verbesserung der k\u00f6rperlichen Fitness;<\/li>\n\n\n\n<li>Kraft aufbauen;<\/li>\n\n\n\n<li>Steigerung der t\u00e4glichen Belastbarkeit;<\/li>\n\n\n\n<li>Verbesserung der K\u00f6rperzusammensetzung;<\/li>\n\n\n\n<li>Aufbau von Muskelmasse;<\/li>\n\n\n\n<li>Sich regelm\u00e4\u00dfig mehr bewegen;<\/li>\n\n\n\n<li>Medizinische Gesundheitsmessungen;<\/li>\n\n\n\n<li>Verbesserung der allgemeinen k\u00f6rperlichen Leistungsf\u00e4higkeit.<\/li>\n<\/ul>\n\n<p class=\"wp-block-paragraph\">Durch die Kombination von medizinischer Betreuung, Lebensstil und k\u00f6rperlichem Training entsteht ein ganzheitlicher Ansatz f\u00fcr die Gesundheit.<\/p>\n\n<div style=\"height:59px\" aria-hidden=\"true\" class=\"wp-block-spacer\"><\/div>\n\n<h2 class=\"wp-block-heading\">Hochleistungscoaching<\/h2>\n\n<p class=\"wp-block-paragraph\"><strong>Coaching f\u00fcr Mitarbeiter, Teams und F\u00fchrungskr\u00e4fte<\/strong><br\/><br\/>Gesundheit und Leistungsf\u00e4higkeit werden nicht nur durch k\u00f6rperliche Faktoren bestimmt. Auch Verhalten, Konzentration, Zusammenarbeit, F\u00fchrungsqualit\u00e4ten und die Art und Weise, wie Menschen mit Verantwortung und Druck umgehen, spielen eine wichtige Rolle. Daher kann <strong>High-Performance-Coaching<\/strong> Bestandteil unserer Programme f\u00fcr Organisationen sein. Individuelles Coaching kann f\u00fcr Mitarbeiter \u2013 sowohl einzeln als auch in Teams \u2013 eingesetzt werden, die an ihrer pers\u00f6nlichen Entwicklung und Leistungsf\u00e4higkeit arbeiten m\u00f6chten.   <\/p>\n\n<p class=\"wp-block-paragraph\">Je nach Person und Zielen kann Folgendes ber\u00fccksichtigt werden:<\/p>\n\n<ul class=\"wp-block-list\">\n<li>Pers\u00f6nliche Effektivit\u00e4t;<\/li>\n\n\n\n<li>Schwerpunkte und Priorit\u00e4ten;<\/li>\n\n\n\n<li>Energie und Leistung;<\/li>\n\n\n\n<li>Umgang mit Druck und Verantwortung;<\/li>\n\n\n\n<li>Kommunikation;<\/li>\n\n\n\n<li>Selbstvertrauen;<\/li>\n\n\n\n<li>Eigentumsverh\u00e4ltnisse;<\/li>\n\n\n\n<li>Entwicklung wirksamer Gewohnheiten;<\/li>\n\n\n\n<li>Pers\u00f6nliche und berufliche Weiterentwicklung;<\/li>\n\n\n\n<li>Ausgewogenheit zwischen Leistung und Erholung.<\/li>\n<\/ul>\n\n<p class=\"wp-block-paragraph\">Das Coaching kann als eigenst\u00e4ndiges Programm angeboten oder mit einer Begleitung in den Bereichen Gesundheit, Lebensstil und k\u00f6rperliche Fitness kombiniert werden.<\/p>\n\n<div style=\"height:76px\" aria-hidden=\"true\" class=\"wp-block-spacer\"><\/div>\n\n<div class=\"wp-block-media-text is-stacked-on-mobile is-image-fill-element\"><figure class=\"wp-block-media-text__media\"><img loading=\"lazy\" decoding=\"async\" width=\"1024\" height=\"544\" src=\"https:\/\/aeprilclinics.nl\/wp-content\/uploads\/2026\/08\/ChatGPT-Image-29-aug-2026-15_35_05-1-1024x544.png\" alt=\"\" class=\"wp-image-18919 size-full\" style=\"object-position:50% 50%\" srcset=\"https:\/\/aeprilclinics.nl\/wp-content\/uploads\/2026\/08\/ChatGPT-Image-29-aug-2026-15_35_05-1-1024x544.png 1024w, https:\/\/aeprilclinics.nl\/wp-content\/uploads\/2026\/08\/ChatGPT-Image-29-aug-2026-15_35_05-1-300x159.png 300w, https:\/\/aeprilclinics.nl\/wp-content\/uploads\/2026\/08\/ChatGPT-Image-29-aug-2026-15_35_05-1-768x408.png 768w, https:\/\/aeprilclinics.nl\/wp-content\/uploads\/2026\/08\/ChatGPT-Image-29-aug-2026-15_35_05-1-1536x816.png 1536w, https:\/\/aeprilclinics.nl\/wp-content\/uploads\/2026\/08\/ChatGPT-Image-29-aug-2026-15_35_05-1-508x270.png 508w, https:\/\/aeprilclinics.nl\/wp-content\/uploads\/2026\/08\/ChatGPT-Image-29-aug-2026-15_35_05-1.png 1720w\" sizes=\"auto, (max-width: 1024px) 100vw, 1024px\" \/><\/figure><div class=\"wp-block-media-text__content\">\n<h5 class=\"wp-block-heading\">Gesundheit in Ihrem Unternehmen<\/h5>\n\n\n\n<h2 class=\"wp-block-heading\">Gesundheit als attraktives Arbeitsmerkmal<\/h2>\n\n\n\n<p class=\"wp-block-paragraph\">Arbeitgeber suchen zunehmend nach M\u00f6glichkeiten, ihre Mitarbeiter nicht nur finanziell, sondern auch in den Bereichen Gesundheit, Wohlbefinden und pers\u00f6nliche Entwicklung zu unterst\u00fctzen.<\/p>\n\n\n\n<p class=\"wp-block-paragraph\">Ein individuelles Gesundheits- und Leistungsprogramm kann Teil einer umfassenderen Strategie in den Bereichen <strong>Vitalit\u00e4t, Wohlbefinden, Talentf\u00f6rderung und nachhaltige Besch\u00e4ftigungsf\u00e4higkeit<\/strong> werden.<\/p>\n\n\n\n<p class=\"wp-block-paragraph\">Organisationen k\u00f6nnen unsere Programme beispielsweise wie folgt anbieten:<\/p>\n\n\n\n<ul class=\"wp-block-list\">\n<li>Zus\u00e4tzliche Arbeitsbedingungen;<\/li>\n\n\n\n<li>Bestandteil eines Vitalit\u00e4tsprogramms;<\/li>\n\n\n\n<li>Pers\u00f6nliches Gesundheits- oder Vitalit\u00e4tsbudget;<\/li>\n\n\n\n<li>Freiwilliges Gesundheitsprogramm;<\/li>\n\n\n\n<li>Pr\u00e4ventives Gesundheitsprogramm;<\/li>\n\n\n\n<li>Premium-Mitarbeiterleistung;<\/li>\n\n\n\n<li>Coaching-Programm f\u00fcr Mitarbeiter;<\/li>\n\n\n\n<li>Teamentwicklung;<\/li>\n\n\n\n<li>F\u00fchrungskr\u00e4fteentwicklung;<\/li>\n\n\n\n<li>Programm f\u00fcr bestimmte Mitarbeiter oder Teams;<\/li>\n\n\n\n<li>\u201eExecutive Health &amp; Performance\u201c f\u00fcr die Gesch\u00e4ftsleitung und das Management.<\/li>\n<\/ul>\n\n\n\n<p class=\"wp-block-paragraph\">Gemeinsam pr\u00fcfen wir, welche Form am besten zu Ihrer Organisation passt.<\/p>\n<\/div><\/div>\n\n<div style=\"height:64px\" aria-hidden=\"true\" class=\"wp-block-spacer\"><\/div>\n\n<h2 class=\"wp-block-heading\">Vom einzelnen Mitarbeiter bis hin zu einem unternehmensweiten Programm<\/h2>\n\n<p class=\"wp-block-paragraph\">Sie m\u00fcssen nicht sofort ein Programm f\u00fcr das gesamte Unternehmen buchen. Aepril Clinics bietet verschiedene Formen der Zusammenarbeit an. Ein Arbeitgeber kann beispielsweise ein Gesundheits- oder Weiterbildungsbudget bereitstellen, mit dem die Mitarbeiter unsere Dienstleistungen in Anspruch nehmen k\u00f6nnen. Dar\u00fcber hinaus k\u00f6nnen wir ein Programm f\u00fcr eine vorab ausgew\u00e4hlte Gruppe von Mitarbeitern entwickeln oder einen kompletten Ablauf f\u00fcr ein Team, eine Abteilung oder ein Unternehmen aufsetzen.   <\/p>\n\n<p class=\"wp-block-paragraph\">Es ist auch m\u00f6glich, zun\u00e4chst mit <strong>einem Pilotprojekt<\/strong> zu beginnen <strong>.<\/strong> <\/p>\n\n<p class=\"wp-block-paragraph\">M\u00f6chten Sie zun\u00e4chst erfahren, wie ein Gesundheits- und Leistungsprogramm in Ihrem Unternehmen angenommen wird? Beginnen Sie dann beispielsweise mit <strong>10 bis 20 Mitarbeitern<\/strong>. W\u00e4hrend eines vereinbarten Zeitraums begleiten wir die Teilnehmer bei ihren individuellen Gesundheits- und Entwicklungszielen. Je nach gew\u00e4hltem Konzept k\u00f6nnen medizinische Betreuung, Lebensstilberatung, Personal Training und Coaching in einem Pilotprojekt kombiniert werden. Anhand der gewonnenen Erfahrungen l\u00e4sst sich anschlie\u00dfend entscheiden, ob das Programm in gr\u00f6\u00dferem Umfang innerhalb des Unternehmens angeboten werden soll.    <\/p>\n\n<div style=\"height:67px\" aria-hidden=\"true\" class=\"wp-block-spacer\"><\/div>\n\n<h2 class=\"wp-block-heading\">Zusammenarbeit mit der Personalabteilung, dem Bereich \u201ePeople &amp; Culture\u201c und den Arbeitsschutzdiensten<\/h2>\n\n<p class=\"wp-block-paragraph\">Aepril Clinics arbeitet mit Organisationen und Fachleuten zusammen, die f\u00fcr die Gesundheit, die Entwicklung und die Besch\u00e4ftigungsf\u00e4higkeit von Mitarbeitern verantwortlich sind.<\/p>\n\n<p class=\"wp-block-paragraph\">Wir beraten Sie gerne in folgenden Bereichen:<\/p>\n\n<ul class=\"wp-block-list\">\n<li>Personalabteilungen;<\/li>\n\n\n\n<li>Menschen &amp; Kultur;<\/li>\n\n\n\n<li>Weiterbildung und Entwicklung;<\/li>\n\n\n\n<li>Vorstand und Gesch\u00e4ftsf\u00fchrung;<\/li>\n\n\n\n<li>Manager f\u00fcr Vitalit\u00e4t und Wohlbefinden;<\/li>\n\n\n\n<li>Betriebs\u00e4rzte;<\/li>\n\n\n\n<li>Arbeitsschutzdienste;<\/li>\n\n\n\n<li>Arbeitgeber und Unternehmer.<\/li>\n<\/ul>\n\n<p class=\"wp-block-paragraph\">Unser Angebot kann eigenst\u00e4ndig oder als erg\u00e4nzende Ma\u00dfnahme im Rahmen bestehender Programme f\u00fcr Vitalit\u00e4t, Wohlbefinden, F\u00fchrungskr\u00e4fteentwicklung und nachhaltige Besch\u00e4ftigungsf\u00e4higkeit eingesetzt werden.<\/p>\n\n<div style=\"height:77px\" aria-hidden=\"true\" class=\"wp-block-spacer\"><\/div>\n\n<div class=\"wp-block-cover alignfull is-light\" style=\"margin-top:var(--wp--preset--spacing--60);margin-bottom:var(--wp--preset--spacing--60)\"><span aria-hidden=\"true\" class=\"wp-block-cover__background has-accent-2-background-color has-background-dim-100 has-background-dim\"><\/span><div class=\"wp-block-cover__inner-container has-global-padding is-layout-constrained wp-block-cover-is-layout-constrained\">\n<h5 class=\"wp-block-heading has-text-align-center\">Faq<\/h5>\n\n\n\n<h2 class=\"wp-block-heading has-text-align-center\" style=\"margin-bottom:var(--wp--preset--spacing--40)\">H\u00e4ufig gestellte Fragen<\/h2>\n\n\n<div  class=\"ewd-ufaq-faq-list ewd-ufaq-page-type-distinct ewd-ufaq-category-tabs-\" id='ewd-ufaq-faq-list'>\n\n\t<input type='hidden' name='show_on_load' value='' id='ewd-ufaq-show-on-load' \/>\n<input type='hidden' name='include_category' value='gezondheid-vitaliteit-welzijn-bedrijven' id='ewd-ufaq-include-category' \/>\n<input type='hidden' name='exclude_category' value='' id='ewd-ufaq-exclude-category' \/>\n<input type='hidden' name='orderby' value='date' id='ewd-ufaq-orderby' \/>\n<input type='hidden' name='order' value='asc' id='ewd-ufaq-order' \/>\n<input type='hidden' name='post_count' value='-1' id='ewd-ufaq-post-count' \/>\n<input type='hidden' name='current_url' value='\/de\/wp-json\/wp\/v2\/pages\/19155' id='ewd-ufaq-current-url' \/>\n\t\n\t\n\t<div class='ewd-ufaq-faqs'>\n\n\t\t<div  class=\"ewd-ufaq-faq-div ewd-ufaq-faq-column-count-one ewd-ufaq-faq-responsive-columns- ewd-ufaq-faq-display-style-default ewd-ufaq-can-be-toggled\" id='ewd-ufaq-post-18934-3FbDXjMVNV' data-post_id='18934'>\n\n\t\t\n\t<div class='ewd-ufaq-faq-title ewd-ufaq-faq-toggle'>\n\t\n\t<a class='ewd-ufaq-post-margin'  href='#' role=\"button\">\n\n\t\t<div class='ewd-ufaq-post-margin-symbol ewd-ufaq-'>\n\t\t\t<span >a<\/span>\n\t\t<\/div>\n\n\t\t<div class='ewd-ufaq-faq-title-text'>\n\n\t\t\t<h4>\n\t\t\t\tWas ist ein Vitalit\u00e4tsprogramm f\u00fcr Mitarbeiter?\t\t\t<\/h4>\n\n\t\t<\/div>\n\n\t\t<div class='ewd-ufaq-clear'><\/div>\n\n\t<\/a>\n\t\n<\/div>\n\t\n\t<div class='ewd-ufaq-faq-body ewd-ufaq-hidden' >\n\n\t\t\n\t\t\t\n\t\t\n\t\t\t<div class='ewd-ufaq-post-margin ewd-ufaq-faq-post'>\n\t\n<p class=\"wp-block-paragraph\">Ein Vitalit\u00e4tsprogramm f\u00fcr Mitarbeiter ist ein Programm, mit dem ein Arbeitgeber seine Mitarbeiter dabei unterst\u00fctzt, ihre Gesundheit, ihren Lebensstil und ihre Vitalit\u00e4t zu verbessern. Bei Aepril Clinics verbinden wir medizinisches Fachwissen mit pers\u00f6nlicher Betreuung in den Bereichen Ern\u00e4hrung, Bewegung, Gewichtsmanagement, k\u00f6rperliche Fitness, Schlaf, Regeneration und Leistungsf\u00e4higkeit. Je nach Programm k\u00f6nnen auch Personal Training und Coaching Teil des Programms sein.  <\/p>\n<\/div>\n\t\t\n\t\t\t\n\t\t\n\t\t\t\n\t\t\n\t\t\t\n\t\t\n\t\t\t\n\t\t\n\t\t\t\n\t\t\n\t\t\t\n\t\t\n\t\t\t\n\t\t\n\t\t\t\n\t\t\n\t<\/div>\n\n<\/div><div  class=\"ewd-ufaq-faq-div ewd-ufaq-faq-column-count-one ewd-ufaq-faq-responsive-columns- ewd-ufaq-faq-display-style-default ewd-ufaq-can-be-toggled\" id='ewd-ufaq-post-18945-SeX7PRaqnd' data-post_id='18945'>\n\n\t\t\n\t<div class='ewd-ufaq-faq-title ewd-ufaq-faq-toggle'>\n\t\n\t<a class='ewd-ufaq-post-margin'  href='#' role=\"button\">\n\n\t\t<div class='ewd-ufaq-post-margin-symbol ewd-ufaq-'>\n\t\t\t<span >a<\/span>\n\t\t<\/div>\n\n\t\t<div class='ewd-ufaq-faq-title-text'>\n\n\t\t\t<h4>\n\t\t\t\tWie kann ich als Arbeitgeber die Gesundheit und Vitalit\u00e4t meiner Mitarbeiter verbessern?\t\t\t<\/h4>\n\n\t\t<\/div>\n\n\t\t<div class='ewd-ufaq-clear'><\/div>\n\n\t<\/a>\n\t\n<\/div>\n\t\n\t<div class='ewd-ufaq-faq-body ewd-ufaq-hidden' >\n\n\t\t\n\t\t\t\n\t\t\n\t\t\t<div class='ewd-ufaq-post-margin ewd-ufaq-faq-post'>\n\t\n<p class=\"wp-block-paragraph\">Arbeitgeber k\u00f6nnen Gesundheit und Vitalit\u00e4t f\u00f6rdern, indem sie ihren Mitarbeitern Zugang zu professioneller Betreuung gew\u00e4hren, die auf deren individuelle Bed\u00fcrfnisse zugeschnitten ist. Dies kann von einer Lebensstil- und Ern\u00e4hrungsberatung bis hin zu medizinischem Gewichtsmanagement, Personal Training und Coaching reichen. Aepril Clinics kann hierf\u00fcr ein ma\u00dfgeschneidertes Gesundheits- und Vitalit\u00e4tsprogramm f\u00fcr einzelne Mitarbeiter, Teams oder das gesamte Unternehmen entwickeln.  <\/p>\n<\/div>\n\t\t\n\t\t\t\n\t\t\n\t\t\t\n\t\t\n\t\t\t\n\t\t\n\t\t\t\n\t\t\n\t\t\t\n\t\t\n\t\t\t\n\t\t\n\t\t\t\n\t\t\n\t\t\t\n\t\t\n\t<\/div>\n\n<\/div><div  class=\"ewd-ufaq-faq-div ewd-ufaq-faq-column-count-one ewd-ufaq-faq-responsive-columns- ewd-ufaq-faq-display-style-default ewd-ufaq-can-be-toggled\" id='ewd-ufaq-post-18949-OIq5fuwMHJ' data-post_id='18949'>\n\n\t\t\n\t<div class='ewd-ufaq-faq-title ewd-ufaq-faq-toggle'>\n\t\n\t<a class='ewd-ufaq-post-margin'  href='#' role=\"button\">\n\n\t\t<div class='ewd-ufaq-post-margin-symbol ewd-ufaq-'>\n\t\t\t<span >a<\/span>\n\t\t<\/div>\n\n\t\t<div class='ewd-ufaq-faq-title-text'>\n\n\t\t\t<h4>\n\t\t\t\tDarf ein Arbeitgeber seinen Mitarbeitern ein medizinisches Abnehmprogramm anbieten?\t\t\t<\/h4>\n\n\t\t<\/div>\n\n\t\t<div class='ewd-ufaq-clear'><\/div>\n\n\t<\/a>\n\t\n<\/div>\n\t\n\t<div class='ewd-ufaq-faq-body ewd-ufaq-hidden' >\n\n\t\t\n\t\t\t\n\t\t\n\t\t\t<div class='ewd-ufaq-post-margin ewd-ufaq-faq-post'>\n\t\n<p class=\"wp-block-paragraph\">Ja, ein Arbeitgeber kann seinen Mitarbeitern Zugang zu einem Programm zur medizinischen Gewichtsregulierung gew\u00e4hren. Die medizinische Beurteilung und Behandlung bleiben jedoch vollst\u00e4ndig eine Angelegenheit zwischen dem Mitarbeiter und dem behandelnden Arzt. Wird die Einnahme von Medikamenten zur Gewichtsreduktion in Betracht gezogen, entscheidet der Arzt im Einzelfall, ob hierf\u00fcr eine medizinische Indikation vorliegt. Der Arbeitgeber hat keinen Einfluss auf diese Entscheidung und erh\u00e4lt keine individuellen medizinischen Informationen.   <\/p>\n<\/div>\n\t\t\n\t\t\t\n\t\t\n\t\t\t\n\t\t\n\t\t\t\n\t\t\n\t\t\t\n\t\t\n\t\t\t\n\t\t\n\t\t\t\n\t\t\n\t\t\t\n\t\t\n\t\t\t\n\t\t\n\t<\/div>\n\n<\/div><div  class=\"ewd-ufaq-faq-div ewd-ufaq-faq-column-count-one ewd-ufaq-faq-responsive-columns- ewd-ufaq-faq-display-style-default ewd-ufaq-can-be-toggled\" id='ewd-ufaq-post-18959-7y7Be3cizN' data-post_id='18959'>\n\n\t\t\n\t<div class='ewd-ufaq-faq-title ewd-ufaq-faq-toggle'>\n\t\n\t<a class='ewd-ufaq-post-margin'  href='#' role=\"button\">\n\n\t\t<div class='ewd-ufaq-post-margin-symbol ewd-ufaq-'>\n\t\t\t<span >a<\/span>\n\t\t<\/div>\n\n\t\t<div class='ewd-ufaq-faq-title-text'>\n\n\t\t\t<h4>\n\t\t\t\tWas versteht man unter der nachhaltigen Besch\u00e4ftigungsf\u00e4higkeit von Mitarbeitern?\t\t\t<\/h4>\n\n\t\t<\/div>\n\n\t\t<div class='ewd-ufaq-clear'><\/div>\n\n\t<\/a>\n\t\n<\/div>\n\t\n\t<div class='ewd-ufaq-faq-body ewd-ufaq-hidden' >\n\n\t\t\n\t\t\t\n\t\t\n\t\t\t<div class='ewd-ufaq-post-margin ewd-ufaq-faq-post'>\n\t\n<p class=\"wp-block-paragraph\">Bei der nachhaltigen Besch\u00e4ftigungsf\u00e4higkeit geht es um die F\u00e4higkeit der Mitarbeiter, w\u00e4hrend ihres gesamten Berufslebens gesund, motiviert und einsatzf\u00e4hig zu bleiben. Gesundheit, Lebensstil, pers\u00f6nliche Entwicklung, Arbeitsbedingungen und Wohlbefinden k\u00f6nnen dabei eine Rolle spielen. Ein Gesundheits- und Vitalit\u00e4tsprogramm kann Teil einer umfassenderen Strategie eines Arbeitgebers im Bereich der nachhaltigen Besch\u00e4ftigungsf\u00e4higkeit sein.  <\/p>\n<\/div>\n\t\t\n\t\t\t\n\t\t\n\t\t\t\n\t\t\n\t\t\t\n\t\t\n\t\t\t\n\t\t\n\t\t\t\n\t\t\n\t\t\t\n\t\t\n\t\t\t\n\t\t\n\t\t\t\n\t\t\n\t<\/div>\n\n<\/div><div  class=\"ewd-ufaq-faq-div ewd-ufaq-faq-column-count-one ewd-ufaq-faq-responsive-columns- ewd-ufaq-faq-display-style-default ewd-ufaq-can-be-toggled\" id='ewd-ufaq-post-18963-EcJiAglXql' data-post_id='18963'>\n\n\t\t\n\t<div class='ewd-ufaq-faq-title ewd-ufaq-faq-toggle'>\n\t\n\t<a class='ewd-ufaq-post-margin'  href='#' role=\"button\">\n\n\t\t<div class='ewd-ufaq-post-margin-symbol ewd-ufaq-'>\n\t\t\t<span >a<\/span>\n\t\t<\/div>\n\n\t\t<div class='ewd-ufaq-faq-title-text'>\n\n\t\t\t<h4>\n\t\t\t\tKann Personal Training Bestandteil eines Vitalit\u00e4tsprogramms f\u00fcr Unternehmen sein?\t\t\t<\/h4>\n\n\t\t<\/div>\n\n\t\t<div class='ewd-ufaq-clear'><\/div>\n\n\t<\/a>\n\t\n<\/div>\n\t\n\t<div class='ewd-ufaq-faq-body ewd-ufaq-hidden' >\n\n\t\t\n\t\t\t\n\t\t\n\t\t\t<div class='ewd-ufaq-post-margin ewd-ufaq-faq-post'>\n\t\n<p class=\"wp-block-paragraph\">Ja. Aepril Clinics kann Personal Training mit medizinischer Betreuung, Ern\u00e4hrungsberatung und Lebensstilberatung kombinieren. Das Training wird auf das Niveau und die Ziele des Teilnehmers abgestimmt und kann sich beispielsweise auf Ausdauer, Kraft, K\u00f6rperzusammensetzung, Muskelmasse und allgemeine k\u00f6rperliche Fitness konzentrieren. So entsteht ein individuelles Programm, in dem Gesundheit und k\u00f6rperliche Leistungsf\u00e4higkeit miteinander verbunden werden.   <\/p>\n<\/div>\n\t\t\n\t\t\t\n\t\t\n\t\t\t\n\t\t\n\t\t\t\n\t\t\n\t\t\t\n\t\t\n\t\t\t\n\t\t\n\t\t\t\n\t\t\n\t\t\t\n\t\t\n\t\t\t\n\t\t\n\t<\/div>\n\n<\/div><div  class=\"ewd-ufaq-faq-div ewd-ufaq-faq-column-count-one ewd-ufaq-faq-responsive-columns- ewd-ufaq-faq-display-style-default ewd-ufaq-can-be-toggled\" id='ewd-ufaq-post-18974-RvBoo1tKzg' data-post_id='18974'>\n\n\t\t\n\t<div class='ewd-ufaq-faq-title ewd-ufaq-faq-toggle'>\n\t\n\t<a class='ewd-ufaq-post-margin'  href='#' role=\"button\">\n\n\t\t<div class='ewd-ufaq-post-margin-symbol ewd-ufaq-'>\n\t\t\t<span >a<\/span>\n\t\t<\/div>\n\n\t\t<div class='ewd-ufaq-faq-title-text'>\n\n\t\t\t<h4>\n\t\t\t\tBietet Aepril Clinics auch Coaching f\u00fcr Mitarbeiter und Teams an?\t\t\t<\/h4>\n\n\t\t<\/div>\n\n\t\t<div class='ewd-ufaq-clear'><\/div>\n\n\t<\/a>\n\t\n<\/div>\n\t\n\t<div class='ewd-ufaq-faq-body ewd-ufaq-hidden' >\n\n\t\t\n\t\t\t\n\t\t\n\t\t\t<div class='ewd-ufaq-post-margin ewd-ufaq-faq-post'>\n\t\n<p class=\"wp-block-paragraph\">Ja. Neben medizinischer und k\u00f6rperlicher Betreuung bietet Aepril Clinics High-Performance-Coaching f\u00fcr Mitarbeiter, Teams und F\u00fchrungskr\u00e4fte an. Das Coaching kann sich unter anderem auf pers\u00f6nliche Effektivit\u00e4t, Konzentration, Kommunikation, Zusammenarbeit, Eigenverantwortung, F\u00fchrungskompetenz sowie den Umgang mit Verantwortung und Druck konzentrieren. Auf diese Weise lassen sich Gesundheit, pers\u00f6nliche Entwicklung und Leistung in einem einzigen Programm vereinen.   <\/p>\n<\/div>\n\t\t\n\t\t\t\n\t\t\n\t\t\t\n\t\t\n\t\t\t\n\t\t\n\t\t\t\n\t\t\n\t\t\t\n\t\t\n\t\t\t\n\t\t\n\t\t\t\n\t\t\n\t\t\t\n\t\t\n\t<\/div>\n\n<\/div><div  class=\"ewd-ufaq-faq-div ewd-ufaq-faq-column-count-one ewd-ufaq-faq-responsive-columns- ewd-ufaq-faq-display-style-default ewd-ufaq-can-be-toggled\" id='ewd-ufaq-post-18983-OJKd2aRRPm' data-post_id='18983'>\n\n\t\t\n\t<div class='ewd-ufaq-faq-title ewd-ufaq-faq-toggle'>\n\t\n\t<a class='ewd-ufaq-post-margin'  href='#' role=\"button\">\n\n\t\t<div class='ewd-ufaq-post-margin-symbol ewd-ufaq-'>\n\t\t\t<span >a<\/span>\n\t\t<\/div>\n\n\t\t<div class='ewd-ufaq-faq-title-text'>\n\n\t\t\t<h4>\n\t\t\t\tWas ist \u201eExecutive Health &#038; Performance\u201c?\t\t\t<\/h4>\n\n\t\t<\/div>\n\n\t\t<div class='ewd-ufaq-clear'><\/div>\n\n\t<\/a>\n\t\n<\/div>\n\t\n\t<div class='ewd-ufaq-faq-body ewd-ufaq-hidden' >\n\n\t\t\n\t\t\t\n\t\t\n\t\t\t<div class='ewd-ufaq-post-margin ewd-ufaq-faq-post'>\n\t\n<p class=\"wp-block-paragraph\">\u201eExecutive Health &amp; Performance\u201c ist ein intensives, individuelles Betreuungsprogramm f\u00fcr Unternehmer, Vorstandsmitglieder, Gesch\u00e4ftsf\u00fchrung und F\u00fchrungskr\u00e4fte. Das Programm kann medizinische Betreuung mit Gesundheitsmessungen, Ern\u00e4hrung, Gewichtsmanagement, Personal Training, Schlaf und Erholung sowie High-Performance- oder Leadership-Coaching kombinieren. Der Ablauf wird auf die Gesundheit, den Terminkalender, die Aufgaben und die pers\u00f6nlichen Ziele des Teilnehmers abgestimmt.  <\/p>\n<\/div>\n\t\t\n\t\t\t\n\t\t\n\t\t\t\n\t\t\n\t\t\t\n\t\t\n\t\t\t\n\t\t\n\t\t\t\n\t\t\n\t\t\t\n\t\t\n\t\t\t\n\t\t\n\t\t\t\n\t\t\n\t<\/div>\n\n<\/div><div  class=\"ewd-ufaq-faq-div ewd-ufaq-faq-column-count-one ewd-ufaq-faq-responsive-columns- ewd-ufaq-faq-display-style-default ewd-ufaq-can-be-toggled\" id='ewd-ufaq-post-18984-3tgX87kKK0' data-post_id='18984'>\n\n\t\t\n\t<div class='ewd-ufaq-faq-title ewd-ufaq-faq-toggle'>\n\t\n\t<a class='ewd-ufaq-post-margin'  href='#' role=\"button\">\n\n\t\t<div class='ewd-ufaq-post-margin-symbol ewd-ufaq-'>\n\t\t\t<span >a<\/span>\n\t\t<\/div>\n\n\t\t<div class='ewd-ufaq-faq-title-text'>\n\n\t\t\t<h4>\n\t\t\t\tHat ein Arbeitgeber Zugriff auf die medizinischen Daten seiner Mitarbeiter?\t\t\t<\/h4>\n\n\t\t<\/div>\n\n\t\t<div class='ewd-ufaq-clear'><\/div>\n\n\t<\/a>\n\t\n<\/div>\n\t\n\t<div class='ewd-ufaq-faq-body ewd-ufaq-hidden' >\n\n\t\t\n\t\t\t\n\t\t\n\t\t\t<div class='ewd-ufaq-post-margin ewd-ufaq-faq-post'>\n\t\n<p class=\"wp-block-paragraph\">Nein. Individuelle medizinische Daten, Diagnosen, Informationen zu Arztbesuchen und verschriebene Medikamente werden nicht an den Arbeitgeber weitergegeben. Die \u00e4rztlich-medizinische Beziehung besteht zwischen dem Mitarbeiter und dem behandelnden medizinischen Fachpersonal. Wenn die Berichterstattung Teil eines betrieblichen Programms ist, k\u00f6nnen gegebenenfalls anonymisierte und aggregierte Informationen herangezogen werden, um das Programm zu bewerten, ohne dass individuelle medizinische Unterlagen an den Arbeitgeber weitergegeben werden.   <\/p>\n<\/div>\n\t\t\n\t\t\t\n\t\t\n\t\t\t\n\t\t\n\t\t\t\n\t\t\n\t\t\t\n\t\t\n\t\t\t\n\t\t\n\t\t\t\n\t\t\n\t\t\t\n\t\t\n\t\t\t\n\t\t\n\t<\/div>\n\n<\/div><div  class=\"ewd-ufaq-faq-div ewd-ufaq-faq-column-count-one ewd-ufaq-faq-responsive-columns- ewd-ufaq-faq-display-style-default ewd-ufaq-can-be-toggled\" id='ewd-ufaq-post-18991-71mGZ7Ql4m' data-post_id='18991'>\n\n\t\t\n\t<div class='ewd-ufaq-faq-title ewd-ufaq-faq-toggle'>\n\t\n\t<a class='ewd-ufaq-post-margin'  href='#' role=\"button\">\n\n\t\t<div class='ewd-ufaq-post-margin-symbol ewd-ufaq-'>\n\t\t\t<span >a<\/span>\n\t\t<\/div>\n\n\t\t<div class='ewd-ufaq-faq-title-text'>\n\n\t\t\t<h4>\n\t\t\t\tWas kostet ein Vitalit\u00e4tsprogramm f\u00fcr Mitarbeiter?\t\t\t<\/h4>\n\n\t\t<\/div>\n\n\t\t<div class='ewd-ufaq-clear'><\/div>\n\n\t<\/a>\n\t\n<\/div>\n\t\n\t<div class='ewd-ufaq-faq-body ewd-ufaq-hidden' >\n\n\t\t\n\t\t\t\n\t\t\n\t\t\t<div class='ewd-ufaq-post-margin ewd-ufaq-faq-post'>\n\t\n<p class=\"wp-block-paragraph\">Die Kosten f\u00fcr ein Vitalit\u00e4tsprogramm h\u00e4ngen unter anderem von der Teilnehmerzahl, der Dauer des Programms und dem gew\u00fcnschten Betreuungsumfang ab. Ein Programm mit medizinischer Betreuung, Personal Training und individuellem Coaching ist beispielsweise anders aufgebaut als ein Basisprogramm f\u00fcr Gesundheit und Lebensstil. Aepril Clinics kann sowohl Pilotprojekte f\u00fcr eine begrenzte Gruppe von Mitarbeitern als auch umfangreichere Programme f\u00fcr Unternehmen entwickeln. Im Rahmen eines unverbindlichen Kennenlerngespr\u00e4chs besprechen wir die Ziele, die gew\u00fcnschte Betreuung und das verf\u00fcgbare Budget und erstellen Ihnen ein passendes Angebot.   <\/p>\n<\/div>\n\t\t\n\t\t\t\n\t\t\n\t\t\t\n\t\t\n\t\t\t\n\t\t\n\t\t\t\n\t\t\n\t\t\t\n\t\t\n\t\t\t\n\t\t\n\t\t\t\n\t\t\n\t\t\t\n\t\t\n\t<\/div>\n\n<\/div>\n\t<\/div>\n\n\t\n<\/div><\/div><\/div>\n\n<div style=\"height:25px\" aria-hidden=\"true\" class=\"wp-block-spacer\"><\/div>\n\n<div class=\"wp-block-columns is-layout-flex wp-container-core-columns-is-layout-3a88641f wp-block-columns-is-layout-flex\">\n<div class=\"wp-block-column is-layout-flow wp-block-column-is-layout-flow\">\n<h2 class=\"wp-block-heading\">Warum Aepril Clinics f\u00fcr Unternehmen?<\/h2>\n\n\n\n<p class=\"wp-block-paragraph\"><strong>Medizinische Fachkompetenz: Gesundheit <\/strong>erfordert mehr als nur allgemeine Ratschl\u00e4ge. In F\u00e4llen, in denen eine medizinische Beurteilung erforderlich ist, werden die Teilnehmer von qualifizierten medizinischen Fachkr\u00e4ften betreut. <\/p>\n\n\n\n<p class=\"wp-block-paragraph\"><strong>Individueller Ansatz<\/strong>: Nicht jeder Mitarbeiter verf\u00fcgt \u00fcber denselben Gesundheitszustand, denselben Lebensstil, dieselben Herausforderungen oder dieselben Ziele. Daher steht die individuelle Betreuung im Mittelpunkt. <\/p>\n\n\n\n<p class=\"wp-block-paragraph\"><strong>Gesundheit und Leistungsf\u00e4higkeit: Wir <\/strong>blicken \u00fcber den reinen Gewichtsverlust hinaus. Ern\u00e4hrung, Bewegung, Kondition, Kraft, K\u00f6rperzusammensetzung, Schlaf, Regeneration, pers\u00f6nliche Entwicklung und Leistungsf\u00e4higkeit k\u00f6nnen Teil der Betreuung sein. <\/p>\n\n\n\n<p class=\"wp-block-paragraph\"><strong>Coaching vom Mitarbeiter bis zur F\u00fchrungskraft: Mit <\/strong>High-Performance-Coaching k\u00f6nnen wir nicht nur einzelne Mitarbeiter begleiten, sondern auch Teams, F\u00fchrungskr\u00e4fte, Unternehmer und leitende F\u00fchrungskr\u00e4fte in ihrer Entwicklung unterst\u00fctzen.<\/p>\n\n\n\n<p class=\"wp-block-paragraph\"><strong>Pr\u00e4vention und nachhaltige Gesundheit: Wir <\/strong>blicken \u00fcber eine vor\u00fcbergehende Herausforderung hinaus. Das Ziel ist es, Menschen dabei zu unterst\u00fctzen, strukturell an ihrer Gesundheit und ihrer Entwicklung zu arbeiten. <\/p>\n\n\n\n<p class=\"wp-block-paragraph\"><strong>Integrierter Ansatz: Medizinische <\/strong>Betreuung, Lebensstilberatung, Personal Training und Hochleistungscoaching lassen sich in einem einzigen Programm vereinen.<\/p>\n\n\n\n<p class=\"wp-block-paragraph\"><strong>Flexibel f\u00fcr Arbeitgeber: Von <\/strong>einer einzelnen F\u00fchrungskraft bis hin zu einem Pilotprojekt f\u00fcr 10 Mitarbeiter, Teamcoaching oder einem umfassenderen Programm innerhalb des Unternehmens: Wir entwickeln ein Konzept, das genau auf Ihr Unternehmen zugeschnitten ist.<\/p>\n<\/div>\n\n\n\n<div class=\"wp-block-column has-base-color has-contrast-background-color has-text-color has-background has-link-color wp-elements-987c556d4af658e21b343bf6fda5bc85 is-layout-flow wp-block-column-is-layout-flow\" style=\"border-top-left-radius:20px;border-top-right-radius:20px;border-bottom-left-radius:20px;border-bottom-right-radius:20px;padding-top:var(--wp--preset--spacing--30);padding-right:var(--wp--preset--spacing--30);padding-bottom:var(--wp--preset--spacing--30);padding-left:var(--wp--preset--spacing--30)\">\n<h2 class=\"wp-block-heading has-base-color has-text-color has-link-color wp-elements-dc30fdfc3e2c85e9b211f203d51716de\" style=\"border-style:none;border-width:0px;border-top-left-radius:20px;border-top-right-radius:20px;border-bottom-left-radius:20px;border-bottom-right-radius:20px\">Ein Programm, das zu Ihrer Organisation passt<\/h2>\n\n\n\n<p class=\"wp-block-paragraph\">Jede Organisation ist anders. Deshalb schauen wir uns bei einem ersten Kennenlernen zun\u00e4chst an, was Sie erreichen m\u00f6chten. Wir besprechen beispielsweise:  <\/p>\n\n\n\n<ul class=\"wp-block-list\">\n<li>die Gr\u00f6\u00dfe Ihrer Organisation;<\/li>\n\n\n\n<li>die Zielgruppe;<\/li>\n\n\n\n<li>Ziele in Bezug auf Gesundheit und Vitalit\u00e4t;<\/li>\n\n\n\n<li>pers\u00f6nliche und berufliche Entwicklungsziele;<\/li>\n\n\n\n<li>die gew\u00fcnschte Teilnehmerzahl;<\/li>\n\n\n\n<li>die gew\u00fcnschte Laufzeit;<\/li>\n\n\n\n<li>medizinische Betreuung;<\/li>\n\n\n\n<li>Ern\u00e4hrung und Lebensweise;<\/li>\n\n\n\n<li>Personal Training;<\/li>\n\n\n\n<li>Coaching;<\/li>\n\n\n\n<li>Teamentwicklung;<\/li>\n\n\n\n<li>F\u00fchrungskr\u00e4fte-Coaching;<\/li>\n\n\n\n<li>gew\u00fcnschte Gesundheitsmessungen;<\/li>\n\n\n\n<li>etwaige \u201eExecutive Health &amp; Performance\u201c-Programme;<\/li>\n\n\n\n<li>Budget und Finanzierungsm\u00f6glichkeiten.<\/li>\n<\/ul>\n\n\n\n<p class=\"wp-block-paragraph\">Anschlie\u00dfend erarbeiten wir ein Angebot, das auf Ihre Organisation zugeschnitten ist. Dies kann von einem Arbeitgeberzuschuss f\u00fcr einzelne Mitarbeiter bis hin zu einem vollst\u00e4ndig finanzierten Programm f\u00fcr ein Team oder eine Organisation reichen. <\/p>\n\n\n\n<hr class=\"wp-block-separator has-alpha-channel-opacity\"\/>\n<\/div>\n<\/div>\n\n<div style=\"height:61px\" aria-hidden=\"true\" class=\"wp-block-spacer\"><\/div>\n\n<div class=\"wp-block-cover alignfull is-light wave\" style=\"margin-top:0;margin-bottom:0;padding-bottom:var(--wp--preset--spacing--30)\"><span aria-hidden=\"true\" class=\"wp-block-cover__background has-accent-background-color has-background-dim-100 has-background-dim\"><\/span><div class=\"wp-block-cover__inner-container has-global-padding is-layout-constrained wp-block-cover-is-layout-constrained\">\n<h2 class=\"wp-block-heading has-text-align-center\">In Ihre Mitarbeiter investieren?<\/h2>\n\n\n\n<p class=\"has-text-align-center wp-block-paragraph\">M\u00f6chten Sie als Arbeitgeber mehr in den Bereichen <strong>Gesundheit, Vitalit\u00e4t, Wohlbefinden, F\u00fchrung oder nachhaltige Besch\u00e4ftigungsf\u00e4higkeit<\/strong> tun? Aepril Clinics unterst\u00fctzt Unternehmen mit individuellen Gesundheits- und Leistungsprogrammen f\u00fcr Mitarbeiter, Teams und F\u00fchrungskr\u00e4fte. Das Angebot reicht von pr\u00e4ventiver Gesundheitsberatung und medizinischem Gewichtsmanagement bis hin zu Personal Training, High-Performance-Coaching und \u201eExecutive Health &amp; Performance\u201c.    <strong>Vereinbaren Sie ein unverbindliches Gespr\u00e4ch mit Aepril Clinics.<\/strong><\/p>\n\n\n\n<div class=\"wp-block-buttons is-content-justification-center is-layout-flex wp-container-core-buttons-is-layout-0aa01211 wp-block-buttons-is-layout-flex\">\n<div class=\"wp-block-button\"><a class=\"wp-block-button__link has-base-color has-accent-3-background-color has-text-color has-background has-link-color wp-element-button\" href=\"https:\/\/aeprilclinics.nl\/de\/kontakt\/\">Vereinbaren Sie ein unverbindliches Beratungsgespr\u00e4ch<\/a><\/div>\n<\/div>\n<\/div><\/div>\n\n<div style=\"height:78px\" aria-hidden=\"true\" class=\"wp-block-spacer\"><\/div>\n\n<style>.medical-review {\n        display: grid;\n        grid-template-columns: minmax(210px, 260px) minmax(0, 1fr);\n        gap: clamp(32px, 5vw, 72px);\n        align-items: start;\n        margin: 48px 0;\n        padding: clamp(32px, 5vw, 64px);\n        background: #f7f3ef;\n        border-radius: 32px;\n        color: #252321;\n    }\n\n    .medical-review__image {\n        width: 100%;\n        max-width: 260px;\n        margin: 0;\n    }\n\n    .medical-review__photo {\n        position: relative;\n        width: 100%;\n        aspect-ratio: 4 \/ 5;\n        overflow: hidden;\n        background: #eee9e4;\n        border-radius: 100px 100px 30px 30px;\n    }\n\n    .medical-review__photo img {\n        position: absolute !important;\n        inset: 0;\n        display: block !important;\n        width: 100% !important;\n        max-width: none !important;\n        height: 100% !important;\n        min-height: 100% !important;\n        margin: 0 !important;\n        padding: 0 !important;\n        object-fit: cover !important;\n        object-position: center 20% !important;\n        border: 0 !important;\n        border-radius: 0 !important;\n    }\n\n    .medical-review__identity {\n        display: block;\n        margin-top: 20px;\n    }\n\n    .medical-review__name {\n        display: block;\n        margin-bottom: 4px;\n        color: #252321;\n        font-size: 18px;\n        font-weight: 700;\n        line-height: 1.4;\n    }\n\n    .medical-review__role {\n        display: block;\n        color: #655f5a;\n        font-size: 15px;\n        line-height: 1.55;\n    }\n\n    .medical-review__quote {\n        position: relative;\n        margin: 26px 0 0;\n        padding: 0 0 0 18px;\n        color: #393633;\n        font-size: 17px;\n        font-style: italic;\n        line-height: 1.65;\n        border-left: 2px solid #d6bfa7;\n    }\n\n    .medical-review__quote cite {\n        display: block;\n        margin-top: 8px;\n        color: #77706a;\n        font-size: 13px;\n        font-style: normal;\n    }\n\n    .medical-review__content {\n        min-width: 0;\n    }\n\n    .medical-review__label {\n        display: inline-flex;\n        align-items: center;\n        margin-bottom: 18px;\n        padding: 8px 14px;\n        background: #d6bfa7;\n        color: #252321;\n        font-size: 14px;\n        font-weight: 700;\n        line-height: 1;\n        letter-spacing: 0.08em;\n        text-transform: uppercase;\n    }\n\n    .medical-review__content h2 {\n        margin: 0 0 24px;\n        color: #252321;\n        font-family: Georgia, \"Times New Roman\", serif;\n        font-size: clamp(34px, 4vw, 54px);\n        font-weight: 400;\n        line-height: 1.12;\n    }\n\n    .medical-review__content > p {\n        max-width: 1050px;\n        margin: 0 0 20px;\n        color: #2c2927;\n        font-size: 18px;\n        line-height: 1.75;\n    }\n\n    .medical-review a {\n        color: #94765f;\n        font-weight: 600;\n        text-decoration-thickness: 1px;\n        text-underline-offset: 3px;\n    }\n\n    .medical-review a:hover,\n    .medical-review a:focus-visible {\n        color: #6f5541;\n    }\n\n    .medical-review__specialisms {\n        margin-top: 28px;\n    }\n\n    .medical-review__specialisms-title {\n        display: block;\n        margin-bottom: 12px;\n        color: #252321;\n        font-size: 15px;\n        font-weight: 700;\n    }\n\n    .medical-review__specialisms-list {\n        display: flex;\n        flex-wrap: wrap;\n        gap: 10px;\n        margin: 0;\n        padding: 0;\n        list-style: none;\n    }\n\n    .medical-review__specialisms-list li {\n        margin: 0;\n        padding: 0;\n        list-style: none;\n    }\n\n    .medical-review__specialisms-list a {\n        display: inline-flex;\n        align-items: center;\n        justify-content: center;\n        padding: 9px 14px;\n        background: #eee4da;\n        border: 1px solid transparent;\n        border-radius: 999px;\n        color: #3b3734;\n        font-size: 14px;\n        font-weight: 600;\n        line-height: 1.2;\n        text-decoration: none;\n        transition:\n            background-color 0.2s ease,\n            border-color 0.2s ease,\n            color 0.2s ease,\n            transform 0.2s ease;\n    }\n\n    .medical-review__specialisms-list a:hover,\n    .medical-review__specialisms-list a:focus-visible {\n        background: #d6bfa7;\n        border-color: #c7aa8e;\n        color: #252321;\n        transform: translateY(-1px);\n    }\n\n    .medical-review__meta {\n        display: grid;\n        grid-template-columns: repeat(2, minmax(0, 1fr));\n        gap: 20px 40px;\n        margin-top: 34px;\n        padding-top: 30px;\n        border-top: 1px solid #ded7d0;\n    }\n\n    .medical-review__meta-item {\n        display: flex;\n        gap: 16px;\n        align-items: center;\n        min-width: 0;\n    }\n\n    .medical-review__meta-item p {\n        margin: 0;\n        color: #2c2927;\n        font-size: 16px;\n        line-height: 1.55;\n    }\n\n    .medical-review__icon {\n        display: inline-flex;\n        flex: 0 0 52px;\n        align-items: center;\n        justify-content: center;\n        width: 52px;\n        height: 52px;\n        background: #eee3d7;\n        border-radius: 50%;\n        color: #252321;\n    }\n\n    .medical-review__icon svg {\n        width: 24px;\n        height: 24px;\n        fill: none;\n        stroke: currentColor;\n        stroke-width: 1.8;\n        stroke-linecap: round;\n        stroke-linejoin: round;\n    }\n\n    .medical-review__links {\n        display: flex;\n        flex-wrap: wrap;\n        gap: 14px 28px;\n        align-items: center;\n        margin-top: 30px;\n    }\n\n    .medical-review__button {\n        display: inline-flex;\n        align-items: center;\n        justify-content: center;\n        min-height: 48px;\n        padding: 12px 20px;\n        background: #252321;\n        border: 1px solid #252321;\n        border-radius: 999px;\n        color: #ffffff !important;\n        font-size: 15px;\n        font-weight: 700;\n        line-height: 1.2;\n        text-align: center;\n        text-decoration: none !important;\n        transition:\n            background-color 0.2s ease,\n            color 0.2s ease;\n    }\n\n    .medical-review__button:hover,\n    .medical-review__button:focus-visible {\n        background: transparent;\n        color: #252321 !important;\n    }\n\n    .medical-review__text-link {\n        font-size: 15px;\n    }\n\n    @media (max-width: 900px) {\n        .medical-review {\n            grid-template-columns: 1fr;\n            gap: 36px;\n            border-radius: 24px;\n        }\n\n        .medical-review__image {\n            max-width: 240px;\n        }\n\n        .medical-review__content h2 {\n            font-size: clamp(32px, 7vw, 46px);\n        }\n    }\n\n    @media (max-width: 600px) {\n        .medical-review {\n            margin: 32px 0;\n            padding: 28px 22px;\n            border-radius: 22px;\n        }\n\n        .medical-review__image {\n            max-width: 220px;\n            margin-inline: auto;\n        }\n\n        .medical-review__content h2 {\n            margin-bottom: 20px;\n            font-size: 32px;\n            line-height: 1.16;\n        }\n\n        .medical-review__content > p {\n            font-size: 16px;\n            line-height: 1.7;\n        }\n\n        .medical-review__specialisms-list {\n            gap: 8px;\n        }\n\n        .medical-review__specialisms-list a {\n            padding: 8px 12px;\n            font-size: 13px;\n        }\n\n        .medical-review__meta {\n            grid-template-columns: 1fr;\n            gap: 20px;\n        }\n\n        .medical-review__links {\n            flex-direction: column;\n            align-items: stretch;\n        }\n\n        .medical-review__button {\n            width: 100%;\n        }\n\n        .medical-review__text-link {\n            display: inline-block;\n        }\n    }\n<\/style><aside class=\"medical-review\" aria-labelledby=\"medical-review-title\"><figure class=\"medical-review__image\"><div class=\"medical-review__photo\"><img decoding=\"async\" src=\"https:\/\/aeprilclinics.nl\/wp-content\/uploads\/2026\/07\/BN4A8634-scaled-1.jpg\" alt=\"Drs. Elnaz Alagha, BIG-geregistreerd cosmetisch arts en medisch directrice van Aepril Clinics\" loading=\"lazy\"\/><\/div><figcaption class=\"medical-review__identity\"><span class=\"medical-review__name\">drs. Elnaz Alagha\n            <\/span><span class=\"medical-review__role\">BIG-geregistreerd cosmetisch arts<br\/>Eigenaresse en medisch directrice\n            <\/span><\/figcaption><blockquote class=\"medical-review__quote\">\u201cSoms is geen behandeling de beste behandeling.\u201d\n            <cite>\u2014 drs. Elnaz Alagha<\/cite><\/blockquote><\/figure><div class=\"medical-review__content\"><span class=\"medical-review__label\">Medisch gecontroleerd\n        <\/span><h2 id=\"medical-review-title\">Medisch gecontroleerd door drs. Elnaz Alagha\n        <\/h2><p>De medische informatie op deze pagina is gecontroleerd door\n            <a href=\"https:\/\/aeprilclinics.nl\/de\/doktor-elnaz-alagha\/\">drs. Elnaz Alagha\n            <\/a>,\n            BIG-geregistreerd cosmetisch arts, eigenaresse en medisch\n            directrice van Aepril Cosmetic Clinics.\n        <\/p><p>Drs. Elnaz Alagha beoordeelt de informatie op deze pagina op\n            medische juistheid, actualiteit en wetenschappelijke onderbouwing.\n            De inhoud wordt periodiek herzien aan de hand van relevante\n            medische inzichten en geldende kwaliteitskaders binnen de\n            cosmetische geneeskunde.\n        <\/p><div class=\"medical-review__specialisms\"><span class=\"medical-review__specialisms-title\">Specialisaties\n            <\/span><ul class=\"medical-review__specialisms-list\"><li><a href=\"https:\/\/aeprilclinics.nl\/de\/botox\/\">Botulinetoxine\n                    <\/a><\/li><li><a href=\"https:\/\/aeprilclinics.nl\/de\/fuellstoffe-2\/\">Fillers\n                    <\/a><\/li><li><a href=\"https:\/\/aeprilclinics.nl\/de\/verbesserung-der-haut\/\">Skinboosters\n                    <\/a><\/li><li><a href=\"https:\/\/aeprilclinics.nl\/de\/verbesserung-der-haut\/\">Biostimulatoren\n                    <\/a><\/li><li><a href=\"https:\/\/aeprilclinics.nl\/de\/medizinische-gewichtsabnahme-mit-injektionen\/\">Medisch afvallen\n                    <\/a><\/li><\/ul><\/div><div class=\"medical-review__meta\"><div class=\"medical-review__meta-item\"><span class=\"medical-review__icon\" aria-hidden=\"true\"><svg viewbox=\"0 0 24 24\"><rect x=\"3\" y=\"5\" width=\"18\" height=\"16\" rx=\"2\"><\/rect><path d=\"M8 3v4\"><\/path><path d=\"M16 3v4\"><\/path><path d=\"M3 10h18\"><\/path><path d=\"M8 14h3v3H8z\"><\/path><\/svg><\/span><p><strong>Laatst medisch beoordeeld:<\/strong><br\/><time datetime=\"2026-07-26\">26 juli 2026\n                    <\/time><\/p><\/div><div class=\"medical-review__meta-item\"><span class=\"medical-review__icon\" aria-hidden=\"true\"><svg viewbox=\"0 0 24 24\"><path d=\"M12 3l7 3v5c0 4.8-2.9 8.7-7 10-4.1-1.3-7-5.2-7-10V6l7-3z\"><\/path><path d=\"M9 12l2 2 4-5\"><\/path><\/svg><\/span><p><strong>BIG-nummer:<\/strong><br\/>09932325201\n                <\/p><\/div><\/div><nav class=\"medical-review__links\" aria-label=\"Informatie over de medisch reviewer\"><a class=\"medical-review__button\" href=\"https:\/\/aeprilclinics.nl\/de\/doktor-elnaz-alagha\/\">Bekijk het profiel van drs. Elnaz Alagha\n            <\/a><a class=\"medical-review__text-link\" href=\"https:\/\/zoeken.bigregister.nl\/zorgverlener\/f35d0627-bb20-405c-8b19-e61f66d43c35\" target=\"_blank\" rel=\"noopener noreferrer\">Controleer de BIG-registratie\n            <\/a><a class=\"medical-review__text-link\" href=\"https:\/\/aeprilclinics.nl\/de\/medizinische-informationen\/\">Lees onze medische kwaliteitskaders\n            <\/a><\/nav><\/div><\/aside>\n","protected":false},"excerpt":{"rendered":"<p>aepril-Kliniken f\u00fcr Unternehmen Programm f\u00fcr Langlebigkeit, Gesundheit und Vitalit\u00e4t f\u00fcr Mitarbeiter Aepril Clinics unterst\u00fctzt Unternehmen und Organisationen, die in die Gesundheit, Vitalit\u00e4t, das Wohlbefinden und die nachhaltige Besch\u00e4ftigungsf\u00e4higkeit ihrer Mitarbeiter investieren m\u00f6chten. Unser Ansatz geht \u00fcber herk\u00f6mmliche betriebliche Fitnessma\u00dfnahmen oder&#8230;<\/p>\n","protected":false},"author":14,"featured_media":6429,"parent":0,"menu_order":0,"comment_status":"closed","ping_status":"closed","template":"","meta":{"_acf_changed":false,"footnotes":""},"class_list":["post-19155","page","type-page","status-publish","has-post-thumbnail","hentry"],"acf":[],"yoast_head":"<!-- This site is optimized with the Yoast SEO plugin v28.2 - https:\/\/yoast.com\/product\/yoast-seo-wordpress\/ -->\n<title>Vitalit\u00e4tsprogramm f\u00fcr Mitarbeiter | Aepril Longevity<\/title>\n<meta name=\"description\" content=\"Individuelle Gesundheits- und Vitalit\u00e4tsprogramme f\u00fcr Mitarbeiter: medizinische Betreuung, Lebensstilberatung und Personal Training in einem Programm.\" \/>\n<meta name=\"robots\" content=\"index, follow, max-snippet:-1, max-image-preview:large, max-video-preview:-1\" \/>\n<link rel=\"canonical\" href=\"https:\/\/aeprilclinics.nl\/de\/longevity-gesundheit-vitalitaet-und-wohlbefinden-fuer-mitarbeiter\/\" \/>\n<meta property=\"og:locale\" content=\"de_DE\" \/>\n<meta property=\"og:type\" content=\"article\" \/>\n<meta property=\"og:title\" content=\"Vitalit\u00e4tsprogramm f\u00fcr Mitarbeiter | Aepril Longevity\" \/>\n<meta property=\"og:description\" content=\"Individuelle Gesundheits- und Vitalit\u00e4tsprogramme f\u00fcr Mitarbeiter: medizinische Betreuung, Lebensstilberatung und Personal Training in einem Programm.\" \/>\n<meta property=\"og:url\" content=\"https:\/\/aeprilclinics.nl\/de\/longevity-gesundheit-vitalitaet-und-wohlbefinden-fuer-mitarbeiter\/\" \/>\n<meta property=\"og:site_name\" content=\"Aepril\" \/>\n<meta property=\"article:modified_time\" content=\"2026-08-30T16:21:24+00:00\" \/>\n<meta property=\"og:image\" content=\"https:\/\/aeprilclinics.nl\/wp-content\/uploads\/2025\/02\/aesthe-clinics-Final-07.png\" \/>\n\t<meta property=\"og:image:width\" content=\"6667\" \/>\n\t<meta property=\"og:image:height\" content=\"5001\" \/>\n\t<meta property=\"og:image:type\" content=\"image\/png\" \/>\n<meta name=\"twitter:card\" content=\"summary_large_image\" \/>\n<meta name=\"twitter:label1\" content=\"Gesch\u00e4tzte Lesezeit\" \/>\n\t<meta name=\"twitter:data1\" content=\"8\u00a0Minuten\" \/>\n<script type=\"application\/ld+json\" class=\"yoast-schema-graph\">{\"@context\":\"https:\\\/\\\/schema.org\",\"@graph\":[{\"@type\":\"WebPage\",\"@id\":\"https:\\\/\\\/aeprilclinics.nl\\\/de\\\/longevity-gesundheit-vitalitaet-und-wohlbefinden-fuer-mitarbeiter\\\/\",\"url\":\"https:\\\/\\\/aeprilclinics.nl\\\/de\\\/longevity-gesundheit-vitalitaet-und-wohlbefinden-fuer-mitarbeiter\\\/\",\"name\":\"Vitalit\u00e4tsprogramm f\u00fcr Mitarbeiter | Aepril Longevity\",\"isPartOf\":{\"@id\":\"https:\\\/\\\/aeprilclinics.nl\\\/de\\\/#website\"},\"primaryImageOfPage\":{\"@id\":\"https:\\\/\\\/aeprilclinics.nl\\\/de\\\/longevity-gesundheit-vitalitaet-und-wohlbefinden-fuer-mitarbeiter\\\/#primaryimage\"},\"image\":{\"@id\":\"https:\\\/\\\/aeprilclinics.nl\\\/de\\\/longevity-gesundheit-vitalitaet-und-wohlbefinden-fuer-mitarbeiter\\\/#primaryimage\"},\"thumbnailUrl\":\"https:\\\/\\\/aeprilclinics.nl\\\/wp-content\\\/uploads\\\/2025\\\/02\\\/aesthe-clinics-Final-07.png\",\"datePublished\":\"2026-08-29T12:48:38+00:00\",\"dateModified\":\"2026-08-30T16:21:24+00:00\",\"description\":\"Individuelle Gesundheits- und Vitalit\u00e4tsprogramme f\u00fcr Mitarbeiter: medizinische Betreuung, Lebensstilberatung und Personal Training in einem Programm.\",\"breadcrumb\":{\"@id\":\"https:\\\/\\\/aeprilclinics.nl\\\/de\\\/longevity-gesundheit-vitalitaet-und-wohlbefinden-fuer-mitarbeiter\\\/#breadcrumb\"},\"inLanguage\":\"de\",\"potentialAction\":[{\"@type\":\"ReadAction\",\"target\":[\"https:\\\/\\\/aeprilclinics.nl\\\/de\\\/longevity-gesundheit-vitalitaet-und-wohlbefinden-fuer-mitarbeiter\\\/\"]}]},{\"@type\":\"ImageObject\",\"inLanguage\":\"de\",\"@id\":\"https:\\\/\\\/aeprilclinics.nl\\\/de\\\/longevity-gesundheit-vitalitaet-und-wohlbefinden-fuer-mitarbeiter\\\/#primaryimage\",\"url\":\"https:\\\/\\\/aeprilclinics.nl\\\/wp-content\\\/uploads\\\/2025\\\/02\\\/aesthe-clinics-Final-07.png\",\"contentUrl\":\"https:\\\/\\\/aeprilclinics.nl\\\/wp-content\\\/uploads\\\/2025\\\/02\\\/aesthe-clinics-Final-07.png\",\"width\":6667,\"height\":5001},{\"@type\":\"BreadcrumbList\",\"@id\":\"https:\\\/\\\/aeprilclinics.nl\\\/de\\\/longevity-gesundheit-vitalitaet-und-wohlbefinden-fuer-mitarbeiter\\\/#breadcrumb\",\"itemListElement\":[{\"@type\":\"ListItem\",\"position\":1,\"name\":\"Home\",\"item\":\"https:\\\/\\\/aeprilclinics.nl\\\/de\\\/\"},{\"@type\":\"ListItem\",\"position\":2,\"name\":\"Longevity: Vitalit\u00e4tsprogramm f\u00fcr Mitarbeiter\"}]},{\"@type\":\"WebSite\",\"@id\":\"https:\\\/\\\/aeprilclinics.nl\\\/de\\\/#website\",\"url\":\"https:\\\/\\\/aeprilclinics.nl\\\/de\\\/\",\"name\":\"Aepril\",\"description\":\"\",\"potentialAction\":[{\"@type\":\"SearchAction\",\"target\":{\"@type\":\"EntryPoint\",\"urlTemplate\":\"https:\\\/\\\/aeprilclinics.nl\\\/de\\\/?s={search_term_string}\"},\"query-input\":{\"@type\":\"PropertyValueSpecification\",\"valueRequired\":true,\"valueName\":\"search_term_string\"}}],\"inLanguage\":\"de\"}]}<\/script>\n<!-- \/ Yoast SEO plugin. -->","yoast_head_json":{"title":"Vitalit\u00e4tsprogramm f\u00fcr Mitarbeiter | Aepril Longevity","description":"Individuelle Gesundheits- und Vitalit\u00e4tsprogramme f\u00fcr Mitarbeiter: medizinische Betreuung, Lebensstilberatung und Personal Training in einem Programm.","robots":{"index":"index","follow":"follow","max-snippet":"max-snippet:-1","max-image-preview":"max-image-preview:large","max-video-preview":"max-video-preview:-1"},"canonical":"https:\/\/aeprilclinics.nl\/de\/longevity-gesundheit-vitalitaet-und-wohlbefinden-fuer-mitarbeiter\/","og_locale":"de_DE","og_type":"article","og_title":"Vitalit\u00e4tsprogramm f\u00fcr Mitarbeiter | Aepril Longevity","og_description":"Individuelle Gesundheits- und Vitalit\u00e4tsprogramme f\u00fcr Mitarbeiter: medizinische Betreuung, Lebensstilberatung und Personal Training in einem Programm.","og_url":"https:\/\/aeprilclinics.nl\/de\/longevity-gesundheit-vitalitaet-und-wohlbefinden-fuer-mitarbeiter\/","og_site_name":"Aepril","article_modified_time":"2026-08-30T16:21:24+00:00","og_image":[{"width":6667,"height":5001,"url":"https:\/\/aeprilclinics.nl\/wp-content\/uploads\/2025\/02\/aesthe-clinics-Final-07.png","type":"image\/png"}],"twitter_card":"summary_large_image","twitter_misc":{"Gesch\u00e4tzte Lesezeit":"8\u00a0Minuten"},"schema":{"@context":"https:\/\/schema.org","@graph":[{"@type":"WebPage","@id":"https:\/\/aeprilclinics.nl\/de\/longevity-gesundheit-vitalitaet-und-wohlbefinden-fuer-mitarbeiter\/","url":"https:\/\/aeprilclinics.nl\/de\/longevity-gesundheit-vitalitaet-und-wohlbefinden-fuer-mitarbeiter\/","name":"Vitalit\u00e4tsprogramm f\u00fcr Mitarbeiter | Aepril Longevity","isPartOf":{"@id":"https:\/\/aeprilclinics.nl\/de\/#website"},"primaryImageOfPage":{"@id":"https:\/\/aeprilclinics.nl\/de\/longevity-gesundheit-vitalitaet-und-wohlbefinden-fuer-mitarbeiter\/#primaryimage"},"image":{"@id":"https:\/\/aeprilclinics.nl\/de\/longevity-gesundheit-vitalitaet-und-wohlbefinden-fuer-mitarbeiter\/#primaryimage"},"thumbnailUrl":"https:\/\/aeprilclinics.nl\/wp-content\/uploads\/2025\/02\/aesthe-clinics-Final-07.png","datePublished":"2026-08-29T12:48:38+00:00","dateModified":"2026-08-30T16:21:24+00:00","description":"Individuelle Gesundheits- und Vitalit\u00e4tsprogramme f\u00fcr Mitarbeiter: medizinische Betreuung, Lebensstilberatung und Personal Training in einem Programm.","breadcrumb":{"@id":"https:\/\/aeprilclinics.nl\/de\/longevity-gesundheit-vitalitaet-und-wohlbefinden-fuer-mitarbeiter\/#breadcrumb"},"inLanguage":"de","potentialAction":[{"@type":"ReadAction","target":["https:\/\/aeprilclinics.nl\/de\/longevity-gesundheit-vitalitaet-und-wohlbefinden-fuer-mitarbeiter\/"]}]},{"@type":"ImageObject","inLanguage":"de","@id":"https:\/\/aeprilclinics.nl\/de\/longevity-gesundheit-vitalitaet-und-wohlbefinden-fuer-mitarbeiter\/#primaryimage","url":"https:\/\/aeprilclinics.nl\/wp-content\/uploads\/2025\/02\/aesthe-clinics-Final-07.png","contentUrl":"https:\/\/aeprilclinics.nl\/wp-content\/uploads\/2025\/02\/aesthe-clinics-Final-07.png","width":6667,"height":5001},{"@type":"BreadcrumbList","@id":"https:\/\/aeprilclinics.nl\/de\/longevity-gesundheit-vitalitaet-und-wohlbefinden-fuer-mitarbeiter\/#breadcrumb","itemListElement":[{"@type":"ListItem","position":1,"name":"Home","item":"https:\/\/aeprilclinics.nl\/de\/"},{"@type":"ListItem","position":2,"name":"Longevity: Vitalit\u00e4tsprogramm f\u00fcr Mitarbeiter"}]},{"@type":"WebSite","@id":"https:\/\/aeprilclinics.nl\/de\/#website","url":"https:\/\/aeprilclinics.nl\/de\/","name":"Aepril","description":"","potentialAction":[{"@type":"SearchAction","target":{"@type":"EntryPoint","urlTemplate":"https:\/\/aeprilclinics.nl\/de\/?s={search_term_string}"},"query-input":{"@type":"PropertyValueSpecification","valueRequired":true,"valueName":"search_term_string"}}],"inLanguage":"de"}]}},"_links":{"self":[{"href":"https:\/\/aeprilclinics.nl\/de\/wp-json\/wp\/v2\/pages\/19155","targetHints":{"allow":["GET"]}}],"collection":[{"href":"https:\/\/aeprilclinics.nl\/de\/wp-json\/wp\/v2\/pages"}],"about":[{"href":"https:\/\/aeprilclinics.nl\/de\/wp-json\/wp\/v2\/types\/page"}],"author":[{"embeddable":true,"href":"https:\/\/aeprilclinics.nl\/de\/wp-json\/wp\/v2\/users\/14"}],"replies":[{"embeddable":true,"href":"https:\/\/aeprilclinics.nl\/de\/wp-json\/wp\/v2\/comments?post=19155"}],"version-history":[{"count":3,"href":"https:\/\/aeprilclinics.nl\/de\/wp-json\/wp\/v2\/pages\/19155\/revisions"}],"predecessor-version":[{"id":19203,"href":"https:\/\/aeprilclinics.nl\/de\/wp-json\/wp\/v2\/pages\/19155\/revisions\/19203"}],"wp:featuredmedia":[{"embeddable":true,"href":"https:\/\/aeprilclinics.nl\/de\/wp-json\/wp\/v2\/media\/6429"}],"wp:attachment":[{"href":"https:\/\/aeprilclinics.nl\/de\/wp-json\/wp\/v2\/media?parent=19155"}],"curies":[{"name":"wp","href":"https:\/\/api.w.org\/{rel}","templated":true}]}}